{"id":696,"date":"2019-04-01T16:46:13","date_gmt":"2019-04-01T14:46:13","guid":{"rendered":"https:\/\/www.wbtoitconcept.fr\/?page_id=696"},"modified":"2025-05-02T18:51:19","modified_gmt":"2025-05-02T16:51:19","slug":"installation-replacement-de-velux-fenetre-de-toit-perpignan","status":"publish","type":"page","link":"https:\/\/www.wbtoitconcept.fr\/installation-replacement-de-velux-fenetre-de-toit-perpignan\/","title":{"rendered":"Installation de velux"},"content":{"rendered":"\n<style type=\"text\/css\" data-created_by=\"avia_inline_auto\" id=\"style-css-av-jkjmqted-069212240244eac08a55baa104740de3\">\n.avia-section.av-jkjmqted-069212240244eac08a55baa104740de3{\nbackground-repeat:no-repeat;\nbackground-image:url(https:\/\/www.wbtoitconcept.fr\/wp-content\/uploads\/2024\/03\/IMG_3201-773x1030.jpg);\nbackground-position:50% 50%;\nbackground-attachment:fixed;\n}\n<\/style>\n<div id='av_section_1'  class='avia-section av-jkjmqted-069212240244eac08a55baa104740de3 header_color avia-section-no-padding avia-no-shadow  avia-builder-el-0  el_before_av_section  avia-builder-el-first  avia-full-stretch avia-bg-style-fixed av-minimum-height av-minimum-height-50  container_wrap fullsize'  data-section-bg-repeat='stretch' data-av_minimum_height_pc='50'><div class='container av-section-cont-open' ><main  role=\"main\" itemprop=\"mainContentOfPage\"  class='template-page content  av-content-full alpha units'><div class='post-entry post-entry-type-page post-entry-696'><div class='entry-content-wrapper clearfix'>\n\n<style type=\"text\/css\" data-created_by=\"avia_inline_auto\" id=\"style-css-av-lxha50gt-90b3fede44235a2530696ecaa5aa7d49\">\n.flex_column.av-lxha50gt-90b3fede44235a2530696ecaa5aa7d49{\nbackground-color:rgba(10,10,10,0.7);\n}\n<\/style>\n<div class='flex_column av-lxha50gt-90b3fede44235a2530696ecaa5aa7d49 av_one_full  avia-builder-el-1  avia-builder-el-no-sibling  first flex_column_div '     ><p>\n<style type=\"text\/css\" data-created_by=\"avia_inline_auto\" id=\"style-css-av-lxha26cc-5dc59d830d78ca285c91dd4adde80ce2\">\n#top .av-special-heading.av-lxha26cc-5dc59d830d78ca285c91dd4adde80ce2{\npadding-bottom:10px;\ncolor:#ffffff;\nfont-size:50px;\n}\nbody .av-special-heading.av-lxha26cc-5dc59d830d78ca285c91dd4adde80ce2 .av-special-heading-tag .heading-char{\nfont-size:25px;\n}\n#top #wrap_all .av-special-heading.av-lxha26cc-5dc59d830d78ca285c91dd4adde80ce2 .av-special-heading-tag{\nfont-size:50px;\n}\n.av-special-heading.av-lxha26cc-5dc59d830d78ca285c91dd4adde80ce2 .special-heading-inner-border{\nborder-color:#ffffff;\n}\n.av-special-heading.av-lxha26cc-5dc59d830d78ca285c91dd4adde80ce2 .av-subheading{\nfont-size:15px;\n}\n\n@media only screen and (min-width: 480px) and (max-width: 767px){ \n#top #wrap_all .av-special-heading.av-lxha26cc-5dc59d830d78ca285c91dd4adde80ce2 .av-special-heading-tag{\nfont-size:0.8em;\n}\n}\n\n@media only screen and (max-width: 479px){ \n#top #wrap_all .av-special-heading.av-lxha26cc-5dc59d830d78ca285c91dd4adde80ce2 .av-special-heading-tag{\nfont-size:0.8em;\n}\n}\n<\/style>\n<div  class='av-special-heading av-lxha26cc-5dc59d830d78ca285c91dd4adde80ce2 av-special-heading-h1 custom-color-heading blockquote modern-quote modern-centered  avia-builder-el-2  el_before_av_hr  avia-builder-el-first  av-inherit-size'><h1 class='av-special-heading-tag'  itemprop=\"headline\"  >\ud83e\ude9f Installation et Remplacement de Fen\u00eatres de Toit Velux \u00e0 Perpignan \u2013 WB Toit Concept<\/h1><div class=\"special-heading-border\"><div class=\"special-heading-inner-border\"><\/div><\/div><\/div><br \/>\n<div  class='hr av-csx4o-d9d395ab43923742cfe7308fddcef5b4 hr-default  avia-builder-el-3  el_after_av_heading  el_before_av_textblock '><span class='hr-inner '><span class=\"hr-inner-style\"><\/span><\/span><\/div><br \/>\n<section  class='av_textblock_section av-b8gq0-b5d3132e53d6935e050759425952e617'  itemscope=\"itemscope\" itemtype=\"https:\/\/schema.org\/CreativeWork\" ><div class='avia_textblock'  itemprop=\"text\" ><p style=\"text-align: center;\"><span style=\"color: #ffffff;\"><a style=\"color: #ffffff;\" href=\"tel:0614046465\">WBTOITCONCEPT est votre sp\u00e9cialiste de <strong data-start=\"877\" data-end=\"916\">l\u2019installation de Velux \u00e0 Perpignan<\/strong>, pour des combles lumineux et bien isol\u00e9s.<\/a><\/span><\/p>\n<p style=\"text-align: center;\"><span style=\"color: #ffffff;\"><a style=\"color: #ffffff;\" href=\"tel:0614046465\">06 14 04 64 65<\/a> \/ <a style=\"color: #ffffff;\" href=\"https:\/\/www.wbtoitconcept.fr\/contact\/\">04 68 34 06 14<\/a><\/span><\/p>\n<\/div><\/section><\/p><\/div>\n\n<\/div><\/div><\/main><!-- close content main element --><\/div><\/div>\n<style type=\"text\/css\" data-created_by=\"avia_inline_auto\" id=\"style-css-av-gbkjk-166946574a073c696a3a9651b8eba8af\">\n.avia-section.av-gbkjk-166946574a073c696a3a9651b8eba8af{\nbackground-color:#f7f7f7;\nbackground-image:unset;\n}\n<\/style>\n<div id='av_section_2'  class='avia-section av-gbkjk-166946574a073c696a3a9651b8eba8af main_color avia-section-large avia-no-border-styling  avia-builder-el-5  el_after_av_section  el_before_av_section  avia-bg-style-scroll container_wrap fullsize'  ><div class='container av-section-cont-open' ><div class='template-page content  av-content-full alpha units'><div class='post-entry post-entry-type-page post-entry-696'><div class='entry-content-wrapper clearfix'>\n<div class='flex_column_table av-4df3yw-51bf70954aa68762bf1d01db63cdaf57 sc-av_one_half av-equal-height-column-flextable'>\n<style type=\"text\/css\" data-created_by=\"avia_inline_auto\" id=\"style-css-av-4df3yw-51bf70954aa68762bf1d01db63cdaf57\">\n.flex_column.av-4df3yw-51bf70954aa68762bf1d01db63cdaf57{\nborder-width:2px;\nborder-color:#c4c4c4;\nborder-style:solid;\npadding:3% 3% 3% 3%;\n}\n<\/style>\n<div class='flex_column av-4df3yw-51bf70954aa68762bf1d01db63cdaf57 av_one_half  avia-builder-el-6  el_before_av_one_half  avia-builder-el-first  first flex_column_table_cell av-equal-height-column av-align-middle '     ><section  class='av_textblock_section av-lmb21wb5-cd381e81864645ea6ab2799416ee73e7'  itemscope=\"itemscope\" itemtype=\"https:\/\/schema.org\/CreativeWork\" ><div class='avia_textblock'  itemprop=\"text\" ><h3 class=\"\" data-start=\"444\" data-end=\"521\">\ud83c\udf1e <em data-start=\"1682\" data-end=\"1753\">Installation de Velux : apportez Lumi\u00e8re et Confort \u00e0 Votre Int\u00e9rieur<\/em><\/h3>\n<p class=\"\" data-start=\"523\" data-end=\"680\"><span class=\"relative -mx-px my-&#091;-0.2rem&#093; rounded-sm px-px py-&#091;0.2rem&#093;\">Vous souhaitez illuminer vos combles ou pi\u00e8ces sous toiture\u202f?<\/span> <span class=\"relative -mx-px my-&#091;-0.2rem&#093; rounded-sm px-px py-&#091;0.2rem&#093;\">Chez <strong data-start=\"5\" data-end=\"24\">WB Toit Concept<\/strong>, artisans couvreurs bas\u00e9s \u00e0 Perpignan, nous sommes sp\u00e9cialis\u00e9s dans l&rsquo;<strong data-start=\"95\" data-end=\"111\">installation<\/strong> et le <strong data-start=\"118\" data-end=\"134\">remplacement<\/strong> de fen\u00eatres de toit <strong data-start=\"155\" data-end=\"164\">Velux<\/strong>.<\/span> <span class=\"relative -mx-px my-&#091;-0.2rem&#093; rounded-sm px-px py-&#091;0.2rem&#093;\">Notre objectif : transformer vos espaces en vous offrant plus de <strong data-start=\"65\" data-end=\"86\">lumi\u00e8re naturelle<\/strong>, une meilleure <strong data-start=\"102\" data-end=\"117\">ventilation<\/strong>, et une <strong data-start=\"126\" data-end=\"161\">isolation thermique et phonique<\/strong> optimis\u00e9e.<\/span>\u200b<\/p>\n<\/div><\/section><\/div><div class='av-flex-placeholder'><\/div><div class='flex_column av-fasgw-e0ee7998555d5fe37cf13875e120852f av_one_half  avia-builder-el-8  el_after_av_one_half  el_before_av_hr  flex_column_table_cell av-equal-height-column av-align-middle '     ><style type=\"text\/css\" data-created_by=\"avia_inline_auto\" id=\"style-css-av-lmb22mdm-bd0a6895700b8ef2b858390697f75451\">\n.avia-image-container.av-lmb22mdm-bd0a6895700b8ef2b858390697f75451 img.avia_image{\nbox-shadow:none;\n}\n.avia-image-container.av-lmb22mdm-bd0a6895700b8ef2b858390697f75451 .av-image-caption-overlay-center{\ncolor:#ffffff;\n}\n<\/style>\n<div  class='avia-image-container av-lmb22mdm-bd0a6895700b8ef2b858390697f75451 av-styling- avia-align-center  avia-builder-el-9  avia-builder-el-no-sibling '   itemprop=\"image\" itemscope=\"itemscope\" itemtype=\"https:\/\/schema.org\/ImageObject\" ><div class=\"avia-image-container-inner\"><div class=\"avia-image-overlay-wrap\"><img decoding=\"async\" class='wp-image-1692 avia-img-lazy-loading-not-1692 avia_image ' src=\"https:\/\/www.wbtoitconcept.fr\/wp-content\/uploads\/2024\/03\/IMG_2922-scaled.jpg\" alt='Remplacement de verri\u00e8re avec installation de fen\u00eatre de toit, Velux et habillage sur-mesure zinc' title='Installation de fen\u00eatre de toit, Velux  wb toit concep'  height=\"2560\" width=\"1920\"  itemprop=\"thumbnailUrl\" srcset=\"https:\/\/www.wbtoitconcept.fr\/wp-content\/uploads\/2024\/03\/IMG_2922-scaled.jpg 1920w, https:\/\/www.wbtoitconcept.fr\/wp-content\/uploads\/2024\/03\/IMG_2922-225x300.jpg 225w, https:\/\/www.wbtoitconcept.fr\/wp-content\/uploads\/2024\/03\/IMG_2922-773x1030.jpg 773w, https:\/\/www.wbtoitconcept.fr\/wp-content\/uploads\/2024\/03\/IMG_2922-768x1024.jpg 768w, https:\/\/www.wbtoitconcept.fr\/wp-content\/uploads\/2024\/03\/IMG_2922-1152x1536.jpg 1152w, https:\/\/www.wbtoitconcept.fr\/wp-content\/uploads\/2024\/03\/IMG_2922-1536x2048.jpg 1536w, https:\/\/www.wbtoitconcept.fr\/wp-content\/uploads\/2024\/03\/IMG_2922-1125x1500.jpg 1125w, https:\/\/www.wbtoitconcept.fr\/wp-content\/uploads\/2024\/03\/IMG_2922-529x705.jpg 529w\" sizes=\"(max-width: 1920px) 100vw, 1920px\" \/><\/div><\/div><\/div><\/div><\/div><!--close column table wrapper. Autoclose: 1 -->\n<style type=\"text\/css\" data-created_by=\"avia_inline_auto\" id=\"style-css-av-40w4mo-6f7b060edf41e0bb9682d1da9a7af266\">\n#top .hr.hr-invisible.av-40w4mo-6f7b060edf41e0bb9682d1da9a7af266{\nheight:50px;\n}\n<\/style>\n<div  class='hr av-40w4mo-6f7b060edf41e0bb9682d1da9a7af266 hr-invisible  avia-builder-el-10  el_after_av_one_half  el_before_av_two_fifth '><span class='hr-inner '><span class=\"hr-inner-style\"><\/span><\/span><\/div>\n<div class='flex_column_table av-3x76d4-c42f33e8be65921761ae27b0fd024b38 sc-av_two_fifth av-equal-height-column-flextable'><div class='flex_column av-3x76d4-c42f33e8be65921761ae27b0fd024b38 av_two_fifth  avia-builder-el-11  el_after_av_hr  el_before_av_three_fifth  first flex_column_table_cell av-equal-height-column av-align-middle '     ><p>\n<style type=\"text\/css\" data-created_by=\"avia_inline_auto\" id=\"style-css-av-lmb22wqf-670ff7854414599f4e3f0f3792a9fe3d\">\n.avia-image-container.av-lmb22wqf-670ff7854414599f4e3f0f3792a9fe3d img.avia_image{\nbox-shadow:none;\n}\n.avia-image-container.av-lmb22wqf-670ff7854414599f4e3f0f3792a9fe3d .av-image-caption-overlay-center{\ncolor:#ffffff;\n}\n<\/style>\n<div  class='avia-image-container av-lmb22wqf-670ff7854414599f4e3f0f3792a9fe3d av-styling- avia-align-center  avia-builder-el-12  el_before_av_image  avia-builder-el-first '   itemprop=\"image\" itemscope=\"itemscope\" itemtype=\"https:\/\/schema.org\/ImageObject\" ><div class=\"avia-image-container-inner\"><div class=\"avia-image-overlay-wrap\"><img decoding=\"async\" class='wp-image-1234 avia-img-lazy-loading-not-1234 avia_image ' src=\"https:\/\/www.wbtoitconcept.fr\/wp-content\/uploads\/2021\/09\/Pose-de-Velux-en-creation-WB-toit-concept-scaled.jpeg\" alt='Remplacement de toiture avec installation de fen\u00eatre de toit Velux ,dans toute la r\u00e9gion de Perpignan' title='Remplacement de toiture dans toute la r\u00e9gion de Perpignan'  height=\"1920\" width=\"2560\"  itemprop=\"thumbnailUrl\" srcset=\"https:\/\/www.wbtoitconcept.fr\/wp-content\/uploads\/2021\/09\/Pose-de-Velux-en-creation-WB-toit-concept-scaled.jpeg 2560w, https:\/\/www.wbtoitconcept.fr\/wp-content\/uploads\/2021\/09\/Pose-de-Velux-en-creation-WB-toit-concept-300x225.jpeg 300w, https:\/\/www.wbtoitconcept.fr\/wp-content\/uploads\/2021\/09\/Pose-de-Velux-en-creation-WB-toit-concept-1030x773.jpeg 1030w, https:\/\/www.wbtoitconcept.fr\/wp-content\/uploads\/2021\/09\/Pose-de-Velux-en-creation-WB-toit-concept-768x576.jpeg 768w, https:\/\/www.wbtoitconcept.fr\/wp-content\/uploads\/2021\/09\/Pose-de-Velux-en-creation-WB-toit-concept-1536x1152.jpeg 1536w, https:\/\/www.wbtoitconcept.fr\/wp-content\/uploads\/2021\/09\/Pose-de-Velux-en-creation-WB-toit-concept-2048x1536.jpeg 2048w, https:\/\/www.wbtoitconcept.fr\/wp-content\/uploads\/2021\/09\/Pose-de-Velux-en-creation-WB-toit-concept-1500x1125.jpeg 1500w, https:\/\/www.wbtoitconcept.fr\/wp-content\/uploads\/2021\/09\/Pose-de-Velux-en-creation-WB-toit-concept-705x529.jpeg 705w, https:\/\/www.wbtoitconcept.fr\/wp-content\/uploads\/2021\/09\/Pose-de-Velux-en-creation-WB-toit-concept-450x338.jpeg 450w\" sizes=\"(max-width: 2560px) 100vw, 2560px\" \/><\/div><\/div><\/div><br \/>\n\n<style type=\"text\/css\" data-created_by=\"avia_inline_auto\" id=\"style-css-av-m9plxfu2-fb635c7bed93f9435630a5fdbe285a97\">\n.avia-image-container.av-m9plxfu2-fb635c7bed93f9435630a5fdbe285a97 img.avia_image{\nbox-shadow:none;\n}\n.avia-image-container.av-m9plxfu2-fb635c7bed93f9435630a5fdbe285a97 .av-image-caption-overlay-center{\ncolor:#ffffff;\n}\n<\/style>\n<div  class='avia-image-container av-m9plxfu2-fb635c7bed93f9435630a5fdbe285a97 av-styling- avia-align-center  avia-builder-el-13  el_after_av_image  avia-builder-el-last '   itemprop=\"image\" itemscope=\"itemscope\" itemtype=\"https:\/\/schema.org\/ImageObject\" ><div class=\"avia-image-container-inner\"><div class=\"avia-image-overlay-wrap\"><img decoding=\"async\" class='wp-image-1746 avia-img-lazy-loading-not-1746 avia_image ' src=\"https:\/\/www.wbtoitconcept.fr\/wp-content\/uploads\/2024\/03\/IMG_3201-773x1030.jpg\" alt='Installation de Velux \u00e0 Perpignan par WB Toit Concept' title='IMG_3201'  height=\"1030\" width=\"773\"  itemprop=\"thumbnailUrl\" srcset=\"https:\/\/www.wbtoitconcept.fr\/wp-content\/uploads\/2024\/03\/IMG_3201-773x1030.jpg 773w, https:\/\/www.wbtoitconcept.fr\/wp-content\/uploads\/2024\/03\/IMG_3201-225x300.jpg 225w, https:\/\/www.wbtoitconcept.fr\/wp-content\/uploads\/2024\/03\/IMG_3201-768x1024.jpg 768w, https:\/\/www.wbtoitconcept.fr\/wp-content\/uploads\/2024\/03\/IMG_3201-1152x1536.jpg 1152w, https:\/\/www.wbtoitconcept.fr\/wp-content\/uploads\/2024\/03\/IMG_3201-1536x2048.jpg 1536w, https:\/\/www.wbtoitconcept.fr\/wp-content\/uploads\/2024\/03\/IMG_3201-1125x1500.jpg 1125w, https:\/\/www.wbtoitconcept.fr\/wp-content\/uploads\/2024\/03\/IMG_3201-529x705.jpg 529w, https:\/\/www.wbtoitconcept.fr\/wp-content\/uploads\/2024\/03\/IMG_3201-scaled.jpg 1920w\" sizes=\"(max-width: 773px) 100vw, 773px\" \/><\/div><\/div><\/div><\/p><\/div><div class='av-flex-placeholder'><\/div><div class='flex_column av-3sfceo-c7ff7ffd96bf3a871b24aaa2d24eac8f av_three_fifth  avia-builder-el-14  el_after_av_two_fifth  el_before_av_hr  flex_column_table_cell av-equal-height-column av-align-middle '     ><section  class='av_textblock_section av-lmb229y8-4ae30aced272e68b81662a7c4b5c879a'  itemscope=\"itemscope\" itemtype=\"https:\/\/schema.org\/CreativeWork\" ><div class='avia_textblock'  itemprop=\"text\" ><h3 class=\"\" data-start=\"687\" data-end=\"746\">\ud83d\udd0d <strong data-start=\"694\" data-end=\"746\">Pourquoi Opter pour des Fen\u00eatres de Toit Velux\u202f?<\/strong><\/h3>\n<ul data-start=\"748\" data-end=\"1203\">\n<li class=\"\" data-start=\"748\" data-end=\"857\">\n<p class=\"\" data-start=\"750\" data-end=\"857\"><strong data-start=\"750\" data-end=\"771\">Luminosit\u00e9 Accrue<\/strong><br data-start=\"771\" data-end=\"774\" \/><span class=\"relative -mx-px my-&#091;-0.2rem&#093; rounded-sm px-px py-&#091;0.2rem&#093;\">Les fen\u00eatres de toit Velux augmentent significativement la lumi\u00e8re naturelle, rendant vos pi\u00e8ces plus agr\u00e9ables et spacieuses.<\/span>\u200b<\/p>\n<\/li>\n<li class=\"\" data-start=\"859\" data-end=\"971\">\n<p class=\"\" data-start=\"861\" data-end=\"971\"><strong data-start=\"861\" data-end=\"885\">Ventilation Optimale<\/strong><br data-start=\"885\" data-end=\"888\" \/><span class=\"relative -mx-px my-&#091;-0.2rem&#093; rounded-sm px-px py-&#091;0.2rem&#093;\">Elles facilitent la circulation de l&rsquo;air, am\u00e9liorant la qualit\u00e9 de l&rsquo;air int\u00e9rieur et contribuant \u00e0 un environnement sain.<\/span>\u200b<\/p>\n<\/li>\n<li class=\"\" data-start=\"973\" data-end=\"1087\">\n<p class=\"\" data-start=\"975\" data-end=\"1087\"><strong data-start=\"975\" data-end=\"1001\">Efficacit\u00e9 \u00c9nerg\u00e9tique<\/strong><br data-start=\"1001\" data-end=\"1004\" \/><span class=\"relative -mx-px my-&#091;-0.2rem&#093; rounded-sm px-px py-&#091;0.2rem&#093;\">Gr\u00e2ce \u00e0 une excellente isolation, les fen\u00eatres Velux r\u00e9duisent les pertes de chaleur en hiver et limitent les surchauffes en \u00e9t\u00e9, contribuant ainsi \u00e0 des \u00e9conomies d&rsquo;\u00e9nergie.<\/span>\u200b<\/p>\n<\/li>\n<li class=\"\" data-start=\"1089\" data-end=\"1203\">\n<p class=\"\" data-start=\"1091\" data-end=\"1203\"><strong data-start=\"1091\" data-end=\"1113\">Esth\u00e9tique Moderne<\/strong><br data-start=\"1113\" data-end=\"1116\" \/><span class=\"relative -mx-px my-&#091;-0.2rem&#093; rounded-sm px-px py-&#091;0.2rem&#093;\">Disponibles en divers designs et finitions, elles s&rsquo;int\u00e8grent harmonieusement \u00e0 l&rsquo;architecture de votre maison.<\/span><\/p>\n<\/li>\n<\/ul>\n<\/div><\/section><\/div><\/div><!--close column table wrapper. Autoclose: 1 -->\n<style type=\"text\/css\" data-created_by=\"avia_inline_auto\" id=\"style-css-av-3mwoeg-58d1abe18b4c3c3bedbb8f88465da244\">\n#top .hr.hr-invisible.av-3mwoeg-58d1abe18b4c3c3bedbb8f88465da244{\nheight:50px;\n}\n<\/style>\n<div  class='hr av-3mwoeg-58d1abe18b4c3c3bedbb8f88465da244 hr-invisible  avia-builder-el-16  el_after_av_three_fifth  el_before_av_one_full '><span class='hr-inner '><span class=\"hr-inner-style\"><\/span><\/span><\/div>\n<div class='flex_column_table av-3ddbag-711c5d29d6244bd8637b8aecf382c40c sc-av_one_full av-equal-height-column-flextable'>\n<style type=\"text\/css\" data-created_by=\"avia_inline_auto\" id=\"style-css-av-3ddbag-711c5d29d6244bd8637b8aecf382c40c\">\n.flex_column.av-3ddbag-711c5d29d6244bd8637b8aecf382c40c{\nborder-width:2px;\nborder-color:#c4c4c4;\nborder-style:solid;\npadding:3% 3% 3% 3%;\n}\n<\/style>\n<div class='flex_column av-3ddbag-711c5d29d6244bd8637b8aecf382c40c av_one_full  avia-builder-el-17  el_after_av_hr  el_before_av_hr  first flex_column_table_cell av-equal-height-column av-align-middle '     ><section  class='av_textblock_section av-lmb231ie-b725615a1c9a4ba9f3d7992ff23e5f18'  itemscope=\"itemscope\" itemtype=\"https:\/\/schema.org\/CreativeWork\" ><div class='avia_textblock'  itemprop=\"text\" ><h3 class=\"\" data-start=\"1210\" data-end=\"1277\">\ud83d\udee0\ufe0f\u00a0<em data-start=\"1845\" data-end=\"1907\">Nos Services pour l\u2019Installation ou le Remplacement de Velux<\/em><\/h3>\n<ul data-start=\"1279\" data-end=\"1671\">\n<li class=\"\" data-start=\"1279\" data-end=\"1417\">\n<p class=\"\" data-start=\"1281\" data-end=\"1417\"><span class=\"relative -mx-px my-&#091;-0.2rem&#093; rounded-sm px-px py-&#091;0.2rem&#093;\">Nous cr\u00e9ons des ouvertures sur mesure pour int\u00e9grer des fen\u00eatres Velux, en respectant l&rsquo;int\u00e9grit\u00e9 de votre toiture et en assurant une \u00e9tanch\u00e9it\u00e9 parfaite.<\/span>\u200b<\/p>\n<\/li>\n<li class=\"\" data-start=\"1419\" data-end=\"1550\">\n<p class=\"\" data-start=\"1421\" data-end=\"1550\"><strong data-start=\"1421\" data-end=\"1460\">Remplacement de Fen\u00eatres Existantes<\/strong><br data-start=\"1460\" data-end=\"1463\" \/><span class=\"relative -mx-px my-&#091;-0.2rem&#093; rounded-sm px-px py-&#091;0.2rem&#093;\">Si vos anciennes fen\u00eatres de toit sont endommag\u00e9es ou obsol\u00e8tes, nous les rempla\u00e7ons par des mod\u00e8les Velux plus performants et esth\u00e9tiques.<\/span>\u200b<\/p>\n<\/li>\n<li class=\"\" data-start=\"1552\" data-end=\"1671\">\n<p class=\"\" data-start=\"1554\" data-end=\"1671\"><strong data-start=\"1554\" data-end=\"1581\">Entretien et R\u00e9paration<\/strong><br data-start=\"1581\" data-end=\"1584\" \/><span class=\"relative -mx-px my-&#091;-0.2rem&#093; rounded-sm px-px py-&#091;0.2rem&#093;\">Nous proposons \u00e9galement des services d&rsquo;entretien et de r\u00e9paration pour garantir la long\u00e9vit\u00e9 et le bon fonctionnement de vos fen\u00eatres de toit.<\/span>\u200b<\/p>\n<\/li>\n<\/ul>\n<p><a href=\"https:\/\/www.velux.fr\/\">En savoir plus sur les produits Velux sur le site officiel<\/a><\/p>\n<\/div><\/section><\/div><\/div><!--close column table wrapper. Autoclose: 1 -->\n<style type=\"text\/css\" data-created_by=\"avia_inline_auto\" id=\"style-css-av-3b2dy8-bf57b427c829d27e186648355135e789\">\n#top .hr.hr-invisible.av-3b2dy8-bf57b427c829d27e186648355135e789{\nheight:50px;\n}\n<\/style>\n<div  class='hr av-3b2dy8-bf57b427c829d27e186648355135e789 hr-invisible  avia-builder-el-19  el_after_av_one_full  el_before_av_one_full '><span class='hr-inner '><span class=\"hr-inner-style\"><\/span><\/span><\/div>\n\n<style type=\"text\/css\" data-created_by=\"avia_inline_auto\" id=\"style-css-av-310p48-54dd44cedda37ee2095e6d88c9b4d87f\">\n.flex_column.av-310p48-54dd44cedda37ee2095e6d88c9b4d87f{\npadding:3% 3% 3% 3%;\nbackground-color:#ffffff;\n}\n<\/style>\n<div class='flex_column av-310p48-54dd44cedda37ee2095e6d88c9b4d87f av_one_full  avia-builder-el-20  el_after_av_hr  el_before_av_horizontal_gallery  avia-builder-el-last  first flex_column_div '     ><section  class='av_textblock_section av-lmb23fn2-3234589f5014d2f71f2ffc16752bb62f'  itemscope=\"itemscope\" itemtype=\"https:\/\/schema.org\/CreativeWork\" ><div class='avia_textblock'  itemprop=\"text\" ><h3 class=\"\" data-start=\"1678\" data-end=\"1735\">\ud83c\udfc6 <strong data-start=\"1685\" data-end=\"1735\">Pourquoi Choisir WB Toit Concept \u00e0 Perpignan\u202f?<\/strong><\/h3>\n<ul data-start=\"1737\" data-end=\"2576\">\n<li class=\"\" data-start=\"1737\" data-end=\"1957\">\n<p class=\"\" data-start=\"1739\" data-end=\"1957\"><strong data-start=\"1739\" data-end=\"1759\">Expertise Locale<\/strong><br data-start=\"1759\" data-end=\"1762\" \/>Bas\u00e9s \u00e0 Perpignan, nous connaissons parfaitement les sp\u00e9cificit\u00e9s climatiques des Pyr\u00e9n\u00e9es-Orientales et adaptons nos installations en cons\u00e9quence.\u200b<\/p>\n<\/li>\n<li class=\"\" data-start=\"1959\" data-end=\"2162\">\n<p class=\"\" data-start=\"1961\" data-end=\"2162\"><strong data-start=\"1961\" data-end=\"1989\">Professionnels Qualifi\u00e9s<\/strong><br data-start=\"1989\" data-end=\"1992\" \/>Notre \u00e9quipe d&rsquo;artisans couvreurs poss\u00e8de une solide exp\u00e9rience dans la pose et le remplacement de fen\u00eatres de toit Velux.\u200b<\/p>\n<\/li>\n<li class=\"\" data-start=\"2164\" data-end=\"2355\">\n<p class=\"\" data-start=\"2166\" data-end=\"2355\"><strong data-start=\"2166\" data-end=\"2190\">Mat\u00e9riaux de Qualit\u00e9<\/strong><br data-start=\"2190\" data-end=\"2193\" \/>Nous utilisons exclusivement des produits Velux, reconnus pour leur durabilit\u00e9 et leurs performances \u00e9nerg\u00e9tiques.\u200b<\/p>\n<\/li>\n<li class=\"\" data-start=\"2357\" data-end=\"2576\">\n<p class=\"\" data-start=\"2359\" data-end=\"2576\"><strong data-start=\"2359\" data-end=\"2382\">Satisfaction Client<\/strong><br data-start=\"2382\" data-end=\"2385\" \/>La satisfaction de nos clients est notre priorit\u00e9. Nous veillons \u00e0 fournir un travail soign\u00e9, dans le respect des d\u00e9lais et du budget convenus.\u200b<\/p>\n<\/li>\n<li data-start=\"2357\" data-end=\"2576\">\n<h3 class=\"\" data-start=\"2583\" data-end=\"2632\">\ud83d\udde3\ufe0f <strong data-start=\"2591\" data-end=\"2632\">T\u00e9moignages de Nos Clients Satisfaits<\/strong><\/h3>\n<p class=\"\" data-start=\"2634\" data-end=\"3097\"><em data-start=\"2634\" data-end=\"2997\">\u00ab\u00a0J&rsquo;ai fait changer les 3 Velux de mon grenier avec WB Toit Concept et je suis extr\u00eamement satisfaite. Vrais pros de la toiture, ils ont vraiment fait du bon boulot sur mon toit ma\u00e7onn\u00e9 et ce, malgr\u00e9 une chaleur \u00e9crasante\u2026 Les petits plus : ils sont ponctuels, souriants, sympathiques, s\u00e9rieux et ils laissent le chantier propre\u202f! Bref, je recommande vivement\u202f!\u00a0\u00bb<\/em> \u2013 <strong data-start=\"3000\" data-end=\"3011\">Mar Max<\/strong><\/p>\n<p class=\"\" data-start=\"3099\" data-end=\"3441\"><em data-start=\"3099\" data-end=\"3334\">\u00ab\u00a0J&rsquo;ai fait poser deux Velux sur Saint-Cyprien et je suis tr\u00e8s satisfait de WB Toit Concept\u202f! Tr\u00e8s r\u00e9ceptifs, disponibles, s\u00e9rieux et les prix sont convenables. Les d\u00e9lais sont tenus et le travail tr\u00e8s propre. Merci \u00e0 toute l&rsquo;\u00e9quipe.\u00a0\u00bb<\/em> \u2013 <strong data-start=\"3337\" data-end=\"3355\">Ghislain Magro<\/strong><\/p>\n<\/li>\n<\/ul>\n<\/div><\/section><\/div>\n<style type=\"text\/css\" data-created_by=\"avia_inline_auto\" id=\"style-css-av-ltvw45wg-7d5a578dd27d574230e585162e9c2a6d\">\n.av-horizontal-gallery.av-ltvw45wg-7d5a578dd27d574230e585162e9c2a6d{\npadding:4.5% 0px;;\n}\n.av-horizontal-gallery.av-ltvw45wg-7d5a578dd27d574230e585162e9c2a6d .av-horizontal-gallery-inner{\npadding-bottom:30%;\n}\n<\/style>\n<div  class='av-horizontal-gallery av-ltvw45wg-7d5a578dd27d574230e585162e9c2a6d av-horizontal-gallery-large-gap av-horizontal-gallery-enlarge-effect  avia-builder-el-22  el_after_av_one_full  el_before_av_hr  av-slideshow-ui av-control-default av-slideshow-autoplay av-loop-endless av-loop-manual-once av-horizontal-gallery-1' data-slideshow-data=\"{&quot;enlarge&quot;:1.3,&quot;animation&quot;:&quot;slide&quot;,&quot;autoplay&quot;:true,&quot;loop_autoplay&quot;:&quot;endless&quot;,&quot;interval&quot;:1,&quot;loop_manual&quot;:&quot;manual-once&quot;,&quot;autoplay_stopper&quot;:false,&quot;noNavigation&quot;:false,&quot;bg_slider&quot;:false,&quot;keep_padding&quot;:&quot;&quot;,&quot;hoverpause&quot;:false,&quot;show_slide_delay&quot;:0}\"  itemprop=\"image\" itemscope=\"itemscope\" itemtype=\"https:\/\/schema.org\/ImageObject\" ><div class='avia-slideshow-arrows avia-slideshow-controls' ><a href='#prev' class='prev-slide av-horizontal-gallery-prev' aria-hidden='true' data-av_icon='\ue87c' data-av_iconfont='entypo-fontello'  tabindex='-1'>Pr\u00e9c\u00e9dent<\/a><a href='#next' class='next-slide av-horizontal-gallery-next' aria-hidden='true' data-av_icon='\ue87d' data-av_iconfont='entypo-fontello'  tabindex='-1'>Suivant<\/a><\/div><div class='avia-slideshow-dots avia-slideshow-controls av-horizontal-gallery-dots fade-in'><a href='#1' class='goto-slide active' >1<\/a><a href='#2' class='goto-slide ' >2<\/a><a href='#3' class='goto-slide ' >3<\/a><a href='#4' class='goto-slide ' >4<\/a><a href='#5' class='goto-slide ' >5<\/a><a href='#6' class='goto-slide ' >6<\/a><a href='#7' class='goto-slide ' >7<\/a><a href='#8' class='goto-slide ' >8<\/a><a href='#9' class='goto-slide ' >9<\/a><a href='#10' class='goto-slide ' >10<\/a><a href='#11' class='goto-slide ' >11<\/a><a href='#12' class='goto-slide ' >12<\/a><a href='#13' class='goto-slide ' >13<\/a><a href='#14' class='goto-slide ' >14<\/a><a href='#15' class='goto-slide ' >15<\/a><a href='#16' class='goto-slide ' >16<\/a><a href='#17' class='goto-slide ' >17<\/a><a href='#18' class='goto-slide ' >18<\/a><a href='#19' class='goto-slide ' >19<\/a><a href='#20' class='goto-slide ' >20<\/a><a href='#21' class='goto-slide ' >21<\/a><a href='#22' class='goto-slide ' >22<\/a><a href='#23' class='goto-slide ' >23<\/a><a href='#24' class='goto-slide ' >24<\/a><a href='#25' class='goto-slide ' >25<\/a><a href='#26' class='goto-slide ' >26<\/a><a href='#27' class='goto-slide ' >27<\/a><a href='#28' class='goto-slide ' >28<\/a><a href='#29' class='goto-slide ' >29<\/a><\/div><div class='av-horizontal-gallery-inner' data-av-height='30'><div class=\"av-horizontal-gallery-slider\"><div class='av-horizontal-gallery-wrap noHover'><img decoding=\"async\" class='wp-image-1765 avia-img-lazy-loading-not-1765 av-horizontal-gallery-img' width=\"773\" height=\"1030\" src=\"https:\/\/www.wbtoitconcept.fr\/wp-content\/uploads\/2024\/03\/Installation-de-Velux-artisan-couvreur-773x1030.jpeg\" title='Installation de Velux artisan couvreur' alt='' srcset=\"https:\/\/www.wbtoitconcept.fr\/wp-content\/uploads\/2024\/03\/Installation-de-Velux-artisan-couvreur-773x1030.jpeg 773w, https:\/\/www.wbtoitconcept.fr\/wp-content\/uploads\/2024\/03\/Installation-de-Velux-artisan-couvreur-225x300.jpeg 225w, https:\/\/www.wbtoitconcept.fr\/wp-content\/uploads\/2024\/03\/Installation-de-Velux-artisan-couvreur-768x1024.jpeg 768w, https:\/\/www.wbtoitconcept.fr\/wp-content\/uploads\/2024\/03\/Installation-de-Velux-artisan-couvreur-1152x1536.jpeg 1152w, https:\/\/www.wbtoitconcept.fr\/wp-content\/uploads\/2024\/03\/Installation-de-Velux-artisan-couvreur-1536x2048.jpeg 1536w, https:\/\/www.wbtoitconcept.fr\/wp-content\/uploads\/2024\/03\/Installation-de-Velux-artisan-couvreur-1125x1500.jpeg 1125w, https:\/\/www.wbtoitconcept.fr\/wp-content\/uploads\/2024\/03\/Installation-de-Velux-artisan-couvreur-529x705.jpeg 529w, https:\/\/www.wbtoitconcept.fr\/wp-content\/uploads\/2024\/03\/Installation-de-Velux-artisan-couvreur-scaled.jpeg 1920w\" sizes=\"(max-width: 773px) 100vw, 773px\" \/><a href=\"https:\/\/www.wbtoitconcept.fr\/wp-content\/uploads\/2024\/03\/Installation-de-Velux-artisan-couvreur-773x1030.jpeg\" data-srcset=\"https:\/\/www.wbtoitconcept.fr\/wp-content\/uploads\/2024\/03\/Installation-de-Velux-artisan-couvreur-773x1030.jpeg 773w, https:\/\/www.wbtoitconcept.fr\/wp-content\/uploads\/2024\/03\/Installation-de-Velux-artisan-couvreur-225x300.jpeg 225w, https:\/\/www.wbtoitconcept.fr\/wp-content\/uploads\/2024\/03\/Installation-de-Velux-artisan-couvreur-768x1024.jpeg 768w, https:\/\/www.wbtoitconcept.fr\/wp-content\/uploads\/2024\/03\/Installation-de-Velux-artisan-couvreur-1152x1536.jpeg 1152w, https:\/\/www.wbtoitconcept.fr\/wp-content\/uploads\/2024\/03\/Installation-de-Velux-artisan-couvreur-1536x2048.jpeg 1536w, https:\/\/www.wbtoitconcept.fr\/wp-content\/uploads\/2024\/03\/Installation-de-Velux-artisan-couvreur-1125x1500.jpeg 1125w, https:\/\/www.wbtoitconcept.fr\/wp-content\/uploads\/2024\/03\/Installation-de-Velux-artisan-couvreur-529x705.jpeg 529w, https:\/\/www.wbtoitconcept.fr\/wp-content\/uploads\/2024\/03\/Installation-de-Velux-artisan-couvreur-scaled.jpeg 1920w\" data-sizes=\"(max-width: 773px) 100vw, 773px\" class='av-horizontal-gallery-link' aria-hidden='true' data-av_icon='\ue869' data-av_iconfont='entypo-fontello' title='Installation de Velux artisan couvreur' alt=''><\/a><\/div><div class='av-horizontal-gallery-wrap noHover'><img decoding=\"async\" class='wp-image-1764 avia-img-lazy-loading-not-1764 av-horizontal-gallery-img' width=\"1\" height=\"1\" src=\"https:\/\/www.wbtoitconcept.fr\/wp-content\/uploads\/2024\/03\/IMG_8709.heic\" title='IMG_8709' alt='Remplacement de fen\u00eatre de toit Velux dans le 66' \/><a href=\"https:\/\/www.wbtoitconcept.fr\/wp-content\/uploads\/2024\/03\/IMG_8709.heic\" class='av-horizontal-gallery-link' aria-hidden='true' data-av_icon='\ue869' data-av_iconfont='entypo-fontello' title='IMG_8709' alt='Remplacement de fen\u00eatre de toit Velux dans le 66'><\/a><\/div><div class='av-horizontal-gallery-wrap noHover'><img decoding=\"async\" class='wp-image-1763 avia-img-lazy-loading-not-1763 av-horizontal-gallery-img' width=\"773\" height=\"1030\" src=\"https:\/\/www.wbtoitconcept.fr\/wp-content\/uploads\/2024\/03\/IMG_5194-773x1030.jpg\" title='IMG_5194' alt='Pose de Velux artisan couvreur WB Toit Concept' srcset=\"https:\/\/www.wbtoitconcept.fr\/wp-content\/uploads\/2024\/03\/IMG_5194-773x1030.jpg 773w, https:\/\/www.wbtoitconcept.fr\/wp-content\/uploads\/2024\/03\/IMG_5194-225x300.jpg 225w, https:\/\/www.wbtoitconcept.fr\/wp-content\/uploads\/2024\/03\/IMG_5194-768x1024.jpg 768w, https:\/\/www.wbtoitconcept.fr\/wp-content\/uploads\/2024\/03\/IMG_5194-1152x1536.jpg 1152w, https:\/\/www.wbtoitconcept.fr\/wp-content\/uploads\/2024\/03\/IMG_5194-1536x2048.jpg 1536w, https:\/\/www.wbtoitconcept.fr\/wp-content\/uploads\/2024\/03\/IMG_5194-1125x1500.jpg 1125w, https:\/\/www.wbtoitconcept.fr\/wp-content\/uploads\/2024\/03\/IMG_5194-529x705.jpg 529w, https:\/\/www.wbtoitconcept.fr\/wp-content\/uploads\/2024\/03\/IMG_5194-scaled.jpg 1920w\" sizes=\"(max-width: 773px) 100vw, 773px\" \/><a href=\"https:\/\/www.wbtoitconcept.fr\/wp-content\/uploads\/2024\/03\/IMG_5194-773x1030.jpg\" data-srcset=\"https:\/\/www.wbtoitconcept.fr\/wp-content\/uploads\/2024\/03\/IMG_5194-773x1030.jpg 773w, https:\/\/www.wbtoitconcept.fr\/wp-content\/uploads\/2024\/03\/IMG_5194-225x300.jpg 225w, https:\/\/www.wbtoitconcept.fr\/wp-content\/uploads\/2024\/03\/IMG_5194-768x1024.jpg 768w, https:\/\/www.wbtoitconcept.fr\/wp-content\/uploads\/2024\/03\/IMG_5194-1152x1536.jpg 1152w, https:\/\/www.wbtoitconcept.fr\/wp-content\/uploads\/2024\/03\/IMG_5194-1536x2048.jpg 1536w, https:\/\/www.wbtoitconcept.fr\/wp-content\/uploads\/2024\/03\/IMG_5194-1125x1500.jpg 1125w, https:\/\/www.wbtoitconcept.fr\/wp-content\/uploads\/2024\/03\/IMG_5194-529x705.jpg 529w, https:\/\/www.wbtoitconcept.fr\/wp-content\/uploads\/2024\/03\/IMG_5194-scaled.jpg 1920w\" data-sizes=\"(max-width: 773px) 100vw, 773px\" class='av-horizontal-gallery-link' aria-hidden='true' data-av_icon='\ue869' data-av_iconfont='entypo-fontello' title='IMG_5194' alt='Pose de Velux artisan couvreur WB Toit Concept'><\/a><\/div><div class='av-horizontal-gallery-wrap noHover'><img decoding=\"async\" class='wp-image-1762 avia-img-lazy-loading-not-1762 av-horizontal-gallery-img' width=\"773\" height=\"1030\" src=\"https:\/\/www.wbtoitconcept.fr\/wp-content\/uploads\/2024\/03\/IMG_4965-773x1030.jpg\" title='IMG_4965' alt='Installation d&#039;une fen\u00eatre de toit Velux \u00e0 Perpignan' srcset=\"https:\/\/www.wbtoitconcept.fr\/wp-content\/uploads\/2024\/03\/IMG_4965-773x1030.jpg 773w, https:\/\/www.wbtoitconcept.fr\/wp-content\/uploads\/2024\/03\/IMG_4965-225x300.jpg 225w, https:\/\/www.wbtoitconcept.fr\/wp-content\/uploads\/2024\/03\/IMG_4965-768x1024.jpg 768w, https:\/\/www.wbtoitconcept.fr\/wp-content\/uploads\/2024\/03\/IMG_4965-1152x1536.jpg 1152w, https:\/\/www.wbtoitconcept.fr\/wp-content\/uploads\/2024\/03\/IMG_4965-1536x2048.jpg 1536w, https:\/\/www.wbtoitconcept.fr\/wp-content\/uploads\/2024\/03\/IMG_4965-1125x1500.jpg 1125w, https:\/\/www.wbtoitconcept.fr\/wp-content\/uploads\/2024\/03\/IMG_4965-529x705.jpg 529w, https:\/\/www.wbtoitconcept.fr\/wp-content\/uploads\/2024\/03\/IMG_4965-scaled.jpg 1920w\" sizes=\"(max-width: 773px) 100vw, 773px\" \/><a href=\"https:\/\/www.wbtoitconcept.fr\/wp-content\/uploads\/2024\/03\/IMG_4965-773x1030.jpg\" data-srcset=\"https:\/\/www.wbtoitconcept.fr\/wp-content\/uploads\/2024\/03\/IMG_4965-773x1030.jpg 773w, https:\/\/www.wbtoitconcept.fr\/wp-content\/uploads\/2024\/03\/IMG_4965-225x300.jpg 225w, https:\/\/www.wbtoitconcept.fr\/wp-content\/uploads\/2024\/03\/IMG_4965-768x1024.jpg 768w, https:\/\/www.wbtoitconcept.fr\/wp-content\/uploads\/2024\/03\/IMG_4965-1152x1536.jpg 1152w, https:\/\/www.wbtoitconcept.fr\/wp-content\/uploads\/2024\/03\/IMG_4965-1536x2048.jpg 1536w, https:\/\/www.wbtoitconcept.fr\/wp-content\/uploads\/2024\/03\/IMG_4965-1125x1500.jpg 1125w, https:\/\/www.wbtoitconcept.fr\/wp-content\/uploads\/2024\/03\/IMG_4965-529x705.jpg 529w, https:\/\/www.wbtoitconcept.fr\/wp-content\/uploads\/2024\/03\/IMG_4965-scaled.jpg 1920w\" data-sizes=\"(max-width: 773px) 100vw, 773px\" class='av-horizontal-gallery-link' aria-hidden='true' data-av_icon='\ue869' data-av_iconfont='entypo-fontello' title='IMG_4965' alt='Installation d&#039;une fen\u00eatre de toit Velux \u00e0 Perpignan'><\/a><\/div><div class='av-horizontal-gallery-wrap noHover'><img decoding=\"async\" class='wp-image-1755 avia-img-lazy-loading-not-1755 av-horizontal-gallery-img' width=\"773\" height=\"1030\" src=\"https:\/\/www.wbtoitconcept.fr\/wp-content\/uploads\/2024\/03\/IMG_4137-773x1030.jpg\" title='velux perpignan' alt='Pose de Velux sur toiture inclin\u00e9e par WB Toit Concept' srcset=\"https:\/\/www.wbtoitconcept.fr\/wp-content\/uploads\/2024\/03\/IMG_4137-773x1030.jpg 773w, https:\/\/www.wbtoitconcept.fr\/wp-content\/uploads\/2024\/03\/IMG_4137-225x300.jpg 225w, https:\/\/www.wbtoitconcept.fr\/wp-content\/uploads\/2024\/03\/IMG_4137-768x1024.jpg 768w, https:\/\/www.wbtoitconcept.fr\/wp-content\/uploads\/2024\/03\/IMG_4137-1152x1536.jpg 1152w, https:\/\/www.wbtoitconcept.fr\/wp-content\/uploads\/2024\/03\/IMG_4137-1536x2048.jpg 1536w, https:\/\/www.wbtoitconcept.fr\/wp-content\/uploads\/2024\/03\/IMG_4137-1125x1500.jpg 1125w, https:\/\/www.wbtoitconcept.fr\/wp-content\/uploads\/2024\/03\/IMG_4137-529x705.jpg 529w, https:\/\/www.wbtoitconcept.fr\/wp-content\/uploads\/2024\/03\/IMG_4137-scaled.jpg 1920w\" sizes=\"(max-width: 773px) 100vw, 773px\" \/><a href=\"https:\/\/www.wbtoitconcept.fr\/wp-content\/uploads\/2024\/03\/IMG_4137-773x1030.jpg\" data-srcset=\"https:\/\/www.wbtoitconcept.fr\/wp-content\/uploads\/2024\/03\/IMG_4137-773x1030.jpg 773w, https:\/\/www.wbtoitconcept.fr\/wp-content\/uploads\/2024\/03\/IMG_4137-225x300.jpg 225w, https:\/\/www.wbtoitconcept.fr\/wp-content\/uploads\/2024\/03\/IMG_4137-768x1024.jpg 768w, https:\/\/www.wbtoitconcept.fr\/wp-content\/uploads\/2024\/03\/IMG_4137-1152x1536.jpg 1152w, https:\/\/www.wbtoitconcept.fr\/wp-content\/uploads\/2024\/03\/IMG_4137-1536x2048.jpg 1536w, https:\/\/www.wbtoitconcept.fr\/wp-content\/uploads\/2024\/03\/IMG_4137-1125x1500.jpg 1125w, https:\/\/www.wbtoitconcept.fr\/wp-content\/uploads\/2024\/03\/IMG_4137-529x705.jpg 529w, https:\/\/www.wbtoitconcept.fr\/wp-content\/uploads\/2024\/03\/IMG_4137-scaled.jpg 1920w\" data-sizes=\"(max-width: 773px) 100vw, 773px\" class='av-horizontal-gallery-link' aria-hidden='true' data-av_icon='\ue869' data-av_iconfont='entypo-fontello' title='velux perpignan' alt='Pose de Velux sur toiture inclin\u00e9e par WB Toit Concept'><\/a><\/div><div class='av-horizontal-gallery-wrap noHover'><img decoding=\"async\" class='wp-image-1757 avia-img-lazy-loading-not-1757 av-horizontal-gallery-img' width=\"773\" height=\"1030\" src=\"https:\/\/www.wbtoitconcept.fr\/wp-content\/uploads\/2024\/03\/IMG_4152-773x1030.jpg\" title='Verri\u00e8re, Velux, Perpignan' alt='Artisan couvreur installant un Velux dans les Pyr\u00e9n\u00e9es-Orientales' srcset=\"https:\/\/www.wbtoitconcept.fr\/wp-content\/uploads\/2024\/03\/IMG_4152-773x1030.jpg 773w, https:\/\/www.wbtoitconcept.fr\/wp-content\/uploads\/2024\/03\/IMG_4152-225x300.jpg 225w, https:\/\/www.wbtoitconcept.fr\/wp-content\/uploads\/2024\/03\/IMG_4152-768x1024.jpg 768w, https:\/\/www.wbtoitconcept.fr\/wp-content\/uploads\/2024\/03\/IMG_4152-1152x1536.jpg 1152w, https:\/\/www.wbtoitconcept.fr\/wp-content\/uploads\/2024\/03\/IMG_4152-1536x2048.jpg 1536w, https:\/\/www.wbtoitconcept.fr\/wp-content\/uploads\/2024\/03\/IMG_4152-1125x1500.jpg 1125w, https:\/\/www.wbtoitconcept.fr\/wp-content\/uploads\/2024\/03\/IMG_4152-529x705.jpg 529w, https:\/\/www.wbtoitconcept.fr\/wp-content\/uploads\/2024\/03\/IMG_4152-scaled.jpg 1920w\" sizes=\"(max-width: 773px) 100vw, 773px\" \/><a href=\"https:\/\/www.wbtoitconcept.fr\/wp-content\/uploads\/2024\/03\/IMG_4152-773x1030.jpg\" data-srcset=\"https:\/\/www.wbtoitconcept.fr\/wp-content\/uploads\/2024\/03\/IMG_4152-773x1030.jpg 773w, https:\/\/www.wbtoitconcept.fr\/wp-content\/uploads\/2024\/03\/IMG_4152-225x300.jpg 225w, https:\/\/www.wbtoitconcept.fr\/wp-content\/uploads\/2024\/03\/IMG_4152-768x1024.jpg 768w, https:\/\/www.wbtoitconcept.fr\/wp-content\/uploads\/2024\/03\/IMG_4152-1152x1536.jpg 1152w, https:\/\/www.wbtoitconcept.fr\/wp-content\/uploads\/2024\/03\/IMG_4152-1536x2048.jpg 1536w, https:\/\/www.wbtoitconcept.fr\/wp-content\/uploads\/2024\/03\/IMG_4152-1125x1500.jpg 1125w, https:\/\/www.wbtoitconcept.fr\/wp-content\/uploads\/2024\/03\/IMG_4152-529x705.jpg 529w, https:\/\/www.wbtoitconcept.fr\/wp-content\/uploads\/2024\/03\/IMG_4152-scaled.jpg 1920w\" data-sizes=\"(max-width: 773px) 100vw, 773px\" class='av-horizontal-gallery-link' aria-hidden='true' data-av_icon='\ue869' data-av_iconfont='entypo-fontello' title='Verri\u00e8re, Velux, Perpignan' alt='Artisan couvreur installant un Velux dans les Pyr\u00e9n\u00e9es-Orientales'><\/a><\/div><div class='av-horizontal-gallery-wrap noHover'><img decoding=\"async\" class='wp-image-1761 avia-img-lazy-loading-not-1761 av-horizontal-gallery-img' width=\"1030\" height=\"773\" src=\"https:\/\/www.wbtoitconcept.fr\/wp-content\/uploads\/2024\/03\/IMG_4155-1030x773.jpg\" title='Fen\u00eatre de toit, Velux' alt='Chantier de remplacement de Velux \u00e0 Saint-Est\u00e8ve (66)' srcset=\"https:\/\/www.wbtoitconcept.fr\/wp-content\/uploads\/2024\/03\/IMG_4155-1030x773.jpg 1030w, https:\/\/www.wbtoitconcept.fr\/wp-content\/uploads\/2024\/03\/IMG_4155-300x225.jpg 300w, https:\/\/www.wbtoitconcept.fr\/wp-content\/uploads\/2024\/03\/IMG_4155-768x576.jpg 768w, https:\/\/www.wbtoitconcept.fr\/wp-content\/uploads\/2024\/03\/IMG_4155-1536x1152.jpg 1536w, https:\/\/www.wbtoitconcept.fr\/wp-content\/uploads\/2024\/03\/IMG_4155-2048x1536.jpg 2048w, https:\/\/www.wbtoitconcept.fr\/wp-content\/uploads\/2024\/03\/IMG_4155-1500x1125.jpg 1500w, https:\/\/www.wbtoitconcept.fr\/wp-content\/uploads\/2024\/03\/IMG_4155-705x529.jpg 705w\" sizes=\"(max-width: 1030px) 100vw, 1030px\" \/><a href=\"https:\/\/www.wbtoitconcept.fr\/wp-content\/uploads\/2024\/03\/IMG_4155-1030x773.jpg\" data-srcset=\"https:\/\/www.wbtoitconcept.fr\/wp-content\/uploads\/2024\/03\/IMG_4155-1030x773.jpg 1030w, https:\/\/www.wbtoitconcept.fr\/wp-content\/uploads\/2024\/03\/IMG_4155-300x225.jpg 300w, https:\/\/www.wbtoitconcept.fr\/wp-content\/uploads\/2024\/03\/IMG_4155-768x576.jpg 768w, https:\/\/www.wbtoitconcept.fr\/wp-content\/uploads\/2024\/03\/IMG_4155-1536x1152.jpg 1536w, https:\/\/www.wbtoitconcept.fr\/wp-content\/uploads\/2024\/03\/IMG_4155-2048x1536.jpg 2048w, https:\/\/www.wbtoitconcept.fr\/wp-content\/uploads\/2024\/03\/IMG_4155-1500x1125.jpg 1500w, https:\/\/www.wbtoitconcept.fr\/wp-content\/uploads\/2024\/03\/IMG_4155-705x529.jpg 705w\" data-sizes=\"(max-width: 1030px) 100vw, 1030px\" class='av-horizontal-gallery-link' aria-hidden='true' data-av_icon='\ue869' data-av_iconfont='entypo-fontello' title='Fen\u00eatre de toit, Velux' alt='Chantier de remplacement de Velux \u00e0 Saint-Est\u00e8ve (66)'><\/a><\/div><div class='av-horizontal-gallery-wrap noHover'><img decoding=\"async\" class='wp-image-1751 avia-img-lazy-loading-not-1751 av-horizontal-gallery-img' width=\"773\" height=\"1030\" src=\"https:\/\/www.wbtoitconcept.fr\/wp-content\/uploads\/2024\/03\/IMG_3658-773x1030.jpg\" title='remplacement de Velux' alt='Fen\u00eatre Velux neuve pos\u00e9e sur toiture r\u00e9nov\u00e9e' srcset=\"https:\/\/www.wbtoitconcept.fr\/wp-content\/uploads\/2024\/03\/IMG_3658-773x1030.jpg 773w, https:\/\/www.wbtoitconcept.fr\/wp-content\/uploads\/2024\/03\/IMG_3658-225x300.jpg 225w, https:\/\/www.wbtoitconcept.fr\/wp-content\/uploads\/2024\/03\/IMG_3658-768x1024.jpg 768w, https:\/\/www.wbtoitconcept.fr\/wp-content\/uploads\/2024\/03\/IMG_3658-1152x1536.jpg 1152w, https:\/\/www.wbtoitconcept.fr\/wp-content\/uploads\/2024\/03\/IMG_3658-1536x2048.jpg 1536w, https:\/\/www.wbtoitconcept.fr\/wp-content\/uploads\/2024\/03\/IMG_3658-1125x1500.jpg 1125w, https:\/\/www.wbtoitconcept.fr\/wp-content\/uploads\/2024\/03\/IMG_3658-529x705.jpg 529w, https:\/\/www.wbtoitconcept.fr\/wp-content\/uploads\/2024\/03\/IMG_3658-scaled.jpg 1920w\" sizes=\"(max-width: 773px) 100vw, 773px\" \/><a href=\"https:\/\/www.wbtoitconcept.fr\/wp-content\/uploads\/2024\/03\/IMG_3658-773x1030.jpg\" data-srcset=\"https:\/\/www.wbtoitconcept.fr\/wp-content\/uploads\/2024\/03\/IMG_3658-773x1030.jpg 773w, https:\/\/www.wbtoitconcept.fr\/wp-content\/uploads\/2024\/03\/IMG_3658-225x300.jpg 225w, https:\/\/www.wbtoitconcept.fr\/wp-content\/uploads\/2024\/03\/IMG_3658-768x1024.jpg 768w, https:\/\/www.wbtoitconcept.fr\/wp-content\/uploads\/2024\/03\/IMG_3658-1152x1536.jpg 1152w, https:\/\/www.wbtoitconcept.fr\/wp-content\/uploads\/2024\/03\/IMG_3658-1536x2048.jpg 1536w, https:\/\/www.wbtoitconcept.fr\/wp-content\/uploads\/2024\/03\/IMG_3658-1125x1500.jpg 1125w, https:\/\/www.wbtoitconcept.fr\/wp-content\/uploads\/2024\/03\/IMG_3658-529x705.jpg 529w, https:\/\/www.wbtoitconcept.fr\/wp-content\/uploads\/2024\/03\/IMG_3658-scaled.jpg 1920w\" data-sizes=\"(max-width: 773px) 100vw, 773px\" class='av-horizontal-gallery-link' aria-hidden='true' data-av_icon='\ue869' data-av_iconfont='entypo-fontello' title='remplacement de Velux' alt='Fen\u00eatre Velux neuve pos\u00e9e sur toiture r\u00e9nov\u00e9e'><\/a><\/div><div class='av-horizontal-gallery-wrap noHover'><img decoding=\"async\" class='wp-image-1750 avia-img-lazy-loading-not-1750 av-horizontal-gallery-img' width=\"773\" height=\"1030\" src=\"https:\/\/www.wbtoitconcept.fr\/wp-content\/uploads\/2024\/03\/IMG_3210-773x1030.jpg\" title='Fen\u00eatre de toit Velux' alt='Installation de fen\u00eatre de toit, Velux \u00e0 Perpignan' srcset=\"https:\/\/www.wbtoitconcept.fr\/wp-content\/uploads\/2024\/03\/IMG_3210-773x1030.jpg 773w, https:\/\/www.wbtoitconcept.fr\/wp-content\/uploads\/2024\/03\/IMG_3210-225x300.jpg 225w, https:\/\/www.wbtoitconcept.fr\/wp-content\/uploads\/2024\/03\/IMG_3210-768x1024.jpg 768w, https:\/\/www.wbtoitconcept.fr\/wp-content\/uploads\/2024\/03\/IMG_3210-1152x1536.jpg 1152w, https:\/\/www.wbtoitconcept.fr\/wp-content\/uploads\/2024\/03\/IMG_3210-1536x2048.jpg 1536w, https:\/\/www.wbtoitconcept.fr\/wp-content\/uploads\/2024\/03\/IMG_3210-1125x1500.jpg 1125w, https:\/\/www.wbtoitconcept.fr\/wp-content\/uploads\/2024\/03\/IMG_3210-529x705.jpg 529w, https:\/\/www.wbtoitconcept.fr\/wp-content\/uploads\/2024\/03\/IMG_3210-scaled.jpg 1920w\" sizes=\"(max-width: 773px) 100vw, 773px\" \/><a href=\"https:\/\/www.wbtoitconcept.fr\/wp-content\/uploads\/2024\/03\/IMG_3210-773x1030.jpg\" data-srcset=\"https:\/\/www.wbtoitconcept.fr\/wp-content\/uploads\/2024\/03\/IMG_3210-773x1030.jpg 773w, https:\/\/www.wbtoitconcept.fr\/wp-content\/uploads\/2024\/03\/IMG_3210-225x300.jpg 225w, https:\/\/www.wbtoitconcept.fr\/wp-content\/uploads\/2024\/03\/IMG_3210-768x1024.jpg 768w, https:\/\/www.wbtoitconcept.fr\/wp-content\/uploads\/2024\/03\/IMG_3210-1152x1536.jpg 1152w, https:\/\/www.wbtoitconcept.fr\/wp-content\/uploads\/2024\/03\/IMG_3210-1536x2048.jpg 1536w, https:\/\/www.wbtoitconcept.fr\/wp-content\/uploads\/2024\/03\/IMG_3210-1125x1500.jpg 1125w, https:\/\/www.wbtoitconcept.fr\/wp-content\/uploads\/2024\/03\/IMG_3210-529x705.jpg 529w, https:\/\/www.wbtoitconcept.fr\/wp-content\/uploads\/2024\/03\/IMG_3210-scaled.jpg 1920w\" data-sizes=\"(max-width: 773px) 100vw, 773px\" class='av-horizontal-gallery-link' aria-hidden='true' data-av_icon='\ue869' data-av_iconfont='entypo-fontello' title='Fen\u00eatre de toit Velux' alt='Installation de fen\u00eatre de toit, Velux \u00e0 Perpignan'><\/a><\/div><div class='av-horizontal-gallery-wrap noHover'><img decoding=\"async\" class='wp-image-1749 avia-img-lazy-loading-not-1749 av-horizontal-gallery-img' width=\"773\" height=\"1030\" src=\"https:\/\/www.wbtoitconcept.fr\/wp-content\/uploads\/2024\/03\/IMG_3209-773x1030.jpg\" title='Fen\u00eatre de toit' alt='Travaux d\u2019installation de Velux \u00e0 Elne par WB Toit Concept' srcset=\"https:\/\/www.wbtoitconcept.fr\/wp-content\/uploads\/2024\/03\/IMG_3209-773x1030.jpg 773w, https:\/\/www.wbtoitconcept.fr\/wp-content\/uploads\/2024\/03\/IMG_3209-225x300.jpg 225w, https:\/\/www.wbtoitconcept.fr\/wp-content\/uploads\/2024\/03\/IMG_3209-768x1024.jpg 768w, https:\/\/www.wbtoitconcept.fr\/wp-content\/uploads\/2024\/03\/IMG_3209-1152x1536.jpg 1152w, https:\/\/www.wbtoitconcept.fr\/wp-content\/uploads\/2024\/03\/IMG_3209-1536x2048.jpg 1536w, https:\/\/www.wbtoitconcept.fr\/wp-content\/uploads\/2024\/03\/IMG_3209-1125x1500.jpg 1125w, https:\/\/www.wbtoitconcept.fr\/wp-content\/uploads\/2024\/03\/IMG_3209-529x705.jpg 529w, https:\/\/www.wbtoitconcept.fr\/wp-content\/uploads\/2024\/03\/IMG_3209-scaled.jpg 1920w\" sizes=\"(max-width: 773px) 100vw, 773px\" \/><a href=\"https:\/\/www.wbtoitconcept.fr\/wp-content\/uploads\/2024\/03\/IMG_3209-773x1030.jpg\" data-srcset=\"https:\/\/www.wbtoitconcept.fr\/wp-content\/uploads\/2024\/03\/IMG_3209-773x1030.jpg 773w, https:\/\/www.wbtoitconcept.fr\/wp-content\/uploads\/2024\/03\/IMG_3209-225x300.jpg 225w, https:\/\/www.wbtoitconcept.fr\/wp-content\/uploads\/2024\/03\/IMG_3209-768x1024.jpg 768w, https:\/\/www.wbtoitconcept.fr\/wp-content\/uploads\/2024\/03\/IMG_3209-1152x1536.jpg 1152w, https:\/\/www.wbtoitconcept.fr\/wp-content\/uploads\/2024\/03\/IMG_3209-1536x2048.jpg 1536w, https:\/\/www.wbtoitconcept.fr\/wp-content\/uploads\/2024\/03\/IMG_3209-1125x1500.jpg 1125w, https:\/\/www.wbtoitconcept.fr\/wp-content\/uploads\/2024\/03\/IMG_3209-529x705.jpg 529w, https:\/\/www.wbtoitconcept.fr\/wp-content\/uploads\/2024\/03\/IMG_3209-scaled.jpg 1920w\" data-sizes=\"(max-width: 773px) 100vw, 773px\" class='av-horizontal-gallery-link' aria-hidden='true' data-av_icon='\ue869' data-av_iconfont='entypo-fontello' title='Fen\u00eatre de toit' alt='Travaux d\u2019installation de Velux \u00e0 Elne par WB Toit Concept'><\/a><\/div><div class='av-horizontal-gallery-wrap noHover'><img decoding=\"async\" class='wp-image-1747 avia-img-lazy-loading-not-1747 av-horizontal-gallery-img' width=\"773\" height=\"1030\" src=\"https:\/\/www.wbtoitconcept.fr\/wp-content\/uploads\/2024\/03\/IMG_3202-773x1030.jpg\" title='IMG_3202' alt='Velux install\u00e9 pour apporter de la lumi\u00e8re naturelle' srcset=\"https:\/\/www.wbtoitconcept.fr\/wp-content\/uploads\/2024\/03\/IMG_3202-773x1030.jpg 773w, https:\/\/www.wbtoitconcept.fr\/wp-content\/uploads\/2024\/03\/IMG_3202-225x300.jpg 225w, https:\/\/www.wbtoitconcept.fr\/wp-content\/uploads\/2024\/03\/IMG_3202-768x1024.jpg 768w, https:\/\/www.wbtoitconcept.fr\/wp-content\/uploads\/2024\/03\/IMG_3202-1152x1536.jpg 1152w, https:\/\/www.wbtoitconcept.fr\/wp-content\/uploads\/2024\/03\/IMG_3202-1536x2048.jpg 1536w, https:\/\/www.wbtoitconcept.fr\/wp-content\/uploads\/2024\/03\/IMG_3202-1125x1500.jpg 1125w, https:\/\/www.wbtoitconcept.fr\/wp-content\/uploads\/2024\/03\/IMG_3202-529x705.jpg 529w, https:\/\/www.wbtoitconcept.fr\/wp-content\/uploads\/2024\/03\/IMG_3202-scaled.jpg 1920w\" sizes=\"(max-width: 773px) 100vw, 773px\" \/><a href=\"https:\/\/www.wbtoitconcept.fr\/wp-content\/uploads\/2024\/03\/IMG_3202-773x1030.jpg\" data-srcset=\"https:\/\/www.wbtoitconcept.fr\/wp-content\/uploads\/2024\/03\/IMG_3202-773x1030.jpg 773w, https:\/\/www.wbtoitconcept.fr\/wp-content\/uploads\/2024\/03\/IMG_3202-225x300.jpg 225w, https:\/\/www.wbtoitconcept.fr\/wp-content\/uploads\/2024\/03\/IMG_3202-768x1024.jpg 768w, https:\/\/www.wbtoitconcept.fr\/wp-content\/uploads\/2024\/03\/IMG_3202-1152x1536.jpg 1152w, https:\/\/www.wbtoitconcept.fr\/wp-content\/uploads\/2024\/03\/IMG_3202-1536x2048.jpg 1536w, https:\/\/www.wbtoitconcept.fr\/wp-content\/uploads\/2024\/03\/IMG_3202-1125x1500.jpg 1125w, https:\/\/www.wbtoitconcept.fr\/wp-content\/uploads\/2024\/03\/IMG_3202-529x705.jpg 529w, https:\/\/www.wbtoitconcept.fr\/wp-content\/uploads\/2024\/03\/IMG_3202-scaled.jpg 1920w\" data-sizes=\"(max-width: 773px) 100vw, 773px\" class='av-horizontal-gallery-link' aria-hidden='true' data-av_icon='\ue869' data-av_iconfont='entypo-fontello' title='IMG_3202' alt='Velux install\u00e9 pour apporter de la lumi\u00e8re naturelle'><\/a><\/div><div class='av-horizontal-gallery-wrap noHover'><img decoding=\"async\" class='wp-image-1745 avia-img-lazy-loading-not-1745 av-horizontal-gallery-img' width=\"1030\" height=\"773\" src=\"https:\/\/www.wbtoitconcept.fr\/wp-content\/uploads\/2024\/03\/IMG_3127-1030x773.jpg\" title='IMG_3127' alt='' srcset=\"https:\/\/www.wbtoitconcept.fr\/wp-content\/uploads\/2024\/03\/IMG_3127-1030x773.jpg 1030w, https:\/\/www.wbtoitconcept.fr\/wp-content\/uploads\/2024\/03\/IMG_3127-300x225.jpg 300w, https:\/\/www.wbtoitconcept.fr\/wp-content\/uploads\/2024\/03\/IMG_3127-768x576.jpg 768w, https:\/\/www.wbtoitconcept.fr\/wp-content\/uploads\/2024\/03\/IMG_3127-1536x1152.jpg 1536w, https:\/\/www.wbtoitconcept.fr\/wp-content\/uploads\/2024\/03\/IMG_3127-2048x1536.jpg 2048w, https:\/\/www.wbtoitconcept.fr\/wp-content\/uploads\/2024\/03\/IMG_3127-1500x1125.jpg 1500w, https:\/\/www.wbtoitconcept.fr\/wp-content\/uploads\/2024\/03\/IMG_3127-705x529.jpg 705w\" sizes=\"(max-width: 1030px) 100vw, 1030px\" \/><a href=\"https:\/\/www.wbtoitconcept.fr\/wp-content\/uploads\/2024\/03\/IMG_3127-1030x773.jpg\" data-srcset=\"https:\/\/www.wbtoitconcept.fr\/wp-content\/uploads\/2024\/03\/IMG_3127-1030x773.jpg 1030w, https:\/\/www.wbtoitconcept.fr\/wp-content\/uploads\/2024\/03\/IMG_3127-300x225.jpg 300w, https:\/\/www.wbtoitconcept.fr\/wp-content\/uploads\/2024\/03\/IMG_3127-768x576.jpg 768w, https:\/\/www.wbtoitconcept.fr\/wp-content\/uploads\/2024\/03\/IMG_3127-1536x1152.jpg 1536w, https:\/\/www.wbtoitconcept.fr\/wp-content\/uploads\/2024\/03\/IMG_3127-2048x1536.jpg 2048w, https:\/\/www.wbtoitconcept.fr\/wp-content\/uploads\/2024\/03\/IMG_3127-1500x1125.jpg 1500w, https:\/\/www.wbtoitconcept.fr\/wp-content\/uploads\/2024\/03\/IMG_3127-705x529.jpg 705w\" data-sizes=\"(max-width: 1030px) 100vw, 1030px\" class='av-horizontal-gallery-link' aria-hidden='true' data-av_icon='\ue869' data-av_iconfont='entypo-fontello' title='IMG_3127' alt=''><\/a><\/div><div class='av-horizontal-gallery-wrap noHover'><img decoding=\"async\" class='wp-image-1744 avia-img-lazy-loading-not-1744 av-horizontal-gallery-img' width=\"1030\" height=\"773\" src=\"https:\/\/www.wbtoitconcept.fr\/wp-content\/uploads\/2024\/03\/IMG_3126-1030x773.jpg\" title='IMG_3126' alt='' srcset=\"https:\/\/www.wbtoitconcept.fr\/wp-content\/uploads\/2024\/03\/IMG_3126-1030x773.jpg 1030w, https:\/\/www.wbtoitconcept.fr\/wp-content\/uploads\/2024\/03\/IMG_3126-300x225.jpg 300w, https:\/\/www.wbtoitconcept.fr\/wp-content\/uploads\/2024\/03\/IMG_3126-768x576.jpg 768w, https:\/\/www.wbtoitconcept.fr\/wp-content\/uploads\/2024\/03\/IMG_3126-1536x1152.jpg 1536w, https:\/\/www.wbtoitconcept.fr\/wp-content\/uploads\/2024\/03\/IMG_3126-2048x1536.jpg 2048w, https:\/\/www.wbtoitconcept.fr\/wp-content\/uploads\/2024\/03\/IMG_3126-1500x1125.jpg 1500w, https:\/\/www.wbtoitconcept.fr\/wp-content\/uploads\/2024\/03\/IMG_3126-705x529.jpg 705w\" sizes=\"(max-width: 1030px) 100vw, 1030px\" \/><a href=\"https:\/\/www.wbtoitconcept.fr\/wp-content\/uploads\/2024\/03\/IMG_3126-1030x773.jpg\" data-srcset=\"https:\/\/www.wbtoitconcept.fr\/wp-content\/uploads\/2024\/03\/IMG_3126-1030x773.jpg 1030w, https:\/\/www.wbtoitconcept.fr\/wp-content\/uploads\/2024\/03\/IMG_3126-300x225.jpg 300w, https:\/\/www.wbtoitconcept.fr\/wp-content\/uploads\/2024\/03\/IMG_3126-768x576.jpg 768w, https:\/\/www.wbtoitconcept.fr\/wp-content\/uploads\/2024\/03\/IMG_3126-1536x1152.jpg 1536w, https:\/\/www.wbtoitconcept.fr\/wp-content\/uploads\/2024\/03\/IMG_3126-2048x1536.jpg 2048w, https:\/\/www.wbtoitconcept.fr\/wp-content\/uploads\/2024\/03\/IMG_3126-1500x1125.jpg 1500w, https:\/\/www.wbtoitconcept.fr\/wp-content\/uploads\/2024\/03\/IMG_3126-705x529.jpg 705w\" data-sizes=\"(max-width: 1030px) 100vw, 1030px\" class='av-horizontal-gallery-link' aria-hidden='true' data-av_icon='\ue869' data-av_iconfont='entypo-fontello' title='IMG_3126' alt=''><\/a><\/div><div class='av-horizontal-gallery-wrap noHover'><img decoding=\"async\" class='wp-image-1742 avia-img-lazy-loading-not-1742 av-horizontal-gallery-img' width=\"773\" height=\"1030\" src=\"https:\/\/www.wbtoitconcept.fr\/wp-content\/uploads\/2024\/03\/IMG_3123-773x1030.jpg\" title='IMG_3123' alt='' srcset=\"https:\/\/www.wbtoitconcept.fr\/wp-content\/uploads\/2024\/03\/IMG_3123-773x1030.jpg 773w, https:\/\/www.wbtoitconcept.fr\/wp-content\/uploads\/2024\/03\/IMG_3123-225x300.jpg 225w, https:\/\/www.wbtoitconcept.fr\/wp-content\/uploads\/2024\/03\/IMG_3123-768x1024.jpg 768w, https:\/\/www.wbtoitconcept.fr\/wp-content\/uploads\/2024\/03\/IMG_3123-1152x1536.jpg 1152w, https:\/\/www.wbtoitconcept.fr\/wp-content\/uploads\/2024\/03\/IMG_3123-1536x2048.jpg 1536w, https:\/\/www.wbtoitconcept.fr\/wp-content\/uploads\/2024\/03\/IMG_3123-1125x1500.jpg 1125w, https:\/\/www.wbtoitconcept.fr\/wp-content\/uploads\/2024\/03\/IMG_3123-529x705.jpg 529w, https:\/\/www.wbtoitconcept.fr\/wp-content\/uploads\/2024\/03\/IMG_3123-scaled.jpg 1920w\" sizes=\"(max-width: 773px) 100vw, 773px\" \/><a href=\"https:\/\/www.wbtoitconcept.fr\/wp-content\/uploads\/2024\/03\/IMG_3123-773x1030.jpg\" data-srcset=\"https:\/\/www.wbtoitconcept.fr\/wp-content\/uploads\/2024\/03\/IMG_3123-773x1030.jpg 773w, https:\/\/www.wbtoitconcept.fr\/wp-content\/uploads\/2024\/03\/IMG_3123-225x300.jpg 225w, https:\/\/www.wbtoitconcept.fr\/wp-content\/uploads\/2024\/03\/IMG_3123-768x1024.jpg 768w, https:\/\/www.wbtoitconcept.fr\/wp-content\/uploads\/2024\/03\/IMG_3123-1152x1536.jpg 1152w, https:\/\/www.wbtoitconcept.fr\/wp-content\/uploads\/2024\/03\/IMG_3123-1536x2048.jpg 1536w, https:\/\/www.wbtoitconcept.fr\/wp-content\/uploads\/2024\/03\/IMG_3123-1125x1500.jpg 1125w, https:\/\/www.wbtoitconcept.fr\/wp-content\/uploads\/2024\/03\/IMG_3123-529x705.jpg 529w, https:\/\/www.wbtoitconcept.fr\/wp-content\/uploads\/2024\/03\/IMG_3123-scaled.jpg 1920w\" data-sizes=\"(max-width: 773px) 100vw, 773px\" class='av-horizontal-gallery-link' aria-hidden='true' data-av_icon='\ue869' data-av_iconfont='entypo-fontello' title='IMG_3123' alt=''><\/a><\/div><div class='av-horizontal-gallery-wrap noHover'><img decoding=\"async\" class='wp-image-1741 avia-img-lazy-loading-not-1741 av-horizontal-gallery-img' width=\"773\" height=\"1030\" src=\"https:\/\/www.wbtoitconcept.fr\/wp-content\/uploads\/2024\/03\/IMG_2461-773x1030.jpg\" title='IMG_2461' alt='' srcset=\"https:\/\/www.wbtoitconcept.fr\/wp-content\/uploads\/2024\/03\/IMG_2461-773x1030.jpg 773w, https:\/\/www.wbtoitconcept.fr\/wp-content\/uploads\/2024\/03\/IMG_2461-225x300.jpg 225w, https:\/\/www.wbtoitconcept.fr\/wp-content\/uploads\/2024\/03\/IMG_2461-768x1024.jpg 768w, https:\/\/www.wbtoitconcept.fr\/wp-content\/uploads\/2024\/03\/IMG_2461-1152x1536.jpg 1152w, https:\/\/www.wbtoitconcept.fr\/wp-content\/uploads\/2024\/03\/IMG_2461-1536x2048.jpg 1536w, https:\/\/www.wbtoitconcept.fr\/wp-content\/uploads\/2024\/03\/IMG_2461-1125x1500.jpg 1125w, https:\/\/www.wbtoitconcept.fr\/wp-content\/uploads\/2024\/03\/IMG_2461-529x705.jpg 529w, https:\/\/www.wbtoitconcept.fr\/wp-content\/uploads\/2024\/03\/IMG_2461-scaled.jpg 1920w\" sizes=\"(max-width: 773px) 100vw, 773px\" \/><a href=\"https:\/\/www.wbtoitconcept.fr\/wp-content\/uploads\/2024\/03\/IMG_2461-773x1030.jpg\" data-srcset=\"https:\/\/www.wbtoitconcept.fr\/wp-content\/uploads\/2024\/03\/IMG_2461-773x1030.jpg 773w, https:\/\/www.wbtoitconcept.fr\/wp-content\/uploads\/2024\/03\/IMG_2461-225x300.jpg 225w, https:\/\/www.wbtoitconcept.fr\/wp-content\/uploads\/2024\/03\/IMG_2461-768x1024.jpg 768w, https:\/\/www.wbtoitconcept.fr\/wp-content\/uploads\/2024\/03\/IMG_2461-1152x1536.jpg 1152w, https:\/\/www.wbtoitconcept.fr\/wp-content\/uploads\/2024\/03\/IMG_2461-1536x2048.jpg 1536w, https:\/\/www.wbtoitconcept.fr\/wp-content\/uploads\/2024\/03\/IMG_2461-1125x1500.jpg 1125w, https:\/\/www.wbtoitconcept.fr\/wp-content\/uploads\/2024\/03\/IMG_2461-529x705.jpg 529w, https:\/\/www.wbtoitconcept.fr\/wp-content\/uploads\/2024\/03\/IMG_2461-scaled.jpg 1920w\" data-sizes=\"(max-width: 773px) 100vw, 773px\" class='av-horizontal-gallery-link' aria-hidden='true' data-av_icon='\ue869' data-av_iconfont='entypo-fontello' title='IMG_2461' alt=''><\/a><\/div><div class='av-horizontal-gallery-wrap noHover'><img decoding=\"async\" class='wp-image-1740 avia-img-lazy-loading-not-1740 av-horizontal-gallery-img' width=\"1\" height=\"1\" src=\"https:\/\/www.wbtoitconcept.fr\/wp-content\/uploads\/2024\/03\/IMG_1544.heic\" title='IMG_1544' alt='' \/><a href=\"https:\/\/www.wbtoitconcept.fr\/wp-content\/uploads\/2024\/03\/IMG_1544.heic\" class='av-horizontal-gallery-link' aria-hidden='true' data-av_icon='\ue869' data-av_iconfont='entypo-fontello' title='IMG_1544' alt=''><\/a><\/div><div class='av-horizontal-gallery-wrap noHover'><img decoding=\"async\" class='wp-image-1739 avia-img-lazy-loading-not-1739 av-horizontal-gallery-img' width=\"1\" height=\"1\" src=\"https:\/\/www.wbtoitconcept.fr\/wp-content\/uploads\/2024\/03\/IMG_0655.heic\" title='IMG_0655' alt='' \/><a href=\"https:\/\/www.wbtoitconcept.fr\/wp-content\/uploads\/2024\/03\/IMG_0655.heic\" class='av-horizontal-gallery-link' aria-hidden='true' data-av_icon='\ue869' data-av_iconfont='entypo-fontello' title='IMG_0655' alt=''><\/a><\/div><div class='av-horizontal-gallery-wrap noHover'><img decoding=\"async\" class='wp-image-1689 avia-img-lazy-loading-not-1689 av-horizontal-gallery-img' width=\"773\" height=\"1030\" src=\"https:\/\/www.wbtoitconcept.fr\/wp-content\/uploads\/2024\/03\/IMG_2913-773x1030.jpg\" title='IMG_2913' alt='' srcset=\"https:\/\/www.wbtoitconcept.fr\/wp-content\/uploads\/2024\/03\/IMG_2913-773x1030.jpg 773w, https:\/\/www.wbtoitconcept.fr\/wp-content\/uploads\/2024\/03\/IMG_2913-225x300.jpg 225w, https:\/\/www.wbtoitconcept.fr\/wp-content\/uploads\/2024\/03\/IMG_2913-768x1024.jpg 768w, https:\/\/www.wbtoitconcept.fr\/wp-content\/uploads\/2024\/03\/IMG_2913-1152x1536.jpg 1152w, https:\/\/www.wbtoitconcept.fr\/wp-content\/uploads\/2024\/03\/IMG_2913-1536x2048.jpg 1536w, https:\/\/www.wbtoitconcept.fr\/wp-content\/uploads\/2024\/03\/IMG_2913-1125x1500.jpg 1125w, https:\/\/www.wbtoitconcept.fr\/wp-content\/uploads\/2024\/03\/IMG_2913-529x705.jpg 529w, https:\/\/www.wbtoitconcept.fr\/wp-content\/uploads\/2024\/03\/IMG_2913-scaled.jpg 1920w\" sizes=\"(max-width: 773px) 100vw, 773px\" \/><a href=\"https:\/\/www.wbtoitconcept.fr\/wp-content\/uploads\/2024\/03\/IMG_2913-773x1030.jpg\" data-srcset=\"https:\/\/www.wbtoitconcept.fr\/wp-content\/uploads\/2024\/03\/IMG_2913-773x1030.jpg 773w, https:\/\/www.wbtoitconcept.fr\/wp-content\/uploads\/2024\/03\/IMG_2913-225x300.jpg 225w, https:\/\/www.wbtoitconcept.fr\/wp-content\/uploads\/2024\/03\/IMG_2913-768x1024.jpg 768w, https:\/\/www.wbtoitconcept.fr\/wp-content\/uploads\/2024\/03\/IMG_2913-1152x1536.jpg 1152w, https:\/\/www.wbtoitconcept.fr\/wp-content\/uploads\/2024\/03\/IMG_2913-1536x2048.jpg 1536w, https:\/\/www.wbtoitconcept.fr\/wp-content\/uploads\/2024\/03\/IMG_2913-1125x1500.jpg 1125w, https:\/\/www.wbtoitconcept.fr\/wp-content\/uploads\/2024\/03\/IMG_2913-529x705.jpg 529w, https:\/\/www.wbtoitconcept.fr\/wp-content\/uploads\/2024\/03\/IMG_2913-scaled.jpg 1920w\" data-sizes=\"(max-width: 773px) 100vw, 773px\" class='av-horizontal-gallery-link' aria-hidden='true' data-av_icon='\ue869' data-av_iconfont='entypo-fontello' title='IMG_2913' alt=''><\/a><\/div><div class='av-horizontal-gallery-wrap noHover'><img decoding=\"async\" class='wp-image-1690 avia-img-lazy-loading-not-1690 av-horizontal-gallery-img' width=\"773\" height=\"1030\" src=\"https:\/\/www.wbtoitconcept.fr\/wp-content\/uploads\/2024\/03\/IMG_2915-773x1030.jpg\" title='IMG_2915' alt='' srcset=\"https:\/\/www.wbtoitconcept.fr\/wp-content\/uploads\/2024\/03\/IMG_2915-773x1030.jpg 773w, https:\/\/www.wbtoitconcept.fr\/wp-content\/uploads\/2024\/03\/IMG_2915-225x300.jpg 225w, https:\/\/www.wbtoitconcept.fr\/wp-content\/uploads\/2024\/03\/IMG_2915-768x1024.jpg 768w, https:\/\/www.wbtoitconcept.fr\/wp-content\/uploads\/2024\/03\/IMG_2915-1152x1536.jpg 1152w, https:\/\/www.wbtoitconcept.fr\/wp-content\/uploads\/2024\/03\/IMG_2915-1536x2048.jpg 1536w, https:\/\/www.wbtoitconcept.fr\/wp-content\/uploads\/2024\/03\/IMG_2915-1125x1500.jpg 1125w, https:\/\/www.wbtoitconcept.fr\/wp-content\/uploads\/2024\/03\/IMG_2915-529x705.jpg 529w, https:\/\/www.wbtoitconcept.fr\/wp-content\/uploads\/2024\/03\/IMG_2915-scaled.jpg 1920w\" sizes=\"(max-width: 773px) 100vw, 773px\" \/><a href=\"https:\/\/www.wbtoitconcept.fr\/wp-content\/uploads\/2024\/03\/IMG_2915-773x1030.jpg\" data-srcset=\"https:\/\/www.wbtoitconcept.fr\/wp-content\/uploads\/2024\/03\/IMG_2915-773x1030.jpg 773w, https:\/\/www.wbtoitconcept.fr\/wp-content\/uploads\/2024\/03\/IMG_2915-225x300.jpg 225w, https:\/\/www.wbtoitconcept.fr\/wp-content\/uploads\/2024\/03\/IMG_2915-768x1024.jpg 768w, https:\/\/www.wbtoitconcept.fr\/wp-content\/uploads\/2024\/03\/IMG_2915-1152x1536.jpg 1152w, https:\/\/www.wbtoitconcept.fr\/wp-content\/uploads\/2024\/03\/IMG_2915-1536x2048.jpg 1536w, https:\/\/www.wbtoitconcept.fr\/wp-content\/uploads\/2024\/03\/IMG_2915-1125x1500.jpg 1125w, https:\/\/www.wbtoitconcept.fr\/wp-content\/uploads\/2024\/03\/IMG_2915-529x705.jpg 529w, https:\/\/www.wbtoitconcept.fr\/wp-content\/uploads\/2024\/03\/IMG_2915-scaled.jpg 1920w\" data-sizes=\"(max-width: 773px) 100vw, 773px\" class='av-horizontal-gallery-link' aria-hidden='true' data-av_icon='\ue869' data-av_iconfont='entypo-fontello' title='IMG_2915' alt=''><\/a><\/div><div class='av-horizontal-gallery-wrap noHover'><img decoding=\"async\" class='wp-image-1691 avia-img-lazy-loading-not-1691 av-horizontal-gallery-img' width=\"773\" height=\"1030\" src=\"https:\/\/www.wbtoitconcept.fr\/wp-content\/uploads\/2024\/03\/IMG_2920-773x1030.jpg\" title='Fen\u00eatre de toit' alt='Installation de fen\u00eatre de toit' srcset=\"https:\/\/www.wbtoitconcept.fr\/wp-content\/uploads\/2024\/03\/IMG_2920-773x1030.jpg 773w, https:\/\/www.wbtoitconcept.fr\/wp-content\/uploads\/2024\/03\/IMG_2920-225x300.jpg 225w, https:\/\/www.wbtoitconcept.fr\/wp-content\/uploads\/2024\/03\/IMG_2920-768x1024.jpg 768w, https:\/\/www.wbtoitconcept.fr\/wp-content\/uploads\/2024\/03\/IMG_2920-1152x1536.jpg 1152w, https:\/\/www.wbtoitconcept.fr\/wp-content\/uploads\/2024\/03\/IMG_2920-1536x2048.jpg 1536w, https:\/\/www.wbtoitconcept.fr\/wp-content\/uploads\/2024\/03\/IMG_2920-1125x1500.jpg 1125w, https:\/\/www.wbtoitconcept.fr\/wp-content\/uploads\/2024\/03\/IMG_2920-529x705.jpg 529w, https:\/\/www.wbtoitconcept.fr\/wp-content\/uploads\/2024\/03\/IMG_2920-scaled.jpg 1920w\" sizes=\"(max-width: 773px) 100vw, 773px\" \/><a href=\"https:\/\/www.wbtoitconcept.fr\/wp-content\/uploads\/2024\/03\/IMG_2920-773x1030.jpg\" data-srcset=\"https:\/\/www.wbtoitconcept.fr\/wp-content\/uploads\/2024\/03\/IMG_2920-773x1030.jpg 773w, https:\/\/www.wbtoitconcept.fr\/wp-content\/uploads\/2024\/03\/IMG_2920-225x300.jpg 225w, https:\/\/www.wbtoitconcept.fr\/wp-content\/uploads\/2024\/03\/IMG_2920-768x1024.jpg 768w, https:\/\/www.wbtoitconcept.fr\/wp-content\/uploads\/2024\/03\/IMG_2920-1152x1536.jpg 1152w, https:\/\/www.wbtoitconcept.fr\/wp-content\/uploads\/2024\/03\/IMG_2920-1536x2048.jpg 1536w, https:\/\/www.wbtoitconcept.fr\/wp-content\/uploads\/2024\/03\/IMG_2920-1125x1500.jpg 1125w, https:\/\/www.wbtoitconcept.fr\/wp-content\/uploads\/2024\/03\/IMG_2920-529x705.jpg 529w, https:\/\/www.wbtoitconcept.fr\/wp-content\/uploads\/2024\/03\/IMG_2920-scaled.jpg 1920w\" data-sizes=\"(max-width: 773px) 100vw, 773px\" class='av-horizontal-gallery-link' aria-hidden='true' data-av_icon='\ue869' data-av_iconfont='entypo-fontello' title='Fen\u00eatre de toit' alt='Installation de fen\u00eatre de toit'><\/a><\/div><div class='av-horizontal-gallery-wrap noHover'><img decoding=\"async\" class='wp-image-1635 avia-img-lazy-loading-not-1635 av-horizontal-gallery-img' width=\"1030\" height=\"773\" src=\"https:\/\/www.wbtoitconcept.fr\/wp-content\/uploads\/2024\/03\/IMG_5217-1030x773.jpeg\" title='IMG_5217' alt='' srcset=\"https:\/\/www.wbtoitconcept.fr\/wp-content\/uploads\/2024\/03\/IMG_5217-1030x773.jpeg 1030w, https:\/\/www.wbtoitconcept.fr\/wp-content\/uploads\/2024\/03\/IMG_5217-300x225.jpeg 300w, https:\/\/www.wbtoitconcept.fr\/wp-content\/uploads\/2024\/03\/IMG_5217-768x576.jpeg 768w, https:\/\/www.wbtoitconcept.fr\/wp-content\/uploads\/2024\/03\/IMG_5217-1536x1152.jpeg 1536w, https:\/\/www.wbtoitconcept.fr\/wp-content\/uploads\/2024\/03\/IMG_5217-2048x1536.jpeg 2048w, https:\/\/www.wbtoitconcept.fr\/wp-content\/uploads\/2024\/03\/IMG_5217-1500x1125.jpeg 1500w, https:\/\/www.wbtoitconcept.fr\/wp-content\/uploads\/2024\/03\/IMG_5217-705x529.jpeg 705w\" sizes=\"(max-width: 1030px) 100vw, 1030px\" \/><a href=\"https:\/\/www.wbtoitconcept.fr\/wp-content\/uploads\/2024\/03\/IMG_5217-1030x773.jpeg\" data-srcset=\"https:\/\/www.wbtoitconcept.fr\/wp-content\/uploads\/2024\/03\/IMG_5217-1030x773.jpeg 1030w, https:\/\/www.wbtoitconcept.fr\/wp-content\/uploads\/2024\/03\/IMG_5217-300x225.jpeg 300w, https:\/\/www.wbtoitconcept.fr\/wp-content\/uploads\/2024\/03\/IMG_5217-768x576.jpeg 768w, https:\/\/www.wbtoitconcept.fr\/wp-content\/uploads\/2024\/03\/IMG_5217-1536x1152.jpeg 1536w, https:\/\/www.wbtoitconcept.fr\/wp-content\/uploads\/2024\/03\/IMG_5217-2048x1536.jpeg 2048w, https:\/\/www.wbtoitconcept.fr\/wp-content\/uploads\/2024\/03\/IMG_5217-1500x1125.jpeg 1500w, https:\/\/www.wbtoitconcept.fr\/wp-content\/uploads\/2024\/03\/IMG_5217-705x529.jpeg 705w\" data-sizes=\"(max-width: 1030px) 100vw, 1030px\" class='av-horizontal-gallery-link' aria-hidden='true' data-av_icon='\ue869' data-av_iconfont='entypo-fontello' title='IMG_5217' alt=''><\/a><\/div><div class='av-horizontal-gallery-wrap noHover'><img decoding=\"async\" class='wp-image-1630 avia-img-lazy-loading-not-1630 av-horizontal-gallery-img' width=\"1030\" height=\"579\" src=\"https:\/\/www.wbtoitconcept.fr\/wp-content\/uploads\/2024\/03\/DJI_0319-1030x579.jpg\" title='DCIM100MEDIADJI_0319.JPG' alt='' srcset=\"https:\/\/www.wbtoitconcept.fr\/wp-content\/uploads\/2024\/03\/DJI_0319-1030x579.jpg 1030w, https:\/\/www.wbtoitconcept.fr\/wp-content\/uploads\/2024\/03\/DJI_0319-300x169.jpg 300w, https:\/\/www.wbtoitconcept.fr\/wp-content\/uploads\/2024\/03\/DJI_0319-768x432.jpg 768w, https:\/\/www.wbtoitconcept.fr\/wp-content\/uploads\/2024\/03\/DJI_0319-1536x864.jpg 1536w, https:\/\/www.wbtoitconcept.fr\/wp-content\/uploads\/2024\/03\/DJI_0319-2048x1152.jpg 2048w, https:\/\/www.wbtoitconcept.fr\/wp-content\/uploads\/2024\/03\/DJI_0319-1500x844.jpg 1500w, https:\/\/www.wbtoitconcept.fr\/wp-content\/uploads\/2024\/03\/DJI_0319-705x397.jpg 705w\" sizes=\"(max-width: 1030px) 100vw, 1030px\" \/><a href=\"https:\/\/www.wbtoitconcept.fr\/wp-content\/uploads\/2024\/03\/DJI_0319-1030x579.jpg\" data-srcset=\"https:\/\/www.wbtoitconcept.fr\/wp-content\/uploads\/2024\/03\/DJI_0319-1030x579.jpg 1030w, https:\/\/www.wbtoitconcept.fr\/wp-content\/uploads\/2024\/03\/DJI_0319-300x169.jpg 300w, https:\/\/www.wbtoitconcept.fr\/wp-content\/uploads\/2024\/03\/DJI_0319-768x432.jpg 768w, https:\/\/www.wbtoitconcept.fr\/wp-content\/uploads\/2024\/03\/DJI_0319-1536x864.jpg 1536w, https:\/\/www.wbtoitconcept.fr\/wp-content\/uploads\/2024\/03\/DJI_0319-2048x1152.jpg 2048w, https:\/\/www.wbtoitconcept.fr\/wp-content\/uploads\/2024\/03\/DJI_0319-1500x844.jpg 1500w, https:\/\/www.wbtoitconcept.fr\/wp-content\/uploads\/2024\/03\/DJI_0319-705x397.jpg 705w\" data-sizes=\"(max-width: 1030px) 100vw, 1030px\" class='av-horizontal-gallery-link' aria-hidden='true' data-av_icon='\ue869' data-av_iconfont='entypo-fontello' title='DCIM100MEDIADJI_0319.JPG' alt=''><\/a><\/div><div class='av-horizontal-gallery-wrap noHover'><img decoding=\"async\" class='wp-image-1624 avia-img-lazy-loading-not-1624 av-horizontal-gallery-img' width=\"1030\" height=\"579\" src=\"https:\/\/www.wbtoitconcept.fr\/wp-content\/uploads\/2024\/03\/DJI_0099-1030x579.jpg\" title='DCIM100MEDIADJI_0099.JPG' alt='' srcset=\"https:\/\/www.wbtoitconcept.fr\/wp-content\/uploads\/2024\/03\/DJI_0099-1030x579.jpg 1030w, https:\/\/www.wbtoitconcept.fr\/wp-content\/uploads\/2024\/03\/DJI_0099-300x169.jpg 300w, https:\/\/www.wbtoitconcept.fr\/wp-content\/uploads\/2024\/03\/DJI_0099-768x432.jpg 768w, https:\/\/www.wbtoitconcept.fr\/wp-content\/uploads\/2024\/03\/DJI_0099-1536x864.jpg 1536w, https:\/\/www.wbtoitconcept.fr\/wp-content\/uploads\/2024\/03\/DJI_0099-2048x1152.jpg 2048w, https:\/\/www.wbtoitconcept.fr\/wp-content\/uploads\/2024\/03\/DJI_0099-1500x844.jpg 1500w, https:\/\/www.wbtoitconcept.fr\/wp-content\/uploads\/2024\/03\/DJI_0099-705x397.jpg 705w\" sizes=\"(max-width: 1030px) 100vw, 1030px\" \/><a href=\"https:\/\/www.wbtoitconcept.fr\/wp-content\/uploads\/2024\/03\/DJI_0099-1030x579.jpg\" data-srcset=\"https:\/\/www.wbtoitconcept.fr\/wp-content\/uploads\/2024\/03\/DJI_0099-1030x579.jpg 1030w, https:\/\/www.wbtoitconcept.fr\/wp-content\/uploads\/2024\/03\/DJI_0099-300x169.jpg 300w, https:\/\/www.wbtoitconcept.fr\/wp-content\/uploads\/2024\/03\/DJI_0099-768x432.jpg 768w, https:\/\/www.wbtoitconcept.fr\/wp-content\/uploads\/2024\/03\/DJI_0099-1536x864.jpg 1536w, https:\/\/www.wbtoitconcept.fr\/wp-content\/uploads\/2024\/03\/DJI_0099-2048x1152.jpg 2048w, https:\/\/www.wbtoitconcept.fr\/wp-content\/uploads\/2024\/03\/DJI_0099-1500x844.jpg 1500w, https:\/\/www.wbtoitconcept.fr\/wp-content\/uploads\/2024\/03\/DJI_0099-705x397.jpg 705w\" data-sizes=\"(max-width: 1030px) 100vw, 1030px\" class='av-horizontal-gallery-link' aria-hidden='true' data-av_icon='\ue869' data-av_iconfont='entypo-fontello' title='DCIM100MEDIADJI_0099.JPG' alt=''><\/a><\/div><div class='av-horizontal-gallery-wrap noHover'><img decoding=\"async\" class='wp-image-1234 avia-img-lazy-loading-not-1234 av-horizontal-gallery-img' width=\"1030\" height=\"773\" src=\"https:\/\/www.wbtoitconcept.fr\/wp-content\/uploads\/2021\/09\/Pose-de-Velux-en-creation-WB-toit-concept-1030x773.jpeg\" title='Remplacement de toiture dans toute la r\u00e9gion de Perpignan' alt='Remplacement de toiture avec installation de fen\u00eatre de toit Velux ,dans toute la r\u00e9gion de Perpignan' srcset=\"https:\/\/www.wbtoitconcept.fr\/wp-content\/uploads\/2021\/09\/Pose-de-Velux-en-creation-WB-toit-concept-1030x773.jpeg 1030w, https:\/\/www.wbtoitconcept.fr\/wp-content\/uploads\/2021\/09\/Pose-de-Velux-en-creation-WB-toit-concept-300x225.jpeg 300w, https:\/\/www.wbtoitconcept.fr\/wp-content\/uploads\/2021\/09\/Pose-de-Velux-en-creation-WB-toit-concept-768x576.jpeg 768w, https:\/\/www.wbtoitconcept.fr\/wp-content\/uploads\/2021\/09\/Pose-de-Velux-en-creation-WB-toit-concept-1536x1152.jpeg 1536w, https:\/\/www.wbtoitconcept.fr\/wp-content\/uploads\/2021\/09\/Pose-de-Velux-en-creation-WB-toit-concept-2048x1536.jpeg 2048w, https:\/\/www.wbtoitconcept.fr\/wp-content\/uploads\/2021\/09\/Pose-de-Velux-en-creation-WB-toit-concept-1500x1125.jpeg 1500w, https:\/\/www.wbtoitconcept.fr\/wp-content\/uploads\/2021\/09\/Pose-de-Velux-en-creation-WB-toit-concept-705x529.jpeg 705w, https:\/\/www.wbtoitconcept.fr\/wp-content\/uploads\/2021\/09\/Pose-de-Velux-en-creation-WB-toit-concept-450x338.jpeg 450w\" sizes=\"(max-width: 1030px) 100vw, 1030px\" \/><a href=\"https:\/\/www.wbtoitconcept.fr\/wp-content\/uploads\/2021\/09\/Pose-de-Velux-en-creation-WB-toit-concept-1030x773.jpeg\" data-srcset=\"https:\/\/www.wbtoitconcept.fr\/wp-content\/uploads\/2021\/09\/Pose-de-Velux-en-creation-WB-toit-concept-1030x773.jpeg 1030w, https:\/\/www.wbtoitconcept.fr\/wp-content\/uploads\/2021\/09\/Pose-de-Velux-en-creation-WB-toit-concept-300x225.jpeg 300w, https:\/\/www.wbtoitconcept.fr\/wp-content\/uploads\/2021\/09\/Pose-de-Velux-en-creation-WB-toit-concept-768x576.jpeg 768w, https:\/\/www.wbtoitconcept.fr\/wp-content\/uploads\/2021\/09\/Pose-de-Velux-en-creation-WB-toit-concept-1536x1152.jpeg 1536w, https:\/\/www.wbtoitconcept.fr\/wp-content\/uploads\/2021\/09\/Pose-de-Velux-en-creation-WB-toit-concept-2048x1536.jpeg 2048w, https:\/\/www.wbtoitconcept.fr\/wp-content\/uploads\/2021\/09\/Pose-de-Velux-en-creation-WB-toit-concept-1500x1125.jpeg 1500w, https:\/\/www.wbtoitconcept.fr\/wp-content\/uploads\/2021\/09\/Pose-de-Velux-en-creation-WB-toit-concept-705x529.jpeg 705w, https:\/\/www.wbtoitconcept.fr\/wp-content\/uploads\/2021\/09\/Pose-de-Velux-en-creation-WB-toit-concept-450x338.jpeg 450w\" data-sizes=\"(max-width: 1030px) 100vw, 1030px\" class='av-horizontal-gallery-link' aria-hidden='true' data-av_icon='\ue869' data-av_iconfont='entypo-fontello' title='Remplacement de toiture dans toute la r\u00e9gion de Perpignan' alt='Remplacement de toiture avec installation de fen\u00eatre de toit Velux ,dans toute la r\u00e9gion de Perpignan'><\/a><\/div><div class='av-horizontal-gallery-wrap noHover'><img decoding=\"async\" class='wp-image-1233 avia-img-lazy-loading-not-1233 av-horizontal-gallery-img' width=\"773\" height=\"1030\" src=\"https:\/\/www.wbtoitconcept.fr\/wp-content\/uploads\/2021\/09\/Installation-de-Velux-couvreur-Perpignan-773x1030.jpeg\" title='Remplacement de toiture dans toute la r\u00e9gion de Perpignan' alt='Remplacement de toiture dans toute la r\u00e9gion de Perpignan' srcset=\"https:\/\/www.wbtoitconcept.fr\/wp-content\/uploads\/2021\/09\/Installation-de-Velux-couvreur-Perpignan-773x1030.jpeg 773w, https:\/\/www.wbtoitconcept.fr\/wp-content\/uploads\/2021\/09\/Installation-de-Velux-couvreur-Perpignan-225x300.jpeg 225w, https:\/\/www.wbtoitconcept.fr\/wp-content\/uploads\/2021\/09\/Installation-de-Velux-couvreur-Perpignan-768x1024.jpeg 768w, https:\/\/www.wbtoitconcept.fr\/wp-content\/uploads\/2021\/09\/Installation-de-Velux-couvreur-Perpignan-1152x1536.jpeg 1152w, https:\/\/www.wbtoitconcept.fr\/wp-content\/uploads\/2021\/09\/Installation-de-Velux-couvreur-Perpignan-1536x2048.jpeg 1536w, https:\/\/www.wbtoitconcept.fr\/wp-content\/uploads\/2021\/09\/Installation-de-Velux-couvreur-Perpignan-1125x1500.jpeg 1125w, https:\/\/www.wbtoitconcept.fr\/wp-content\/uploads\/2021\/09\/Installation-de-Velux-couvreur-Perpignan-529x705.jpeg 529w, https:\/\/www.wbtoitconcept.fr\/wp-content\/uploads\/2021\/09\/Installation-de-Velux-couvreur-Perpignan-450x600.jpeg 450w, https:\/\/www.wbtoitconcept.fr\/wp-content\/uploads\/2021\/09\/Installation-de-Velux-couvreur-Perpignan-scaled.jpeg 1920w\" sizes=\"(max-width: 773px) 100vw, 773px\" \/><a href=\"https:\/\/www.wbtoitconcept.fr\/wp-content\/uploads\/2021\/09\/Installation-de-Velux-couvreur-Perpignan-773x1030.jpeg\" data-srcset=\"https:\/\/www.wbtoitconcept.fr\/wp-content\/uploads\/2021\/09\/Installation-de-Velux-couvreur-Perpignan-773x1030.jpeg 773w, https:\/\/www.wbtoitconcept.fr\/wp-content\/uploads\/2021\/09\/Installation-de-Velux-couvreur-Perpignan-225x300.jpeg 225w, https:\/\/www.wbtoitconcept.fr\/wp-content\/uploads\/2021\/09\/Installation-de-Velux-couvreur-Perpignan-768x1024.jpeg 768w, https:\/\/www.wbtoitconcept.fr\/wp-content\/uploads\/2021\/09\/Installation-de-Velux-couvreur-Perpignan-1152x1536.jpeg 1152w, https:\/\/www.wbtoitconcept.fr\/wp-content\/uploads\/2021\/09\/Installation-de-Velux-couvreur-Perpignan-1536x2048.jpeg 1536w, https:\/\/www.wbtoitconcept.fr\/wp-content\/uploads\/2021\/09\/Installation-de-Velux-couvreur-Perpignan-1125x1500.jpeg 1125w, https:\/\/www.wbtoitconcept.fr\/wp-content\/uploads\/2021\/09\/Installation-de-Velux-couvreur-Perpignan-529x705.jpeg 529w, https:\/\/www.wbtoitconcept.fr\/wp-content\/uploads\/2021\/09\/Installation-de-Velux-couvreur-Perpignan-450x600.jpeg 450w, https:\/\/www.wbtoitconcept.fr\/wp-content\/uploads\/2021\/09\/Installation-de-Velux-couvreur-Perpignan-scaled.jpeg 1920w\" data-sizes=\"(max-width: 773px) 100vw, 773px\" class='av-horizontal-gallery-link' aria-hidden='true' data-av_icon='\ue869' data-av_iconfont='entypo-fontello' title='Remplacement de toiture dans toute la r\u00e9gion de Perpignan' alt='Remplacement de toiture dans toute la r\u00e9gion de Perpignan'><\/a><\/div><div class='av-horizontal-gallery-wrap noHover'><img decoding=\"async\" class='wp-image-1215 avia-img-lazy-loading-not-1215 av-horizontal-gallery-img' width=\"773\" height=\"1030\" src=\"https:\/\/www.wbtoitconcept.fr\/wp-content\/uploads\/2021\/09\/IMG_5554-773x1030.jpeg\" title='Remplacement de toiture dans toute la r\u00e9gion de Perpignan' alt='Remplacement de toiture dans toute la r\u00e9gion de Perpignan' srcset=\"https:\/\/www.wbtoitconcept.fr\/wp-content\/uploads\/2021\/09\/IMG_5554-773x1030.jpeg 773w, https:\/\/www.wbtoitconcept.fr\/wp-content\/uploads\/2021\/09\/IMG_5554-225x300.jpeg 225w, https:\/\/www.wbtoitconcept.fr\/wp-content\/uploads\/2021\/09\/IMG_5554-768x1024.jpeg 768w, https:\/\/www.wbtoitconcept.fr\/wp-content\/uploads\/2021\/09\/IMG_5554-1152x1536.jpeg 1152w, https:\/\/www.wbtoitconcept.fr\/wp-content\/uploads\/2021\/09\/IMG_5554-1536x2048.jpeg 1536w, https:\/\/www.wbtoitconcept.fr\/wp-content\/uploads\/2021\/09\/IMG_5554-1125x1500.jpeg 1125w, https:\/\/www.wbtoitconcept.fr\/wp-content\/uploads\/2021\/09\/IMG_5554-529x705.jpeg 529w, https:\/\/www.wbtoitconcept.fr\/wp-content\/uploads\/2021\/09\/IMG_5554-450x600.jpeg 450w, https:\/\/www.wbtoitconcept.fr\/wp-content\/uploads\/2021\/09\/IMG_5554-scaled.jpeg 1920w\" sizes=\"(max-width: 773px) 100vw, 773px\" \/><a href=\"https:\/\/www.wbtoitconcept.fr\/wp-content\/uploads\/2021\/09\/IMG_5554-773x1030.jpeg\" data-srcset=\"https:\/\/www.wbtoitconcept.fr\/wp-content\/uploads\/2021\/09\/IMG_5554-773x1030.jpeg 773w, https:\/\/www.wbtoitconcept.fr\/wp-content\/uploads\/2021\/09\/IMG_5554-225x300.jpeg 225w, https:\/\/www.wbtoitconcept.fr\/wp-content\/uploads\/2021\/09\/IMG_5554-768x1024.jpeg 768w, https:\/\/www.wbtoitconcept.fr\/wp-content\/uploads\/2021\/09\/IMG_5554-1152x1536.jpeg 1152w, https:\/\/www.wbtoitconcept.fr\/wp-content\/uploads\/2021\/09\/IMG_5554-1536x2048.jpeg 1536w, https:\/\/www.wbtoitconcept.fr\/wp-content\/uploads\/2021\/09\/IMG_5554-1125x1500.jpeg 1125w, https:\/\/www.wbtoitconcept.fr\/wp-content\/uploads\/2021\/09\/IMG_5554-529x705.jpeg 529w, https:\/\/www.wbtoitconcept.fr\/wp-content\/uploads\/2021\/09\/IMG_5554-450x600.jpeg 450w, https:\/\/www.wbtoitconcept.fr\/wp-content\/uploads\/2021\/09\/IMG_5554-scaled.jpeg 1920w\" data-sizes=\"(max-width: 773px) 100vw, 773px\" class='av-horizontal-gallery-link' aria-hidden='true' data-av_icon='\ue869' data-av_iconfont='entypo-fontello' title='Remplacement de toiture dans toute la r\u00e9gion de Perpignan' alt='Remplacement de toiture dans toute la r\u00e9gion de Perpignan'><\/a><\/div><div class='av-horizontal-gallery-wrap noHover'><img decoding=\"async\" class='wp-image-1163 avia-img-lazy-loading-not-1163 av-horizontal-gallery-img' width=\"773\" height=\"1030\" src=\"https:\/\/www.wbtoitconcept.fr\/wp-content\/uploads\/2021\/09\/Installation-de-Velux-artisan-couvreur-773x1030.jpeg\" title='Installation de Velux \u00e0  Perpignan et dans toute l\u2019Occitanie' alt='Installation de Velux \u00e0 Perpignan et dans toute l\u2019Occitanie' srcset=\"https:\/\/www.wbtoitconcept.fr\/wp-content\/uploads\/2021\/09\/Installation-de-Velux-artisan-couvreur-773x1030.jpeg 773w, https:\/\/www.wbtoitconcept.fr\/wp-content\/uploads\/2021\/09\/Installation-de-Velux-artisan-couvreur-225x300.jpeg 225w, https:\/\/www.wbtoitconcept.fr\/wp-content\/uploads\/2021\/09\/Installation-de-Velux-artisan-couvreur-768x1024.jpeg 768w, https:\/\/www.wbtoitconcept.fr\/wp-content\/uploads\/2021\/09\/Installation-de-Velux-artisan-couvreur-1152x1536.jpeg 1152w, https:\/\/www.wbtoitconcept.fr\/wp-content\/uploads\/2021\/09\/Installation-de-Velux-artisan-couvreur-1536x2048.jpeg 1536w, https:\/\/www.wbtoitconcept.fr\/wp-content\/uploads\/2021\/09\/Installation-de-Velux-artisan-couvreur-1125x1500.jpeg 1125w, https:\/\/www.wbtoitconcept.fr\/wp-content\/uploads\/2021\/09\/Installation-de-Velux-artisan-couvreur-529x705.jpeg 529w, https:\/\/www.wbtoitconcept.fr\/wp-content\/uploads\/2021\/09\/Installation-de-Velux-artisan-couvreur-450x600.jpeg 450w, https:\/\/www.wbtoitconcept.fr\/wp-content\/uploads\/2021\/09\/Installation-de-Velux-artisan-couvreur-scaled.jpeg 1920w\" sizes=\"(max-width: 773px) 100vw, 773px\" \/><a href=\"https:\/\/www.wbtoitconcept.fr\/wp-content\/uploads\/2021\/09\/Installation-de-Velux-artisan-couvreur-773x1030.jpeg\" data-srcset=\"https:\/\/www.wbtoitconcept.fr\/wp-content\/uploads\/2021\/09\/Installation-de-Velux-artisan-couvreur-773x1030.jpeg 773w, https:\/\/www.wbtoitconcept.fr\/wp-content\/uploads\/2021\/09\/Installation-de-Velux-artisan-couvreur-225x300.jpeg 225w, https:\/\/www.wbtoitconcept.fr\/wp-content\/uploads\/2021\/09\/Installation-de-Velux-artisan-couvreur-768x1024.jpeg 768w, https:\/\/www.wbtoitconcept.fr\/wp-content\/uploads\/2021\/09\/Installation-de-Velux-artisan-couvreur-1152x1536.jpeg 1152w, https:\/\/www.wbtoitconcept.fr\/wp-content\/uploads\/2021\/09\/Installation-de-Velux-artisan-couvreur-1536x2048.jpeg 1536w, https:\/\/www.wbtoitconcept.fr\/wp-content\/uploads\/2021\/09\/Installation-de-Velux-artisan-couvreur-1125x1500.jpeg 1125w, https:\/\/www.wbtoitconcept.fr\/wp-content\/uploads\/2021\/09\/Installation-de-Velux-artisan-couvreur-529x705.jpeg 529w, https:\/\/www.wbtoitconcept.fr\/wp-content\/uploads\/2021\/09\/Installation-de-Velux-artisan-couvreur-450x600.jpeg 450w, https:\/\/www.wbtoitconcept.fr\/wp-content\/uploads\/2021\/09\/Installation-de-Velux-artisan-couvreur-scaled.jpeg 1920w\" data-sizes=\"(max-width: 773px) 100vw, 773px\" class='av-horizontal-gallery-link' aria-hidden='true' data-av_icon='\ue869' data-av_iconfont='entypo-fontello' title='Installation de Velux \u00e0  Perpignan et dans toute l\u2019Occitanie' alt='Installation de Velux \u00e0 Perpignan et dans toute l\u2019Occitanie'><\/a><\/div><div class='av-horizontal-gallery-wrap noHover'><img decoding=\"async\" class='wp-image-1164 avia-img-lazy-loading-not-1164 av-horizontal-gallery-img' width=\"773\" height=\"1030\" src=\"https:\/\/www.wbtoitconcept.fr\/wp-content\/uploads\/2021\/09\/Remplacement-de-Velux-WB-toit-concept-773x1030.jpeg\" title='Installation de Velux \u00e0  Perpignan et dans toute l\u2019Occitanie' alt='Installation de Velux \u00e0 Perpignan et dans toute l\u2019Occitanie' srcset=\"https:\/\/www.wbtoitconcept.fr\/wp-content\/uploads\/2021\/09\/Remplacement-de-Velux-WB-toit-concept-773x1030.jpeg 773w, https:\/\/www.wbtoitconcept.fr\/wp-content\/uploads\/2021\/09\/Remplacement-de-Velux-WB-toit-concept-225x300.jpeg 225w, https:\/\/www.wbtoitconcept.fr\/wp-content\/uploads\/2021\/09\/Remplacement-de-Velux-WB-toit-concept-768x1024.jpeg 768w, https:\/\/www.wbtoitconcept.fr\/wp-content\/uploads\/2021\/09\/Remplacement-de-Velux-WB-toit-concept-1152x1536.jpeg 1152w, https:\/\/www.wbtoitconcept.fr\/wp-content\/uploads\/2021\/09\/Remplacement-de-Velux-WB-toit-concept-1536x2048.jpeg 1536w, https:\/\/www.wbtoitconcept.fr\/wp-content\/uploads\/2021\/09\/Remplacement-de-Velux-WB-toit-concept-1125x1500.jpeg 1125w, https:\/\/www.wbtoitconcept.fr\/wp-content\/uploads\/2021\/09\/Remplacement-de-Velux-WB-toit-concept-529x705.jpeg 529w, https:\/\/www.wbtoitconcept.fr\/wp-content\/uploads\/2021\/09\/Remplacement-de-Velux-WB-toit-concept-450x600.jpeg 450w, https:\/\/www.wbtoitconcept.fr\/wp-content\/uploads\/2021\/09\/Remplacement-de-Velux-WB-toit-concept-scaled.jpeg 1920w\" sizes=\"(max-width: 773px) 100vw, 773px\" \/><a href=\"https:\/\/www.wbtoitconcept.fr\/wp-content\/uploads\/2021\/09\/Remplacement-de-Velux-WB-toit-concept-773x1030.jpeg\" data-srcset=\"https:\/\/www.wbtoitconcept.fr\/wp-content\/uploads\/2021\/09\/Remplacement-de-Velux-WB-toit-concept-773x1030.jpeg 773w, https:\/\/www.wbtoitconcept.fr\/wp-content\/uploads\/2021\/09\/Remplacement-de-Velux-WB-toit-concept-225x300.jpeg 225w, https:\/\/www.wbtoitconcept.fr\/wp-content\/uploads\/2021\/09\/Remplacement-de-Velux-WB-toit-concept-768x1024.jpeg 768w, https:\/\/www.wbtoitconcept.fr\/wp-content\/uploads\/2021\/09\/Remplacement-de-Velux-WB-toit-concept-1152x1536.jpeg 1152w, https:\/\/www.wbtoitconcept.fr\/wp-content\/uploads\/2021\/09\/Remplacement-de-Velux-WB-toit-concept-1536x2048.jpeg 1536w, https:\/\/www.wbtoitconcept.fr\/wp-content\/uploads\/2021\/09\/Remplacement-de-Velux-WB-toit-concept-1125x1500.jpeg 1125w, https:\/\/www.wbtoitconcept.fr\/wp-content\/uploads\/2021\/09\/Remplacement-de-Velux-WB-toit-concept-529x705.jpeg 529w, https:\/\/www.wbtoitconcept.fr\/wp-content\/uploads\/2021\/09\/Remplacement-de-Velux-WB-toit-concept-450x600.jpeg 450w, https:\/\/www.wbtoitconcept.fr\/wp-content\/uploads\/2021\/09\/Remplacement-de-Velux-WB-toit-concept-scaled.jpeg 1920w\" data-sizes=\"(max-width: 773px) 100vw, 773px\" class='av-horizontal-gallery-link' aria-hidden='true' data-av_icon='\ue869' data-av_iconfont='entypo-fontello' title='Installation de Velux \u00e0  Perpignan et dans toute l\u2019Occitanie' alt='Installation de Velux \u00e0 Perpignan et dans toute l\u2019Occitanie'><\/a><\/div><div class='av-horizontal-gallery-wrap noHover'><img decoding=\"async\" class='wp-image-1060 avia-img-lazy-loading-not-1060 av-horizontal-gallery-img' width=\"1030\" height=\"772\" src=\"https:\/\/www.wbtoitconcept.fr\/wp-content\/uploads\/2021\/09\/artisan-couvreur-reparation-de-toiture-nettoyage-traitement-hydrofuge-WB-toit-concept-1030x772.jpg\" title='Entretien de toiture en Occitanie' alt='Entretien de toiture en Occitanie' srcset=\"https:\/\/www.wbtoitconcept.fr\/wp-content\/uploads\/2021\/09\/artisan-couvreur-reparation-de-toiture-nettoyage-traitement-hydrofuge-WB-toit-concept-1030x772.jpg 1030w, https:\/\/www.wbtoitconcept.fr\/wp-content\/uploads\/2021\/09\/artisan-couvreur-reparation-de-toiture-nettoyage-traitement-hydrofuge-WB-toit-concept-300x225.jpg 300w, https:\/\/www.wbtoitconcept.fr\/wp-content\/uploads\/2021\/09\/artisan-couvreur-reparation-de-toiture-nettoyage-traitement-hydrofuge-WB-toit-concept-768x576.jpg 768w, https:\/\/www.wbtoitconcept.fr\/wp-content\/uploads\/2021\/09\/artisan-couvreur-reparation-de-toiture-nettoyage-traitement-hydrofuge-WB-toit-concept-1536x1151.jpg 1536w, https:\/\/www.wbtoitconcept.fr\/wp-content\/uploads\/2021\/09\/artisan-couvreur-reparation-de-toiture-nettoyage-traitement-hydrofuge-WB-toit-concept-1500x1124.jpg 1500w, https:\/\/www.wbtoitconcept.fr\/wp-content\/uploads\/2021\/09\/artisan-couvreur-reparation-de-toiture-nettoyage-traitement-hydrofuge-WB-toit-concept-705x528.jpg 705w, https:\/\/www.wbtoitconcept.fr\/wp-content\/uploads\/2021\/09\/artisan-couvreur-reparation-de-toiture-nettoyage-traitement-hydrofuge-WB-toit-concept-450x337.jpg 450w\" sizes=\"(max-width: 1030px) 100vw, 1030px\" \/><a href=\"https:\/\/www.wbtoitconcept.fr\/wp-content\/uploads\/2021\/09\/artisan-couvreur-reparation-de-toiture-nettoyage-traitement-hydrofuge-WB-toit-concept-1030x772.jpg\" data-srcset=\"https:\/\/www.wbtoitconcept.fr\/wp-content\/uploads\/2021\/09\/artisan-couvreur-reparation-de-toiture-nettoyage-traitement-hydrofuge-WB-toit-concept-1030x772.jpg 1030w, https:\/\/www.wbtoitconcept.fr\/wp-content\/uploads\/2021\/09\/artisan-couvreur-reparation-de-toiture-nettoyage-traitement-hydrofuge-WB-toit-concept-300x225.jpg 300w, https:\/\/www.wbtoitconcept.fr\/wp-content\/uploads\/2021\/09\/artisan-couvreur-reparation-de-toiture-nettoyage-traitement-hydrofuge-WB-toit-concept-768x576.jpg 768w, https:\/\/www.wbtoitconcept.fr\/wp-content\/uploads\/2021\/09\/artisan-couvreur-reparation-de-toiture-nettoyage-traitement-hydrofuge-WB-toit-concept-1536x1151.jpg 1536w, https:\/\/www.wbtoitconcept.fr\/wp-content\/uploads\/2021\/09\/artisan-couvreur-reparation-de-toiture-nettoyage-traitement-hydrofuge-WB-toit-concept-1500x1124.jpg 1500w, https:\/\/www.wbtoitconcept.fr\/wp-content\/uploads\/2021\/09\/artisan-couvreur-reparation-de-toiture-nettoyage-traitement-hydrofuge-WB-toit-concept-705x528.jpg 705w, https:\/\/www.wbtoitconcept.fr\/wp-content\/uploads\/2021\/09\/artisan-couvreur-reparation-de-toiture-nettoyage-traitement-hydrofuge-WB-toit-concept-450x337.jpg 450w\" data-sizes=\"(max-width: 1030px) 100vw, 1030px\" class='av-horizontal-gallery-link' aria-hidden='true' data-av_icon='\ue869' data-av_iconfont='entypo-fontello' title='Entretien de toiture en Occitanie' alt='Entretien de toiture en Occitanie'><\/a><\/div><\/div><\/div><\/div>\n\n<style type=\"text\/css\" data-created_by=\"avia_inline_auto\" id=\"style-css-av-ans4g-364ff81951eff77d373406a187e6138e\">\n#top .hr.hr-invisible.av-ans4g-364ff81951eff77d373406a187e6138e{\nheight:50px;\n}\n<\/style>\n<div  class='hr av-ans4g-364ff81951eff77d373406a187e6138e hr-invisible  avia-builder-el-23  el_after_av_horizontal_gallery  el_before_av_hr  avia-builder-el-first '><span class='hr-inner '><span class=\"hr-inner-style\"><\/span><\/span><\/div>\n\n<style type=\"text\/css\" data-created_by=\"avia_inline_auto\" id=\"style-css-av-2ihzko-b52ad8757bdc24d6821cb7337b7396a2\">\n#top .hr.hr-invisible.av-2ihzko-b52ad8757bdc24d6821cb7337b7396a2{\nheight:50px;\n}\n<\/style>\n<div  class='hr av-2ihzko-b52ad8757bdc24d6821cb7337b7396a2 hr-invisible  avia-builder-el-24  el_after_av_hr  el_before_av_promobox '><span class='hr-inner '><span class=\"hr-inner-style\"><\/span><\/span><\/div>\n<div  class='av_promobox av-lmb23l1f-c1f38349cc454ef24c8cc50746f1c01c avia-button-yes  avia-builder-el-25  el_after_av_hr  el_before_av_textblock '><div class='avia-promocontent'><h3 class=\"\" data-start=\"3448\" data-end=\"3495\">\ud83d\udcde <strong data-start=\"3455\" data-end=\"3495\">Contactez-Nous pour un Devis Gratuit<\/strong><\/h3>\n<p class=\"\" data-start=\"3497\" data-end=\"3744\">Vous envisagez d&rsquo;installer ou de remplacer des fen\u00eatres de toit Velux \u00e0 Perpignan ou dans les environs\u202f? Contactez <strong data-start=\"3612\" data-end=\"3631\">WB Toit Concept<\/strong> d\u00e8s aujourd&rsquo;hui pour obtenir un <strong data-start=\"3664\" data-end=\"3697\">devis gratuit et personnalis\u00e9<\/strong>.\u200b<\/p>\n<ul data-start=\"3746\" data-end=\"4043\">\n<li class=\"\" data-start=\"3746\" data-end=\"3841\">\n<p class=\"\" data-start=\"3748\" data-end=\"3841\"><strong data-start=\"3748\" data-end=\"3761\">T\u00e9l\u00e9phone<\/strong> : 06 14 04 64 65 \/ 04 68 34 06 14\u200b<\/p>\n<\/li>\n<li class=\"\" data-start=\"3842\" data-end=\"3941\">\n<p class=\"\" data-start=\"3844\" data-end=\"3941\"><strong data-start=\"3844\" data-end=\"3853\">Email<\/strong> : <span class=\"relative -mx-px my-&#091;-0.2rem&#093; rounded-sm px-px py-&#091;0.2rem&#093;\"><a href=\"mailto:wb.toitconcept@gmail.com\" data-start=\"0\" data-end=\"24\" data-is-last-node=\"\" data-is-only-node=\"\">wb.toitconcept@gmail.com<\/a><\/span>\u200b<\/p>\n<\/li>\n<\/ul>\n<p class=\"\" data-start=\"4045\" data-end=\"4130\"><span class=\"relative -mx-px my-&#091;-0.2rem&#093; rounded-sm px-px py-&#091;0.2rem&#093;\">Notre \u00e9quipe se tient \u00e0 votre disposition pour r\u00e9pondre \u00e0 toutes vos questions et vous accompagner dans votre projet d&rsquo;am\u00e9lioration de l&rsquo;habitat.<\/span><\/p>\n<\/div><div  class='avia-button-wrap av-lmb23l1f-b236e793cd83aef8fa7fc3cf0f904b51-wrap avia-button-right ' ><a href='https:\/\/www.wbtoitconcept.fr\/contact\/'  class='avia-button av-lmb23l1f-b236e793cd83aef8fa7fc3cf0f904b51 avia-icon_select-no avia-size-large avia-position-right avia-color-theme-color' ><span class='avia_iconbox_title' >Devis gratuit<\/span><\/a><\/div><\/div>\n<section  class='av_textblock_section av-m91r9nd3-1da2d3dddc985d1e7c271f46c44a57b6'  itemscope=\"itemscope\" itemtype=\"https:\/\/schema.org\/CreativeWork\" ><div class='avia_textblock'  itemprop=\"text\" ><h3 class=\"\" data-start=\"239\" data-end=\"310\">\ud83d\udccd Installation et remplacement de Velux \u2013 Nos zones d\u2019intervention<\/h3>\n<p class=\"\" data-start=\"312\" data-end=\"503\"><strong data-start=\"312\" data-end=\"331\">WB Toit Concept<\/strong>, artisan couvreur bas\u00e9 \u00e0 Perpignan, est sp\u00e9cialis\u00e9 dans la <strong data-start=\"391\" data-end=\"444\">pose et le remplacement de fen\u00eatres de toit Velux<\/strong> dans tout le d\u00e9partement des <strong data-start=\"474\" data-end=\"502\">Pyr\u00e9n\u00e9es-Orientales (66)<\/strong>.<\/p>\n<p class=\"\" data-start=\"505\" data-end=\"594\">Nous intervenons r\u00e9guli\u00e8rement pour l\u2019installation de Velux dans les communes suivantes :<\/p>\n<p class=\"\" data-start=\"596\" data-end=\"1296\">\ud83d\udc49 <strong data-start=\"599\" data-end=\"628\">Pose de Velux \u00e0 Perpignan<\/strong>, <strong data-start=\"630\" data-end=\"670\">remplacement de Velux \u00e0 Saint-Est\u00e8ve<\/strong>, <strong data-start=\"672\" data-end=\"713\">fen\u00eatre de toit \u00e0 Canet-en-Roussillon<\/strong>, <strong data-start=\"715\" data-end=\"739\">installation \u00e0 C\u00e9ret<\/strong>, <strong data-start=\"741\" data-end=\"751\">\u00e0 Elne<\/strong>, <strong data-start=\"753\" data-end=\"767\">\u00e0 Le Soler<\/strong>, <strong data-start=\"769\" data-end=\"788\">\u00e0 Saint-Cyprien<\/strong>, <strong data-start=\"790\" data-end=\"802\">\u00e0 Bompas<\/strong>, <strong data-start=\"804\" data-end=\"813\">\u00e0 Pia<\/strong>, <strong data-start=\"815\" data-end=\"831\">\u00e0 Rivesaltes<\/strong>,<br data-start=\"832\" data-end=\"835\" \/><strong data-start=\"835\" data-end=\"850\">\u00e0 Saleilles<\/strong>, <strong data-start=\"852\" data-end=\"868\">\u00e0 Torreilles<\/strong>, <strong data-start=\"870\" data-end=\"881\">\u00e0 Thuir<\/strong>, <strong data-start=\"883\" data-end=\"895\">\u00e0 Claira<\/strong>, <strong data-start=\"897\" data-end=\"924\">\u00e0 Villeneuve-de-la-Raho<\/strong>, <strong data-start=\"926\" data-end=\"942\">\u00e0 Pollestres<\/strong>, <strong data-start=\"944\" data-end=\"959\">\u00e0 Toulouges<\/strong>, <strong data-start=\"961\" data-end=\"982\">\u00e0 Banyuls-sur-Mer<\/strong>, <strong data-start=\"984\" data-end=\"1002\">\u00e0 Port-Vendres<\/strong>, <strong data-start=\"1004\" data-end=\"1025\">\u00e0 Argel\u00e8s-sur-Mer<\/strong>, <strong data-start=\"1027\" data-end=\"1052\">\u00e0 Laroque-des-Alb\u00e8res<\/strong>, <strong data-start=\"1054\" data-end=\"1069\">\u00e0 Le Boulou<\/strong>,<br data-start=\"1070\" data-end=\"1073\" \/><strong data-start=\"1073\" data-end=\"1085\">\u00e0 Sor\u00e8de<\/strong>, <strong data-start=\"1087\" data-end=\"1108\">\u00e0 Palau-del-Vidre<\/strong>, <strong data-start=\"1110\" data-end=\"1128\">\u00e0 Ille-sur-T\u00eat<\/strong>, <strong data-start=\"1130\" data-end=\"1142\">\u00e0 Prades<\/strong>, <strong data-start=\"1144\" data-end=\"1155\">\u00e0 Vin\u00e7a<\/strong>, <strong data-start=\"1157\" data-end=\"1178\">\u00e0 Latour-Bas-Elne<\/strong>, <strong data-start=\"1180\" data-end=\"1192\">\u00e0 Baixas<\/strong>, <strong data-start=\"1194\" data-end=\"1207\">\u00e0 Estagel<\/strong>, <strong data-start=\"1209\" data-end=\"1243\">\u00e0 Saint-Laurent-de-la-Salanque<\/strong>, <strong data-start=\"1245\" data-end=\"1268\">\u00e0 Salses-le-Ch\u00e2teau<\/strong>, <strong data-start=\"1270\" data-end=\"1290\">\u00e0 Opoul-P\u00e9rillos<\/strong>, etc.<\/p>\n<blockquote data-start=\"1298\" data-end=\"1492\">\n<p class=\"\" data-start=\"1300\" data-end=\"1492\">Besoin de remplacer un Velux v\u00e9tuste, mal isol\u00e9 ou cass\u00e9 ? Nous vous conseillons sur les mod\u00e8les les plus adapt\u00e9s \u00e0 votre toiture et \u00e0 vos besoins (confort thermique, acoustique, luminosit\u00e9\u2026).<\/p>\n<\/blockquote>\n<ul data-start=\"1737\" data-end=\"2576\">\n<li data-start=\"2357\" data-end=\"2576\"><\/li>\n<\/ul>\n<\/div><\/section>\n\n<\/div><\/div><\/div><!-- close content main div --><\/div><\/div>\n<style type=\"text\/css\" data-created_by=\"avia_inline_auto\" id=\"style-css-av-2figfk-413c286b7c5f9290d1636d2c3648cf20\">\n.avia-section.av-2figfk-413c286b7c5f9290d1636d2c3648cf20{\nbackground-color:#ffffff;\nbackground-image:unset;\n}\n<\/style>\n<div id='av_section_3'  class='avia-section av-2figfk-413c286b7c5f9290d1636d2c3648cf20 main_color avia-section-huge avia-no-border-styling  avia-builder-el-27  el_after_av_section  el_before_av_section  avia-bg-style-scroll container_wrap fullsize'  ><div class='container av-section-cont-open' ><div class='template-page content  av-content-full alpha units'><div class='post-entry post-entry-type-page post-entry-696'><div class='entry-content-wrapper clearfix'>\n<div class='flex_column av-2ayn20-3ac8ae0e0cd0ff5998802136b1cd4eaa av_one_full  avia-builder-el-28  avia-builder-el-no-sibling  first flex_column_div '     ><section  class='av_textblock_section av-22sqt4-f89730671f291e3cc61a38628af85abe'  itemscope=\"itemscope\" itemtype=\"https:\/\/schema.org\/CreativeWork\" ><div class='avia_textblock'  itemprop=\"text\" ><h3 style=\"text-align: center;\">T\u00e9moignages clients<\/h3>\n<\/div><\/section><br \/>\n<section  class='av_textblock_section av-1u59ug-dab1aea13584ff0fae23edf2a61374f7'  itemscope=\"itemscope\" itemtype=\"https:\/\/schema.org\/CreativeWork\" ><div class='avia_textblock'  itemprop=\"text\" ><p style=\"text-align: center;\"><pre class=\"ti-widget\"><template id=\"trustindex-google-widget-html\"><div class=\" ti-widget  ti-goog ti-review-text-mode-readmore ti-text-align-left\" data-no-translation=\"true\" data-time-locale=\"il y a %d %s|aujourd'hui|jour|jours|semaine|semaines|mois|mois|ann\u00e9e|ans\" data-plugin-version=\"13.2.8\" data-layout-id=\"5\" data-layout-category=\"slider\" data-set-id=\"drop-shadow\" data-pid=\"\" data-language=\"fr\" data-close-locale=\"Fermer\" data-review-target-width=\"275\" data-css-version=\"2\" data-reply-by-locale=\"R\u00e9ponse du propri\u00e9taire\" data-only-rating-locale=\"Cet utilisateur a uniquement laiss\u00e9 une \u00e9valuation.\" data-pager-autoplay-timeout=\"6\"> <div class=\"ti-widget-container ti-col-4\"> <div class=\"ti-footer ti-footer-grid source-Google\"> <div class=\"ti-fade-container\"> <div class=\"ti-rating-text\"> <strong class=\"ti-rating ti-rating-large\"> EXCELLENT <\/strong> <\/div> <span class=\"ti-stars star-lg\"><trustindex-image class=\"ti-star\" data-imgurl=\"https:\/\/cdn.trustindex.io\/assets\/platform\/Google\/star\/f.svg\" alt=\"Google\" width=\"17\" height=\"17\" loading=\"lazy\"><\/trustindex-image><trustindex-image class=\"ti-star\" data-imgurl=\"https:\/\/cdn.trustindex.io\/assets\/platform\/Google\/star\/f.svg\" alt=\"Google\" width=\"17\" height=\"17\" loading=\"lazy\"><\/trustindex-image><trustindex-image class=\"ti-star\" data-imgurl=\"https:\/\/cdn.trustindex.io\/assets\/platform\/Google\/star\/f.svg\" alt=\"Google\" width=\"17\" height=\"17\" loading=\"lazy\"><\/trustindex-image><trustindex-image class=\"ti-star\" data-imgurl=\"https:\/\/cdn.trustindex.io\/assets\/platform\/Google\/star\/f.svg\" alt=\"Google\" width=\"17\" height=\"17\" loading=\"lazy\"><\/trustindex-image><trustindex-image class=\"ti-star\" data-imgurl=\"https:\/\/cdn.trustindex.io\/assets\/platform\/Google\/star\/h.svg\" alt=\"Google\" width=\"17\" height=\"17\" loading=\"lazy\"><\/trustindex-image><\/span> <div class=\"ti-rating-text\"> <span class=\"nowrap\">Bas\u00e9e sur <strong>15 avis<\/strong><\/span> <\/div> <div class=\"ti-large-logo\"> <div class=\"ti-v-center\"> <trustindex-image class=\"ti-logo-fb\" data-imgurl=\"https:\/\/cdn.trustindex.io\/assets\/platform\/Google\/logo.svg\" width=\"150\" height=\"25\" loading=\"lazy\" alt=\"Google\"><\/trustindex-image> <\/div> <\/div> <\/div> <\/div> <div class=\"ti-reviews-container\"> <div class=\"ti-controls\"> <div class=\"ti-next\" aria-label=\"Avis suivante\" role=\"button\" tabindex=\"0\"><\/div> <div class=\"ti-prev\" aria-label=\"Avis pr\u00e9c\u00e9dent\" role=\"button\" tabindex=\"0\"><\/div> <\/div> <div class=\"ti-reviews-container-wrapper\">  <div data-empty=\"0\" data-time=\"1694044800\" class=\"ti-review-item source-Google ti-image-layout-thumbnail\" data-id=\"cfcd208495d565ef66e7dff9f98764da\"> <div class=\"ti-inner\"> <div class=\"ti-review-header\"> <div class=\"ti-platform-icon ti-with-tooltip\"> <span class=\"ti-tooltip\">Publi\u00e9 sur <\/span> <trustindex-image data-imgurl=\"https:\/\/cdn.trustindex.io\/assets\/platform\/Google\/icon.svg\" alt=\"\" width=\"20\" height=\"20\" loading=\"lazy\"><\/trustindex-image> <\/div> <div class=\"ti-profile-img\"> <trustindex-image data-imgurl=\"https:\/\/lh3.googleusercontent.com\/a\/ACg8ocI6-m0Xhnb4gldxRQQeoxzmc2__fUb3RgBqlWNBU-Ps=w40-h40-c-rp-mo-br100\" alt=\"Mar Max profile picture\" loading=\"lazy\"><\/trustindex-image> <\/div> <div class=\"ti-profile-details\"> <div class=\"ti-name\"> Mar Max <\/div> <div class=\"ti-date\"><\/div> <\/div> <\/div> <span class=\"ti-stars\"><trustindex-image class=\"ti-star\" data-imgurl=\"https:\/\/cdn.trustindex.io\/assets\/platform\/Google\/star\/f.svg\" alt=\"Google\" width=\"17\" height=\"17\" loading=\"lazy\"><\/trustindex-image><trustindex-image class=\"ti-star\" data-imgurl=\"https:\/\/cdn.trustindex.io\/assets\/platform\/Google\/star\/f.svg\" alt=\"Google\" width=\"17\" height=\"17\" loading=\"lazy\"><\/trustindex-image><trustindex-image class=\"ti-star\" data-imgurl=\"https:\/\/cdn.trustindex.io\/assets\/platform\/Google\/star\/f.svg\" alt=\"Google\" width=\"17\" height=\"17\" loading=\"lazy\"><\/trustindex-image><trustindex-image class=\"ti-star\" data-imgurl=\"https:\/\/cdn.trustindex.io\/assets\/platform\/Google\/star\/f.svg\" alt=\"Google\" width=\"17\" height=\"17\" loading=\"lazy\"><\/trustindex-image><trustindex-image class=\"ti-star\" data-imgurl=\"https:\/\/cdn.trustindex.io\/assets\/platform\/Google\/star\/f.svg\" alt=\"Google\" width=\"17\" height=\"17\" loading=\"lazy\"><\/trustindex-image><span class=\"ti-verified-review ti-verified-platform\"><span class=\"ti-verified-tooltip\">Trustindex v\u00e9rifie que la source originale de l'avis est Google.<\/span><\/span><\/span> <div class=\"ti-review-text-container ti-review-content\"><!-- R-CONTENT -->J\u2019ai fait chang\u00e9 les 3 Velux de mon grenier avec WB Toit Concept et je suis extr\u00eamement satisfaite.\nVrai pro de la toiture, ils ont vraiment fait du bon boulot sur mon toit ma\u00e7onn\u00e9 et ce, malgr\u00e9 une chaleur \u00e9crasante\u2026\nLes petits plus, ils sont ponctuels, souriants, sympathiques, s\u00e9rieux et il laisse le chantier propre !\nBref, je recommande vivement !<!-- R-CONTENT --><\/div> <span class=\"ti-read-more\" data-container=\".ti-review-content\" data-collapse-text=\"Cacher\" data-open-text=\"Lire la suite\"><\/span> <\/div> <\/div>  <div data-empty=\"0\" data-time=\"1689120000\" class=\"ti-review-item source-Google ti-image-layout-thumbnail\" data-id=\"cfcd208495d565ef66e7dff9f98764da\"> <div class=\"ti-inner\"> <div class=\"ti-review-header\"> <div class=\"ti-platform-icon ti-with-tooltip\"> <span class=\"ti-tooltip\">Publi\u00e9 sur <\/span> <trustindex-image data-imgurl=\"https:\/\/cdn.trustindex.io\/assets\/platform\/Google\/icon.svg\" alt=\"\" width=\"20\" height=\"20\" loading=\"lazy\"><\/trustindex-image> <\/div> <div class=\"ti-profile-img\"> <trustindex-image data-imgurl=\"https:\/\/lh3.googleusercontent.com\/a\/ACg8ocLkQl138CJX3sci3BE9xrwQghCzkkjzSyCqG0SSMDS_=w40-h40-c-rp-mo-br100\" alt=\"Ghislain Magro profile picture\" loading=\"lazy\"><\/trustindex-image> <\/div> <div class=\"ti-profile-details\"> <div class=\"ti-name\"> Ghislain Magro <\/div> <div class=\"ti-date\"><\/div> <\/div> <\/div> <span class=\"ti-stars\"><trustindex-image class=\"ti-star\" data-imgurl=\"https:\/\/cdn.trustindex.io\/assets\/platform\/Google\/star\/f.svg\" alt=\"Google\" width=\"17\" height=\"17\" loading=\"lazy\"><\/trustindex-image><trustindex-image class=\"ti-star\" data-imgurl=\"https:\/\/cdn.trustindex.io\/assets\/platform\/Google\/star\/f.svg\" alt=\"Google\" width=\"17\" height=\"17\" loading=\"lazy\"><\/trustindex-image><trustindex-image class=\"ti-star\" data-imgurl=\"https:\/\/cdn.trustindex.io\/assets\/platform\/Google\/star\/f.svg\" alt=\"Google\" width=\"17\" height=\"17\" loading=\"lazy\"><\/trustindex-image><trustindex-image class=\"ti-star\" data-imgurl=\"https:\/\/cdn.trustindex.io\/assets\/platform\/Google\/star\/f.svg\" alt=\"Google\" width=\"17\" height=\"17\" loading=\"lazy\"><\/trustindex-image><trustindex-image class=\"ti-star\" data-imgurl=\"https:\/\/cdn.trustindex.io\/assets\/platform\/Google\/star\/f.svg\" alt=\"Google\" width=\"17\" height=\"17\" loading=\"lazy\"><\/trustindex-image><span class=\"ti-verified-review ti-verified-platform\"><span class=\"ti-verified-tooltip\">Trustindex v\u00e9rifie que la source originale de l'avis est Google.<\/span><\/span><\/span> <div class=\"ti-review-text-container ti-review-content\"><!-- R-CONTENT -->J\u2019ai fais poser deux velux sur Saint Cyprien et je suis tr\u00e8s satisfait de WB tout concept !\nTr\u00e8s r\u00e9ceptifs, disponibles, s\u00e9rieux et les prix sont convenables.\nLes d\u00e9lais sont tenus et le travail tr\u00e8s propre.\nMerci \u00e0 toute l\u2019\u00e9quipe<!-- R-CONTENT --><\/div> <span class=\"ti-read-more\" data-container=\".ti-review-content\" data-collapse-text=\"Cacher\" data-open-text=\"Lire la suite\"><\/span> <\/div> <\/div>  <div data-empty=\"0\" data-time=\"1687996800\" class=\"ti-review-item source-Google ti-image-layout-thumbnail\" data-id=\"cfcd208495d565ef66e7dff9f98764da\"> <div class=\"ti-inner\"> <div class=\"ti-review-header\"> <div class=\"ti-platform-icon ti-with-tooltip\"> <span class=\"ti-tooltip\">Publi\u00e9 sur <\/span> <trustindex-image data-imgurl=\"https:\/\/cdn.trustindex.io\/assets\/platform\/Google\/icon.svg\" alt=\"\" width=\"20\" height=\"20\" loading=\"lazy\"><\/trustindex-image> <\/div> <div class=\"ti-profile-img\"> <trustindex-image data-imgurl=\"https:\/\/lh3.googleusercontent.com\/a\/ACg8ocIioHF7WV6EtruKpgAjz7pT6YnoHVF5je1hlA1iYbaX=w40-h40-c-rp-mo-br100\" alt=\"Rachidou Mal profile picture\" loading=\"lazy\"><\/trustindex-image> <\/div> <div class=\"ti-profile-details\"> <div class=\"ti-name\"> Rachidou Mal <\/div> <div class=\"ti-date\"><\/div> <\/div> <\/div> <span class=\"ti-stars\"><trustindex-image class=\"ti-star\" data-imgurl=\"https:\/\/cdn.trustindex.io\/assets\/platform\/Google\/star\/f.svg\" alt=\"Google\" width=\"17\" height=\"17\" loading=\"lazy\"><\/trustindex-image><trustindex-image class=\"ti-star\" data-imgurl=\"https:\/\/cdn.trustindex.io\/assets\/platform\/Google\/star\/f.svg\" alt=\"Google\" width=\"17\" height=\"17\" loading=\"lazy\"><\/trustindex-image><trustindex-image class=\"ti-star\" data-imgurl=\"https:\/\/cdn.trustindex.io\/assets\/platform\/Google\/star\/f.svg\" alt=\"Google\" width=\"17\" height=\"17\" loading=\"lazy\"><\/trustindex-image><trustindex-image class=\"ti-star\" data-imgurl=\"https:\/\/cdn.trustindex.io\/assets\/platform\/Google\/star\/f.svg\" alt=\"Google\" width=\"17\" height=\"17\" loading=\"lazy\"><\/trustindex-image><trustindex-image class=\"ti-star\" data-imgurl=\"https:\/\/cdn.trustindex.io\/assets\/platform\/Google\/star\/f.svg\" alt=\"Google\" width=\"17\" height=\"17\" loading=\"lazy\"><\/trustindex-image><span class=\"ti-verified-review ti-verified-platform\"><span class=\"ti-verified-tooltip\">Trustindex v\u00e9rifie que la source originale de l'avis est Google.<\/span><\/span><\/span> <div class=\"ti-review-text-container ti-review-content\"><!-- R-CONTENT -->Tr\u00e8s satisfaite des travaux r\u00e9alis\u00e9s, personne de confiance qui respecte les d\u00e9lais, je recommande \u00e0 100% , personne \u00e0 l'\u00e9coute des clients.\nMerci beaucoup.<!-- R-CONTENT --><\/div> <span class=\"ti-read-more\" data-container=\".ti-review-content\" data-collapse-text=\"Cacher\" data-open-text=\"Lire la suite\"><\/span> <\/div> <\/div>  <div data-empty=\"0\" data-time=\"1669334400\" class=\"ti-review-item source-Google ti-image-layout-thumbnail\" data-id=\"cfcd208495d565ef66e7dff9f98764da\"> <div class=\"ti-inner\"> <div class=\"ti-review-header\"> <div class=\"ti-platform-icon ti-with-tooltip\"> <span class=\"ti-tooltip\">Publi\u00e9 sur <\/span> <trustindex-image data-imgurl=\"https:\/\/cdn.trustindex.io\/assets\/platform\/Google\/icon.svg\" alt=\"\" width=\"20\" height=\"20\" loading=\"lazy\"><\/trustindex-image> <\/div> <div class=\"ti-profile-img\"> <trustindex-image data-imgurl=\"https:\/\/lh3.googleusercontent.com\/a-\/ALV-UjV-kFzRGn3JOEqTtmgfsjRm0Fv3uNQU4i5o9oyrg9fPAX8R=w40-h40-c-rp-mo-ba3-br100\" alt=\"Antonio Da Silva Rodrigues profile picture\" loading=\"lazy\"><\/trustindex-image> <\/div> <div class=\"ti-profile-details\"> <div class=\"ti-name\"> Antonio Da Silva Rodrigues <\/div> <div class=\"ti-date\"><\/div> <\/div> <\/div> <span class=\"ti-stars\"><trustindex-image class=\"ti-star\" data-imgurl=\"https:\/\/cdn.trustindex.io\/assets\/platform\/Google\/star\/f.svg\" alt=\"Google\" width=\"17\" height=\"17\" loading=\"lazy\"><\/trustindex-image><trustindex-image class=\"ti-star\" data-imgurl=\"https:\/\/cdn.trustindex.io\/assets\/platform\/Google\/star\/f.svg\" alt=\"Google\" width=\"17\" height=\"17\" loading=\"lazy\"><\/trustindex-image><trustindex-image class=\"ti-star\" data-imgurl=\"https:\/\/cdn.trustindex.io\/assets\/platform\/Google\/star\/f.svg\" alt=\"Google\" width=\"17\" height=\"17\" loading=\"lazy\"><\/trustindex-image><trustindex-image class=\"ti-star\" data-imgurl=\"https:\/\/cdn.trustindex.io\/assets\/platform\/Google\/star\/f.svg\" alt=\"Google\" width=\"17\" height=\"17\" loading=\"lazy\"><\/trustindex-image><trustindex-image class=\"ti-star\" data-imgurl=\"https:\/\/cdn.trustindex.io\/assets\/platform\/Google\/star\/f.svg\" alt=\"Google\" width=\"17\" height=\"17\" loading=\"lazy\"><\/trustindex-image><span class=\"ti-verified-review ti-verified-platform\"><span class=\"ti-verified-tooltip\">Trustindex v\u00e9rifie que la source originale de l'avis est Google.<\/span><\/span><\/span> <div class=\"ti-review-text-container ti-review-content\"><!-- R-CONTENT -->Tr\u00e8s professionnel et r\u00e9actif.\nSympathiques.<!-- R-CONTENT --><\/div> <span class=\"ti-read-more\" data-container=\".ti-review-content\" data-collapse-text=\"Cacher\" data-open-text=\"Lire la suite\"><\/span> <\/div> <\/div>  <div data-empty=\"0\" data-time=\"1661472000\" class=\"ti-review-item source-Google ti-image-layout-thumbnail\" data-id=\"cfcd208495d565ef66e7dff9f98764da\"> <div class=\"ti-inner\"> <div class=\"ti-review-header\"> <div class=\"ti-platform-icon ti-with-tooltip\"> <span class=\"ti-tooltip\">Publi\u00e9 sur <\/span> <trustindex-image data-imgurl=\"https:\/\/cdn.trustindex.io\/assets\/platform\/Google\/icon.svg\" alt=\"\" width=\"20\" height=\"20\" loading=\"lazy\"><\/trustindex-image> <\/div> <div class=\"ti-profile-img\"> <trustindex-image data-imgurl=\"https:\/\/lh3.googleusercontent.com\/a\/ACg8ocKmO1lylSV6qdiO8Gh1zbM8HgkuNOysjv9TmLJzCoE9=w40-h40-c-rp-mo-br100\" alt=\"jimmy NoBody profile picture\" loading=\"lazy\"><\/trustindex-image> <\/div> <div class=\"ti-profile-details\"> <div class=\"ti-name\"> jimmy NoBody <\/div> <div class=\"ti-date\"><\/div> <\/div> <\/div> <span class=\"ti-stars\"><trustindex-image class=\"ti-star\" data-imgurl=\"https:\/\/cdn.trustindex.io\/assets\/platform\/Google\/star\/f.svg\" alt=\"Google\" width=\"17\" height=\"17\" loading=\"lazy\"><\/trustindex-image><trustindex-image class=\"ti-star\" data-imgurl=\"https:\/\/cdn.trustindex.io\/assets\/platform\/Google\/star\/f.svg\" alt=\"Google\" width=\"17\" height=\"17\" loading=\"lazy\"><\/trustindex-image><trustindex-image class=\"ti-star\" data-imgurl=\"https:\/\/cdn.trustindex.io\/assets\/platform\/Google\/star\/f.svg\" alt=\"Google\" width=\"17\" height=\"17\" loading=\"lazy\"><\/trustindex-image><trustindex-image class=\"ti-star\" data-imgurl=\"https:\/\/cdn.trustindex.io\/assets\/platform\/Google\/star\/f.svg\" alt=\"Google\" width=\"17\" height=\"17\" loading=\"lazy\"><\/trustindex-image><trustindex-image class=\"ti-star\" data-imgurl=\"https:\/\/cdn.trustindex.io\/assets\/platform\/Google\/star\/f.svg\" alt=\"Google\" width=\"17\" height=\"17\" loading=\"lazy\"><\/trustindex-image><span class=\"ti-verified-review ti-verified-platform\"><span class=\"ti-verified-tooltip\">Trustindex v\u00e9rifie que la source originale de l'avis est Google.<\/span><\/span><\/span> <div class=\"ti-review-text-container ti-review-content\"><!-- R-CONTENT -->J'ai fait appel \u00e0 wb-toitconcept pour refaire ma toiture de 125m2 apr\u00e8s une multitude de devis d'autres soci\u00e9t\u00e9s, \u00e9tant nouveau dans la r\u00e9gion et tr\u00e8s m\u00e9fiant envers les arnaques ou les \u00e9ventuels artisans peu scrupuleux le patron m'a vite semble pointilleux, \u00e0 l'\u00e9coute, \u00e0 disposition, professionnel ...\nEt le chantier est fini depuis 1 semaine,  l'\u00e9quipe jeune, dynamique avec un r\u00e9el entrain pour leur travail \u00e0 r\u00e9alis\u00e9  \u00e0 fait un super travail malgr\u00e9 la canicule,dans une super entente,avec seulement quelques jours de retard mais mais un travail propre, un devis respect\u00e9, une explication de chaque travaux faits, pour un prix tout \u00e0 fait correct pour le march\u00e9. Bref une super \u00e9quipe, dont le travail et l'implication me donne envie de soutenir, alors je vous les recommande.<!-- R-CONTENT --><\/div> <span class=\"ti-read-more\" data-container=\".ti-review-content\" data-collapse-text=\"Cacher\" data-open-text=\"Lire la suite\"><\/span> <\/div> <\/div>  <div data-empty=\"0\" data-time=\"1655078400\" class=\"ti-review-item source-Google ti-image-layout-thumbnail\" data-id=\"cfcd208495d565ef66e7dff9f98764da\"> <div class=\"ti-inner\"> <div class=\"ti-review-header\"> <div class=\"ti-platform-icon ti-with-tooltip\"> <span class=\"ti-tooltip\">Publi\u00e9 sur <\/span> <trustindex-image data-imgurl=\"https:\/\/cdn.trustindex.io\/assets\/platform\/Google\/icon.svg\" alt=\"\" width=\"20\" height=\"20\" loading=\"lazy\"><\/trustindex-image> <\/div> <div class=\"ti-profile-img\"> <trustindex-image data-imgurl=\"https:\/\/lh3.googleusercontent.com\/a-\/ALV-UjUwU8l_A2S2j3TNGPHLLY9tGlRSCBVRYYBXLpanejRBfQ=w40-h40-c-rp-mo-ba3-br100\" alt=\"Marco profile picture\" loading=\"lazy\"><\/trustindex-image> <\/div> <div class=\"ti-profile-details\"> <div class=\"ti-name\"> Marco <\/div> <div class=\"ti-date\"><\/div> <\/div> <\/div> <span class=\"ti-stars\"><trustindex-image class=\"ti-star\" data-imgurl=\"https:\/\/cdn.trustindex.io\/assets\/platform\/Google\/star\/f.svg\" alt=\"Google\" width=\"17\" height=\"17\" loading=\"lazy\"><\/trustindex-image><trustindex-image class=\"ti-star\" data-imgurl=\"https:\/\/cdn.trustindex.io\/assets\/platform\/Google\/star\/f.svg\" alt=\"Google\" width=\"17\" height=\"17\" loading=\"lazy\"><\/trustindex-image><trustindex-image class=\"ti-star\" data-imgurl=\"https:\/\/cdn.trustindex.io\/assets\/platform\/Google\/star\/f.svg\" alt=\"Google\" width=\"17\" height=\"17\" loading=\"lazy\"><\/trustindex-image><trustindex-image class=\"ti-star\" data-imgurl=\"https:\/\/cdn.trustindex.io\/assets\/platform\/Google\/star\/f.svg\" alt=\"Google\" width=\"17\" height=\"17\" loading=\"lazy\"><\/trustindex-image><trustindex-image class=\"ti-star\" data-imgurl=\"https:\/\/cdn.trustindex.io\/assets\/platform\/Google\/star\/f.svg\" alt=\"Google\" width=\"17\" height=\"17\" loading=\"lazy\"><\/trustindex-image><span class=\"ti-verified-review ti-verified-platform\"><span class=\"ti-verified-tooltip\">Trustindex v\u00e9rifie que la source originale de l'avis est Google.<\/span><\/span><\/span> <div class=\"ti-review-text-container ti-review-content\"><!-- R-CONTENT -->M Bauer professionnel et r\u00e9actif \u00e0 l\u2019\u00e9coute de son client qui s\u2019est s\u2019entourer d\u2019une \u00e9quipe jeune, dynamique et motiv\u00e9e Satisfaite du r\u00e9sultat du remplacement de notre toiture<!-- R-CONTENT --><\/div> <span class=\"ti-read-more\" data-container=\".ti-review-content\" data-collapse-text=\"Cacher\" data-open-text=\"Lire la suite\"><\/span> <\/div> <\/div>  <div data-empty=\"0\" data-time=\"1648598400\" class=\"ti-review-item source-Google ti-image-layout-thumbnail\" data-id=\"cfcd208495d565ef66e7dff9f98764da\"> <div class=\"ti-inner\"> <div class=\"ti-review-header\"> <div class=\"ti-platform-icon ti-with-tooltip\"> <span class=\"ti-tooltip\">Publi\u00e9 sur <\/span> <trustindex-image data-imgurl=\"https:\/\/cdn.trustindex.io\/assets\/platform\/Google\/icon.svg\" alt=\"\" width=\"20\" height=\"20\" loading=\"lazy\"><\/trustindex-image> <\/div> <div class=\"ti-profile-img\"> <trustindex-image data-imgurl=\"https:\/\/lh3.googleusercontent.com\/a\/ACg8ocIxIo0TSRSU2A9opo0WtyFvjZWqlhVke7ptkUYos6Y4=w40-h40-c-rp-mo-br100\" alt=\"Magali Noblet profile picture\" loading=\"lazy\"><\/trustindex-image> <\/div> <div class=\"ti-profile-details\"> <div class=\"ti-name\"> Magali Noblet <\/div> <div class=\"ti-date\"><\/div> <\/div> <\/div> <span class=\"ti-stars\"><trustindex-image class=\"ti-star\" data-imgurl=\"https:\/\/cdn.trustindex.io\/assets\/platform\/Google\/star\/f.svg\" alt=\"Google\" width=\"17\" height=\"17\" loading=\"lazy\"><\/trustindex-image><trustindex-image class=\"ti-star\" data-imgurl=\"https:\/\/cdn.trustindex.io\/assets\/platform\/Google\/star\/f.svg\" alt=\"Google\" width=\"17\" height=\"17\" loading=\"lazy\"><\/trustindex-image><trustindex-image class=\"ti-star\" data-imgurl=\"https:\/\/cdn.trustindex.io\/assets\/platform\/Google\/star\/f.svg\" alt=\"Google\" width=\"17\" height=\"17\" loading=\"lazy\"><\/trustindex-image><trustindex-image class=\"ti-star\" data-imgurl=\"https:\/\/cdn.trustindex.io\/assets\/platform\/Google\/star\/f.svg\" alt=\"Google\" width=\"17\" height=\"17\" loading=\"lazy\"><\/trustindex-image><trustindex-image class=\"ti-star\" data-imgurl=\"https:\/\/cdn.trustindex.io\/assets\/platform\/Google\/star\/f.svg\" alt=\"Google\" width=\"17\" height=\"17\" loading=\"lazy\"><\/trustindex-image><span class=\"ti-verified-review ti-verified-platform\"><span class=\"ti-verified-tooltip\">Trustindex v\u00e9rifie que la source originale de l'avis est Google.<\/span><\/span><\/span> <div class=\"ti-review-text-container ti-review-content\"><!-- R-CONTENT -->Equipe professionnelle et agr\u00e9able, je recommande sans soucis !<!-- R-CONTENT --><\/div> <span class=\"ti-read-more\" data-container=\".ti-review-content\" data-collapse-text=\"Cacher\" data-open-text=\"Lire la suite\"><\/span> <\/div> <\/div>  <div data-empty=\"0\" data-time=\"1648598400\" class=\"ti-review-item source-Google ti-image-layout-thumbnail\" data-id=\"cfcd208495d565ef66e7dff9f98764da\"> <div class=\"ti-inner\"> <div class=\"ti-review-header\"> <div class=\"ti-platform-icon ti-with-tooltip\"> <span class=\"ti-tooltip\">Publi\u00e9 sur <\/span> <trustindex-image data-imgurl=\"https:\/\/cdn.trustindex.io\/assets\/platform\/Google\/icon.svg\" alt=\"\" width=\"20\" height=\"20\" loading=\"lazy\"><\/trustindex-image> <\/div> <div class=\"ti-profile-img\"> <trustindex-image data-imgurl=\"https:\/\/lh3.googleusercontent.com\/a\/ACg8ocKNBeEDpFIzJYBY8b5q0TFtHahdYDviNYXgl4fmegk9=w40-h40-c-rp-mo-br100\" alt=\"Jenny VANNIER profile picture\" loading=\"lazy\"><\/trustindex-image> <\/div> <div class=\"ti-profile-details\"> <div class=\"ti-name\"> Jenny VANNIER <\/div> <div class=\"ti-date\"><\/div> <\/div> <\/div> <span class=\"ti-stars\"><trustindex-image class=\"ti-star\" data-imgurl=\"https:\/\/cdn.trustindex.io\/assets\/platform\/Google\/star\/f.svg\" alt=\"Google\" width=\"17\" height=\"17\" loading=\"lazy\"><\/trustindex-image><trustindex-image class=\"ti-star\" data-imgurl=\"https:\/\/cdn.trustindex.io\/assets\/platform\/Google\/star\/f.svg\" alt=\"Google\" width=\"17\" height=\"17\" loading=\"lazy\"><\/trustindex-image><trustindex-image class=\"ti-star\" data-imgurl=\"https:\/\/cdn.trustindex.io\/assets\/platform\/Google\/star\/f.svg\" alt=\"Google\" width=\"17\" height=\"17\" loading=\"lazy\"><\/trustindex-image><trustindex-image class=\"ti-star\" data-imgurl=\"https:\/\/cdn.trustindex.io\/assets\/platform\/Google\/star\/f.svg\" alt=\"Google\" width=\"17\" height=\"17\" loading=\"lazy\"><\/trustindex-image><trustindex-image class=\"ti-star\" data-imgurl=\"https:\/\/cdn.trustindex.io\/assets\/platform\/Google\/star\/f.svg\" alt=\"Google\" width=\"17\" height=\"17\" loading=\"lazy\"><\/trustindex-image><span class=\"ti-verified-review ti-verified-platform\"><span class=\"ti-verified-tooltip\">Trustindex v\u00e9rifie que la source originale de l'avis est Google.<\/span><\/span><\/span> <div class=\"ti-review-text-container ti-review-content\"><!-- R-CONTENT -->Entreprise comp\u00e9tente, r\u00e9active.\nUne \u00e9quipe professionnelle de la premi\u00e8re visite jusqu\u2019\u00e0 la fin du chantier.\nJe recommande WB Toit Concept sans h\u00e9sitation .<!-- R-CONTENT --><\/div> <span class=\"ti-read-more\" data-container=\".ti-review-content\" data-collapse-text=\"Cacher\" data-open-text=\"Lire la suite\"><\/span> <\/div> <\/div>  <\/div> <div class=\"ti-controls-line\"> <div class=\"dot\"><\/div> <\/div>   <\/div> <\/div> <\/div> <\/template><\/pre><div data-src=\"https:\/\/cdn.trustindex.io\/loader.js?wp-widget\" data-template-id=\"trustindex-google-widget-html\" data-css-url=\"https:\/\/www.wbtoitconcept.fr\/wp-content\/uploads\/trustindex-google-widget.css?1775064388\"><\/div><\/p>\n<\/div><\/section><\/p><\/div>\n\n<\/div><\/div><\/div><!-- close content main div --><\/div><\/div><div id='nos-prestations'  class='avia-section av-p1zzk-6550cd8b70806a2ebf805f77fb5ed6fb main_color avia-section-large avia-no-border-styling  avia-builder-el-31  el_after_av_section  el_before_av_masonry_gallery  avia-bg-style-scroll container_wrap fullsize'  ><div class='container av-section-cont-open' ><div class='template-page content  av-content-full alpha units'><div class='post-entry post-entry-type-page post-entry-696'><div class='entry-content-wrapper clearfix'>\n\n<style type=\"text\/css\" data-created_by=\"avia_inline_auto\" id=\"style-css-av-jjixc-a57165a5d0e972cab0e5ab3eb280c52f\">\n#top .av-special-heading.av-jjixc-a57165a5d0e972cab0e5ab3eb280c52f{\npadding-bottom:10px;\n}\nbody .av-special-heading.av-jjixc-a57165a5d0e972cab0e5ab3eb280c52f .av-special-heading-tag .heading-char{\nfont-size:25px;\n}\n.av-special-heading.av-jjixc-a57165a5d0e972cab0e5ab3eb280c52f .av-subheading{\nfont-size:15px;\n}\n<\/style>\n<div  class='av-special-heading av-jjixc-a57165a5d0e972cab0e5ab3eb280c52f av-special-heading-h2 blockquote modern-quote modern-centered  avia-builder-el-32  el_before_av_hr  avia-builder-el-first '><h2 class='av-special-heading-tag'  itemprop=\"headline\"  >Nos prestations<\/h2><div class=\"special-heading-border\"><div class=\"special-heading-inner-border\"><\/div><\/div><\/div>\n\n<style type=\"text\/css\" data-created_by=\"avia_inline_auto\" id=\"style-css-av-gpb54-0b9331288c16005f513f6ddfe66d7902\">\n#top .hr.av-gpb54-0b9331288c16005f513f6ddfe66d7902{\nmargin-top:20px;\nmargin-bottom:15px;\n}\n.hr.av-gpb54-0b9331288c16005f513f6ddfe66d7902 .hr-inner{\nwidth:50px;\nborder-color:rgba(255,255,255,0.7);\n}\n<\/style>\n<div  class='hr av-gpb54-0b9331288c16005f513f6ddfe66d7902 hr-custom  avia-builder-el-33  el_after_av_heading  avia-builder-el-last  hr-center hr-icon-no'><span class='hr-inner inner-border-av-border-thin'><span class=\"hr-inner-style\"><\/span><\/span><\/div>\n\n<div id='nos-prestations' class='av-masonry av-bbm5c-194e677b55db2aedf56bc2a2de03499a noHover av-fixed-size av-large-gap av-hover-overlay-active av-masonry-animation-active av-masonry-col-4 av-caption-always av-caption-style-overlay av-masonry-gallery '><div class=\"av-masonry-container isotope av-js-disabled\"><div class='av-masonry-entry isotope-item av-masonry-item-no-image '><\/div><a href=\"https:\/\/www.wbtoitconcept.fr\/renovation-energetique\/\"  aria-label=\"image R\u00c9NOVATION \u00c9NERG\u00c9TIQUE DE TOITURE\"  id='av-masonry-1-item-1422' data-av-masonry-item='1422' class='av-masonry-entry isotope-item post-1422 attachment type-attachment status-inherit hentry  av-masonry-item-with-image' title=\"R\u00c9NOVATION \u00c9NERG\u00c9TIQUE DE TOITURE\" alt=\"R\u00c9NOVATION \u00c9NERG\u00c9TIQUE DE TOITURE RGE\"  data-av-masonry-custom-link=\"https:\/\/www.wbtoitconcept.fr\/renovation-energetique\/\"  itemprop=\"thumbnailUrl\" ><div class='av-inner-masonry-sizer'><\/div><figure class='av-inner-masonry main_color'><div class=\"av-masonry-outerimage-container\"><div class='av-masonry-image-container' style=\"background-image: url(https:\/\/www.wbtoitconcept.fr\/wp-content\/uploads\/2022\/11\/renovation-energetique-nevache-705x471.jpeg);\"  title=\"R\u00c9NOVATION \u00c9NERG\u00c9TIQUE DE TOITURE\"   alt=\"R\u00c9NOVATION \u00c9NERG\u00c9TIQUE DE TOITURE RGE\" ><\/div><\/div><figcaption class='av-inner-masonry-content site-background'><div class='av-inner-masonry-content-pos'><div class='av-inner-masonry-content-pos-content'><div class='avia-arrow'><\/div><h3 class='av-masonry-entry-title entry-title '  itemprop=\"headline\" >R\u00c9NOVATION \u00c9NERG\u00c9TIQUE DE TOITURE<\/h3><\/div><\/div><\/figcaption><\/figure><\/a><!--end av-masonry entry--><a href=\"https:\/\/www.wbtoitconcept.fr\/revetements-de-toiture-cool-roof-blanc\/\"  aria-label=\"image Rev\u00eatements de Toiture anti chaleur  \u00ab Cool Roof \u00bb blanc ou teint\u00e9e\"  id='av-masonry-1-item-1605' data-av-masonry-item='1605' class='av-masonry-entry isotope-item post-1605 attachment type-attachment status-inherit hentry  av-masonry-item-with-image' title=\"Rev\u00eatements de Toiture anti chaleur  \u00ab Cool Roof \u00bb blanc ou teint\u00e9e\" alt=\"\"  data-av-masonry-custom-link=\"https:\/\/www.wbtoitconcept.fr\/revetements-de-toiture-cool-roof-blanc\/\"  itemprop=\"thumbnailUrl\" ><div class='av-inner-masonry-sizer'><\/div><figure class='av-inner-masonry main_color'><div class=\"av-masonry-outerimage-container\"><div class='av-masonry-image-container' style=\"background-image: url(https:\/\/www.wbtoitconcept.fr\/wp-content\/uploads\/2023\/09\/340133_966377-705x618.webp);\"  title=\"Rev\u00eatements de Toiture anti chaleur  \u00ab Cool Roof \u00bb blanc ou teint\u00e9e\"  ><\/div><\/div><figcaption class='av-inner-masonry-content site-background'><div class='av-inner-masonry-content-pos'><div class='av-inner-masonry-content-pos-content'><div class='avia-arrow'><\/div><h3 class='av-masonry-entry-title entry-title '  itemprop=\"headline\" >Rev\u00eatements de Toiture anti chaleur  \u00ab Cool Roof \u00bb blanc ou teint\u00e9e<\/h3><\/div><\/div><\/figcaption><\/figure><\/a><!--end av-masonry entry--><a href=\"https:\/\/www.wbtoitconcept.fr\/peinture-de-toiture\/\"  aria-label=\"image R\u00e9sine\/Hydrofuge color\u00e9\"  id='av-masonry-1-item-1029' data-av-masonry-item='1029' class='av-masonry-entry isotope-item post-1029 attachment type-attachment status-inherit hentry  av-masonry-item-with-image' title=\"R\u00e9sine\/Hydrofuge color\u00e9\" alt=\"R\u00e9sine d&#039;\u00e9tanch\u00e9it\u00e9 Hydrofuge color\u00e9 Perpignan artisan couvreur\"  data-av-masonry-custom-link=\"https:\/\/www.wbtoitconcept.fr\/peinture-de-toiture\/\"  itemprop=\"thumbnailUrl\" ><div class='av-inner-masonry-sizer'><\/div><figure class='av-inner-masonry main_color'><div class=\"av-masonry-outerimage-container\"><div class='av-masonry-image-container' style=\"background-image: url(https:\/\/www.wbtoitconcept.fr\/wp-content\/uploads\/2021\/09\/Hydrofuge-colore-Perpignan-artisan-couvreur-705x529.jpeg);\"  title=\"R\u00e9sine\/Hydrofuge color\u00e9\"   alt=\"R\u00e9sine d&#039;\u00e9tanch\u00e9it\u00e9 Hydrofuge color\u00e9 Perpignan artisan couvreur\" ><\/div><\/div><figcaption class='av-inner-masonry-content site-background'><div class='av-inner-masonry-content-pos'><div class='av-inner-masonry-content-pos-content'><div class='avia-arrow'><\/div><h3 class='av-masonry-entry-title entry-title '  itemprop=\"headline\" >R\u00e9sine\/Hydrofuge color\u00e9<\/h3><\/div><\/div><\/figcaption><\/figure><\/a><!--end av-masonry entry--><a href=\"https:\/\/www.wbtoitconcept.fr\/reparation-de-toiture\/\"  aria-label=\"image Remplacement de toiture dans toute la r\u00e9gion de Perpignan\"  id='av-masonry-1-item-1237' data-av-masonry-item='1237' class='av-masonry-entry isotope-item post-1237 attachment type-attachment status-inherit hentry  av-masonry-item-with-image' title=\"Remplacement de toiture dans toute la r\u00e9gion de Perpignan\" alt=\"\"  data-av-masonry-custom-link=\"https:\/\/www.wbtoitconcept.fr\/reparation-de-toiture\/\"  itemprop=\"thumbnailUrl\" ><div class='av-inner-masonry-sizer'><\/div><figure class='av-inner-masonry main_color'><div class=\"av-masonry-outerimage-container\"><div class='av-masonry-image-container' style=\"background-image: url(https:\/\/www.wbtoitconcept.fr\/wp-content\/uploads\/2021\/09\/Remplacement-de-toiture-au-metre-carre-705x529.jpeg);\"  title=\"Remplacement de toiture dans toute la r\u00e9gion de Perpignan\"  ><\/div><\/div><figcaption class='av-inner-masonry-content site-background'><div class='av-inner-masonry-content-pos'><div class='av-inner-masonry-content-pos-content'><div class='avia-arrow'><\/div><h3 class='av-masonry-entry-title entry-title '  itemprop=\"headline\" >Remplacement de toiture dans toute la r\u00e9gion de Perpignan<\/h3><\/div><\/div><\/figcaption><\/figure><\/a><!--end av-masonry entry--><a href=\"https:\/\/www.wbtoitconcept.fr\/nettoyage-de-toiture\/\"  aria-label=\"image D\u00e9moussage et nettoyage de toiture \u00e0 Perpignan\"  id='av-masonry-1-item-1092' data-av-masonry-item='1092' class='av-masonry-entry isotope-item post-1092 attachment type-attachment status-inherit hentry  av-masonry-item-with-image' title=\"D\u00e9moussage et nettoyage de toiture \u00e0 Perpignan\" alt=\"D\u00e9moussage et nettoyage de toiture \u00e0 Perpignan\"  data-av-masonry-custom-link=\"https:\/\/www.wbtoitconcept.fr\/nettoyage-de-toiture\/\"  itemprop=\"thumbnailUrl\" ><div class='av-inner-masonry-sizer'><\/div><figure class='av-inner-masonry main_color'><div class=\"av-masonry-outerimage-container\"><div class='av-masonry-image-container' style=\"background-image: url(https:\/\/www.wbtoitconcept.fr\/wp-content\/uploads\/2021\/09\/Traitement-anti-mousse-nettoyage-de-toiture-Argeles-sur-mer-WB-toit-concept--705x529.jpg);\"  title=\"D\u00e9moussage et nettoyage de toiture \u00e0 Perpignan\"   alt=\"D\u00e9moussage et nettoyage de toiture \u00e0 Perpignan\" ><\/div><\/div><figcaption class='av-inner-masonry-content site-background'><div class='av-inner-masonry-content-pos'><div class='av-inner-masonry-content-pos-content'><div class='avia-arrow'><\/div><h3 class='av-masonry-entry-title entry-title '  itemprop=\"headline\" >D\u00e9moussage et nettoyage de toiture \u00e0 Perpignan<\/h3><\/div><\/div><\/figcaption><\/figure><\/a><!--end av-masonry entry--><a href=\"https:\/\/www.wbtoitconcept.fr\/entretien-de-toiture\/\"  aria-label=\"image Traitement et entretien de Toiture dans toute l&rsquo;Occitanie (66)\"  id='av-masonry-1-item-1084' data-av-masonry-item='1084' class='av-masonry-entry isotope-item post-1084 attachment type-attachment status-inherit hentry  av-masonry-item-with-image' title=\"Traitement et entretien de Toiture dans toute l&rsquo;Occitanie (66)\" alt=\"Projection d&#039;anti mousse WB toit concept\"  data-av-masonry-custom-link=\"https:\/\/www.wbtoitconcept.fr\/entretien-de-toiture\/\"  itemprop=\"thumbnailUrl\" ><div class='av-inner-masonry-sizer'><\/div><figure class='av-inner-masonry main_color'><div class=\"av-masonry-outerimage-container\"><div class='av-masonry-image-container' style=\"background-image: url(https:\/\/www.wbtoitconcept.fr\/wp-content\/uploads\/2021\/09\/Projection-danti-mousse-WB-toit-concept-705x528.jpg);\"  title=\"Traitement et entretien de Toiture dans toute l&rsquo;Occitanie (66)\"   alt=\"Projection d&#039;anti mousse WB toit concept\" ><\/div><\/div><figcaption class='av-inner-masonry-content site-background'><div class='av-inner-masonry-content-pos'><div class='av-inner-masonry-content-pos-content'><div class='avia-arrow'><\/div><h3 class='av-masonry-entry-title entry-title '  itemprop=\"headline\" >Traitement et entretien de Toiture dans toute l&rsquo;Occitanie (66)<\/h3><\/div><\/div><\/figcaption><\/figure><\/a><!--end av-masonry entry--><a href=\"https:\/\/www.wbtoitconcept.fr\/ravalement-et-peinture-de-facade\/\"  aria-label=\"image Peinture et ravalement de fa\u00e7ade\"  id='av-masonry-1-item-1780' data-av-masonry-item='1780' class='av-masonry-entry isotope-item post-1780 attachment type-attachment status-inherit hentry  av-masonry-item-with-image' title=\"Peinture et ravalement de fa\u00e7ade\" alt=\"Peinture et ravalement de fa\u00e7ade \u00e0 Perpignan Occitanie\"  data-av-masonry-custom-link=\"https:\/\/www.wbtoitconcept.fr\/ravalement-et-peinture-de-facade\/\"  itemprop=\"thumbnailUrl\" ><div class='av-inner-masonry-sizer'><\/div><figure class='av-inner-masonry main_color'><div class=\"av-masonry-outerimage-container\"><div class='av-masonry-image-container' style=\"background-image: url(https:\/\/www.wbtoitconcept.fr\/wp-content\/uploads\/2024\/03\/Peinture-facade-renovation-artisan-peintre.heic);\"  title=\"Peinture et ravalement de fa\u00e7ade\"   alt=\"Peinture et ravalement de fa\u00e7ade \u00e0 Perpignan Occitanie\" ><\/div><\/div><figcaption class='av-inner-masonry-content site-background'><div class='av-inner-masonry-content-pos'><div class='av-inner-masonry-content-pos-content'><div class='avia-arrow'><\/div><h3 class='av-masonry-entry-title entry-title '  itemprop=\"headline\" >Peinture et ravalement de fa\u00e7ade<\/h3><\/div><\/div><\/figcaption><\/figure><\/a><!--end av-masonry entry--><a href=\"https:\/\/www.wbtoitconcept.fr\/installation-de-velux\/\"  aria-label=\"image Fen\u00eatre de toit Velux\"  id='av-masonry-1-item-1750' data-av-masonry-item='1750' class='av-masonry-entry isotope-item post-1750 attachment type-attachment status-inherit hentry  av-masonry-item-with-image' title=\"Fen\u00eatre de toit Velux\" alt=\"Installation de fen\u00eatre de toit, Velux \u00e0 Perpignan\"  data-av-masonry-custom-link=\"https:\/\/www.wbtoitconcept.fr\/installation-de-velux\/\"  itemprop=\"thumbnailUrl\" ><div class='av-inner-masonry-sizer'><\/div><figure class='av-inner-masonry main_color'><div class=\"av-masonry-outerimage-container\"><div class='av-masonry-image-container' style=\"background-image: url(https:\/\/www.wbtoitconcept.fr\/wp-content\/uploads\/2024\/03\/IMG_3210-529x705.jpg);\"  title=\"Fen\u00eatre de toit Velux\"   alt=\"Installation de fen\u00eatre de toit, Velux \u00e0 Perpignan\" ><\/div><\/div><figcaption class='av-inner-masonry-content site-background'><div class='av-inner-masonry-content-pos'><div class='av-inner-masonry-content-pos-content'><div class='avia-arrow'><\/div><h3 class='av-masonry-entry-title entry-title '  itemprop=\"headline\" >Fen\u00eatre de toit Velux<\/h3><\/div><\/div><\/figcaption><\/figure><\/a><!--end av-masonry entry--><a href=\"https:\/\/www.wbtoitconcept.fr\/gouttiere\/\"  aria-label=\"image Installation de Gouttiere\"  id='av-masonry-1-item-1625' data-av-masonry-item='1625' class='av-masonry-entry isotope-item post-1625 attachment type-attachment status-inherit hentry  av-masonry-item-with-image' title=\"Installation de Gouttiere\" alt=\"Installation de goutti\u00e8re PVC, zinc, aluminium\"  data-av-masonry-custom-link=\"https:\/\/www.wbtoitconcept.fr\/gouttiere\/\"  itemprop=\"thumbnailUrl\" ><div class='av-inner-masonry-sizer'><\/div><figure class='av-inner-masonry main_color'><div class=\"av-masonry-outerimage-container\"><div class='av-masonry-image-container' style=\"background-image: url(https:\/\/www.wbtoitconcept.fr\/wp-content\/uploads\/2024\/03\/installation-de-gouttiere-laroque-des-albertDJI_0178-705x397.jpg);\"  title=\"Installation de Gouttiere\"   alt=\"Installation de goutti\u00e8re PVC, zinc, aluminium\" ><\/div><\/div><figcaption class='av-inner-masonry-content site-background'><div class='av-inner-masonry-content-pos'><div class='av-inner-masonry-content-pos-content'><div class='avia-arrow'><\/div><h3 class='av-masonry-entry-title entry-title '  itemprop=\"headline\" >Installation de Gouttiere<\/h3><\/div><\/div><\/figcaption><\/figure><\/a><!--end av-masonry entry--><a href=\"https:\/\/www.wbtoitconcept.fr\/nettoyage-de-facade\/\"  aria-label=\"image Nettoyage et traitement des fa\u00e7ades\"  id='av-masonry-1-item-1124' data-av-masonry-item='1124' class='av-masonry-entry isotope-item post-1124 attachment type-attachment status-inherit hentry  av-masonry-item-with-image' title=\"Nettoyage et traitement des fa\u00e7ades\" alt=\"Ravalement et peinture de fa\u00e7ade \u00e0 Perpignan et alentours\"  data-av-masonry-custom-link=\"https:\/\/www.wbtoitconcept.fr\/nettoyage-de-facade\/\"  itemprop=\"thumbnailUrl\" ><div class='av-inner-masonry-sizer'><\/div><figure class='av-inner-masonry main_color'><div class=\"av-masonry-outerimage-container\"><div class='av-masonry-image-container' style=\"background-image: url(https:\/\/www.wbtoitconcept.fr\/wp-content\/uploads\/2021\/09\/IMG_6751-529x705.jpeg);\"  title=\"Nettoyage et traitement des fa\u00e7ades\"   alt=\"Ravalement et peinture de fa\u00e7ade \u00e0 Perpignan et alentours\" ><\/div><\/div><figcaption class='av-inner-masonry-content site-background'><div class='av-inner-masonry-content-pos'><div class='av-inner-masonry-content-pos-content'><div class='avia-arrow'><\/div><h3 class='av-masonry-entry-title entry-title '  itemprop=\"headline\" >Nettoyage et traitement des fa\u00e7ades<\/h3><\/div><\/div><\/figcaption><\/figure><\/a><!--end av-masonry entry--><a href=\"https:\/\/www.wbtoitconcept.fr\/sos-infiltration\/\"  aria-label=\"image SOS infiltration\"  id='av-masonry-1-item-1783' data-av-masonry-item='1783' class='av-masonry-entry isotope-item post-1783 attachment type-attachment status-inherit hentry  av-masonry-item-with-image' title=\"SOS infiltration\" alt=\"SOS infiltration\"  data-av-masonry-custom-link=\"https:\/\/www.wbtoitconcept.fr\/sos-infiltration\/\"  itemprop=\"thumbnailUrl\" ><div class='av-inner-masonry-sizer'><\/div><figure class='av-inner-masonry main_color'><div class=\"av-masonry-outerimage-container\"><div class='av-masonry-image-container' style=\"background-image: url(https:\/\/www.wbtoitconcept.fr\/wp-content\/uploads\/2024\/03\/IMG_3536-529x705.jpg);\"  title=\"SOS infiltration\"   alt=\"SOS infiltration\" ><\/div><\/div><figcaption class='av-inner-masonry-content site-background'><div class='av-inner-masonry-content-pos'><div class='av-inner-masonry-content-pos-content'><div class='avia-arrow'><\/div><h3 class='av-masonry-entry-title entry-title '  itemprop=\"headline\" >SOS infiltration<\/h3><\/div><\/div><\/figcaption><\/figure><\/a><!--end av-masonry entry--><\/div><\/div>\n\n<style type=\"text\/css\" data-created_by=\"avia_inline_auto\" id=\"style-css-av-1stxdc-0c38129900a85b77bfd3780d61e9e14b\">\n.avia-section.av-1stxdc-0c38129900a85b77bfd3780d61e9e14b{\nbackground-repeat:no-repeat;\nbackground-image:url(https:\/\/www.wbtoitconcept.fr\/wp-content\/uploads\/2022\/11\/isocombo-sarking-unilin.jpg);\nbackground-position:50% 50%;\nbackground-attachment:scroll;\n}\n<\/style>\n<div id='av_section_5'  class='avia-section av-1stxdc-0c38129900a85b77bfd3780d61e9e14b main_color avia-section-large avia-no-border-styling  avia-builder-el-35  el_after_av_masonry_gallery  avia-builder-el-last  avia-full-stretch avia-bg-style-scroll container_wrap fullsize'  data-section-bg-repeat='stretch'><div class='container av-section-cont-open' ><div class='template-page content  av-content-full alpha units'><div class='post-entry post-entry-type-page post-entry-696'><div class='entry-content-wrapper clearfix'>\n\n<style type=\"text\/css\" data-created_by=\"avia_inline_auto\" id=\"style-css-av-1l60i0-02d191bc76715ab980acceaefc0764dd\">\n.flex_column.av-1l60i0-02d191bc76715ab980acceaefc0764dd{\npadding:3% 3% 3% 3%;\nbackground-color:rgba(255,255,255,0.8);\n}\n<\/style>\n<div class='flex_column av-1l60i0-02d191bc76715ab980acceaefc0764dd av_one_full  avia-builder-el-36  avia-builder-el-no-sibling  first flex_column_div '     ><section  class='av_textblock_section av-1f21io-df55c04827ff1804a0e6ef70c993790b'  itemscope=\"itemscope\" itemtype=\"https:\/\/schema.org\/CreativeWork\" ><div class='avia_textblock'  itemprop=\"text\" ><h3 style=\"text-align: center;\">FAQ<\/h3>\n<\/div><\/section><br \/>\n\n<style type=\"text\/css\" data-created_by=\"avia_inline_auto\" id=\"style-css-av-16hw5k-7e2afba56c5b9ae6f65381ec69b89c03\">\n#top .togglecontainer.av-16hw5k-7e2afba56c5b9ae6f65381ec69b89c03 p.toggler .toggle_icon{\ncolor:#b02b2c;\nborder-color:#b02b2c;\n}\n#top .togglecontainer.av-16hw5k-7e2afba56c5b9ae6f65381ec69b89c03 p.toggler .toggle_icon > span{\ncolor:#b02b2c;\nborder-color:#b02b2c;\n}\n<\/style>\n<div  class='togglecontainer av-16hw5k-7e2afba56c5b9ae6f65381ec69b89c03 av-elegant-toggle  avia-builder-el-38  el_after_av_textblock  avia-builder-el-last  toggle_close_all' >\n<section class='av_toggle_section av-12mm9k-17aa3c0b3c38cb3f7b8065b624c0920f'  itemscope=\"itemscope\" itemtype=\"https:\/\/schema.org\/CreativeWork\" ><div role=\"tablist\" class=\"single_toggle\" data-tags=\"{Tout} \"  ><p data-fake-id='#toggle-id-1' class='toggler   '  itemprop=\"headline\"  role='tab' tabindex='0' aria-controls='toggle-id-1'>Une \u00e9quipe d\u2019artisan \u00e0 votre \u00e9coute<span class=\"toggle_icon\"><span class=\"vert_icon\"><\/span><span class=\"hor_icon\"><\/span><\/span><\/p><div id='toggle-id-1' class='toggle_wrap  '  ><div class='toggle_content invers-color '  itemprop=\"text\" ><p>Notre entreprise vous propose ses services d\u2019<strong>installation, de r\u00e9paration et d\u2019entretien de velux<\/strong>\u00a0\u00e0 Perpignan et ses alentours. Ces fen\u00eatres ont un syst\u00e8me ing\u00e9nieux pour vous apporter davantage de lumi\u00e8re et de chaleur dans les pi\u00e8ces situ\u00e9es sous le toit. Effectivement, selon la hauteur de plafond ou encore de leurs emplacements, certains endroits de votre maison ou appartement peuvent ne pas donner vers l\u2019ext\u00e9rieur. Pour leur donner un peu plus de vie et acc\u00e9der aux rayons du soleil, installer un velux est une tr\u00e8s bonne solution. Nos artisans sont form\u00e9s \u00e0 la pose de fen\u00eatres de toit, mais aussi \u00e0 la r\u00e9paration et \u00e0 l\u2019entretien de ces derni\u00e8res.<\/p>\n<p>L\u2019<strong>installation de fen\u00eatres de toit<\/strong>\u00a0est diff\u00e9rente de celle des fen\u00eatres classiques. Chez WBTOITCONCEPT, nous avons pour habitude de nous occuper de l\u2019installation et de la r\u00e9novation de toitures, c\u2019est pourquoi nos artisans sont aussi des experts en mati\u00e8re de velux.<\/p>\n<p>Apr\u00e8s un \u00e9tat des lieux rapide et apr\u00e8s avoir \u00e9cout\u00e9 vos besoins et envies, ils vous proposeront le\u00a0<strong>mod\u00e8le de velux le plus adapt\u00e9 \u00e0 votre toit<\/strong>. De cette fa\u00e7on, vos futures fen\u00eatres se camoufleront, voire embelliront votre toiture, tout en s\u2019accordant au style de votre chez vous. La lumi\u00e8re naturelle ext\u00e9rieure n\u2019aura plus qu\u2019\u00e0 envahir votre int\u00e9rieur !<\/p>\n<\/div><\/div><\/div><\/section>\n<section class='av_toggle_section av-zffns-bc1885cf3e5dcc7c72362d99f1c73213'  itemscope=\"itemscope\" itemtype=\"https:\/\/schema.org\/CreativeWork\" ><div role=\"tablist\" class=\"single_toggle\" data-tags=\"{Tout} \"  ><p data-fake-id='#toggle-id-2' class='toggler   '  itemprop=\"headline\"  role='tab' tabindex='0' aria-controls='toggle-id-2'>Installation de velux de qualit\u00e9 en Occitanie<span class=\"toggle_icon\"><span class=\"vert_icon\"><\/span><span class=\"hor_icon\"><\/span><\/span><\/p><div id='toggle-id-2' class='toggle_wrap  '  ><div class='toggle_content invers-color '  itemprop=\"text\" ><p>Si vous avez besoin de lumi\u00e8re naturelle pour vous sentir \u00e0 l\u2019aise dans votre habitation, alors n\u2019h\u00e9sitez plus et faites installer des velux chez vous. En plus de permettre \u00e0 vos pi\u00e8ces d\u2019<strong>augmenter en luminosit\u00e9<\/strong>, elles deviennent plus chaudes gr\u00e2ce aux rayons UV. \u00c0 l\u2019inverse, un autre avantage est de pouvoir a\u00e9rer plus facilement votre int\u00e9rieur et de faire circuler l\u2019air.<\/p>\n<p>Vous verrez une r\u00e9elle diff\u00e9rence sur votre facture d\u2019\u00e9nergie et sur votre bien-\u00eatre lorsque vous \u00eates dans ces pi\u00e8ces. Une fois install\u00e9es, nous nous chargeons de\u00a0<strong>r\u00e9parer et d\u2019entretenir vos velux<\/strong>\u00a0si besoin. Gr\u00e2ce \u00e0 ces fen\u00eatres de toit, vous pourrez totalement changer l\u2019atmosph\u00e8re de vos pi\u00e8ces les plus sombres.<\/p>\n<\/div><\/div><\/div><\/section>\n<section class='av_toggle_section av-rwys0-3d66e838526cf286f4732aee11c44a13'  itemscope=\"itemscope\" itemtype=\"https:\/\/schema.org\/CreativeWork\" ><div role=\"tablist\" class=\"single_toggle\" data-tags=\"{Tout} \"  ><p data-fake-id='#toggle-id-3' class='toggler   '  itemprop=\"headline\"  role='tab' tabindex='0' aria-controls='toggle-id-3'>Apportez de la lumi\u00e8re dans votre int\u00e9rieur avec des velux<span class=\"toggle_icon\"><span class=\"vert_icon\"><\/span><span class=\"hor_icon\"><\/span><\/span><\/p><div id='toggle-id-3' class='toggle_wrap  '  ><div class='toggle_content invers-color '  itemprop=\"text\" ><p>Il est possible qu\u2019en fonction de l\u2019orientation de votre habitation ou l\u2019agencement de votre int\u00e9rieur certaines de vos pi\u00e8ces soient davantage dans la p\u00e9nombre que les autres. Une chambre sous le toit, une cuisine c\u00f4t\u00e9 nord ou encore l\u2019impossibilit\u00e9 d\u2019installer des fen\u00eatres classiques peut vous motiver \u00e0 choisir la pose de velux. Chez WBTOITCONCEPT,\u00a0<a title=\"WBTOITCONCEPT, entreprise de r\u00e9novation d\u2019habitat \u00e0 Perpignan\" href=\"https:\/\/www.wbtoitconcept.fr\/\"><strong>entreprise de r\u00e9novation d\u2019habitat \u00e0 Perpignan<\/strong><\/a>\u00a0nous vous conseillons sur le choix du velux (manuelle ou motoris\u00e9e, store, vitrage) et le type d\u2019ouverture.<\/p>\n<p>Ces fen\u00eatres de toit sont id\u00e9ales pour\u00a0<strong>apporter davantage de lumi\u00e8re \u00e0 vos pi\u00e8ces<\/strong>, et pour cause elles en fournissent 40% de plus qu\u2019une lucarne. Il existe m\u00eame des puits de lumi\u00e8re qui sont adapt\u00e9s aux petites pi\u00e8ces comme les salles de bains ou les couloirs. Ce conduit laisse passer tout autant de lumi\u00e8re m\u00eame s\u2019il ne peut pas \u00eatre ouvert comme une fen\u00eatre.<\/p>\n<p>Avec le savoir-faire de WBTOITCONCEPT, vos pi\u00e8ces seront embellies par la pose de velux. Si vous vous trouvez dans la\u00a0<strong>r\u00e9gion de Perpignan<\/strong>, ne cherchez plus, nous sommes les experts en la mati\u00e8re !<\/p>\n<\/div><\/div><\/div><\/section>\n<\/div><\/p><\/div>\n\n","protected":false},"excerpt":{"rendered":"","protected":false},"author":1,"featured_media":0,"parent":0,"menu_order":0,"comment_status":"closed","ping_status":"closed","template":"","meta":{"footnotes":""},"class_list":["post-696","page","type-page","status-publish","hentry"],"yoast_head":"<!-- This site is optimized with the Yoast SEO plugin v27.3 - https:\/\/yoast.com\/product\/yoast-seo-wordpress\/ -->\n<title>Installation\/remplacement de Velux \u00e0 Perpignan \u2013 WB Toit Concept<\/title>\n<meta name=\"description\" content=\"Installation de Velux \u00e0 Perpignan avec WB Toit Concept : fen\u00eatres de toit, confort thermique, lumi\u00e8re naturelle et isolation ma\u00eetris\u00e9e.\" \/>\n<meta name=\"robots\" content=\"index, follow, max-snippet:-1, max-image-preview:large, max-video-preview:-1\" \/>\n<link rel=\"canonical\" href=\"https:\/\/www.wbtoitconcept.fr\/installation-replacement-de-velux-fenetre-de-toit-perpignan\/\" \/>\n<meta property=\"og:locale\" content=\"fr_FR\" \/>\n<meta property=\"og:type\" content=\"article\" \/>\n<meta property=\"og:title\" content=\"Installation\/remplacement de Velux \u00e0 Perpignan \u2013 WB Toit Concept\" \/>\n<meta property=\"og:description\" content=\"Installation de Velux \u00e0 Perpignan avec WB Toit Concept : fen\u00eatres de toit, confort thermique, lumi\u00e8re naturelle et isolation ma\u00eetris\u00e9e.\" \/>\n<meta property=\"og:url\" content=\"https:\/\/www.wbtoitconcept.fr\/installation-replacement-de-velux-fenetre-de-toit-perpignan\/\" \/>\n<meta property=\"og:site_name\" content=\"WB Toit Concept\" \/>\n<meta property=\"article:modified_time\" content=\"2025-05-02T16:51:19+00:00\" \/>\n<meta name=\"twitter:card\" content=\"summary_large_image\" \/>\n<meta name=\"twitter:label1\" content=\"Dur\u00e9e de lecture estim\u00e9e\" \/>\n\t<meta name=\"twitter:data1\" content=\"14 minutes\" \/>\n<script type=\"application\/ld+json\" class=\"yoast-schema-graph\">{\"@context\":\"https:\\\/\\\/schema.org\",\"@graph\":[{\"@type\":\"WebPage\",\"@id\":\"https:\\\/\\\/www.wbtoitconcept.fr\\\/installation-replacement-de-velux-fenetre-de-toit-perpignan\\\/\",\"url\":\"https:\\\/\\\/www.wbtoitconcept.fr\\\/installation-replacement-de-velux-fenetre-de-toit-perpignan\\\/\",\"name\":\"Installation\\\/remplacement de Velux \u00e0 Perpignan \u2013 WB Toit Concept\",\"isPartOf\":{\"@id\":\"https:\\\/\\\/www.wbtoitconcept.fr\\\/#website\"},\"datePublished\":\"2019-04-01T14:46:13+00:00\",\"dateModified\":\"2025-05-02T16:51:19+00:00\",\"description\":\"Installation de Velux \u00e0 Perpignan avec WB Toit Concept : fen\u00eatres de toit, confort thermique, lumi\u00e8re naturelle et isolation ma\u00eetris\u00e9e.\",\"breadcrumb\":{\"@id\":\"https:\\\/\\\/www.wbtoitconcept.fr\\\/installation-replacement-de-velux-fenetre-de-toit-perpignan\\\/#breadcrumb\"},\"inLanguage\":\"fr-FR\",\"potentialAction\":[{\"@type\":\"ReadAction\",\"target\":[\"https:\\\/\\\/www.wbtoitconcept.fr\\\/installation-replacement-de-velux-fenetre-de-toit-perpignan\\\/\"]}]},{\"@type\":\"BreadcrumbList\",\"@id\":\"https:\\\/\\\/www.wbtoitconcept.fr\\\/installation-replacement-de-velux-fenetre-de-toit-perpignan\\\/#breadcrumb\",\"itemListElement\":[{\"@type\":\"ListItem\",\"position\":1,\"name\":\"Accueil\",\"item\":\"https:\\\/\\\/www.wbtoitconcept.fr\\\/\"},{\"@type\":\"ListItem\",\"position\":2,\"name\":\"Installation de velux\"}]},{\"@type\":\"WebSite\",\"@id\":\"https:\\\/\\\/www.wbtoitconcept.fr\\\/#website\",\"url\":\"https:\\\/\\\/www.wbtoitconcept.fr\\\/\",\"name\":\"WB Toit Concept\",\"description\":\"Sp\u00e9cialiste des travaux de toiture et de fa\u00e7ade\",\"potentialAction\":[{\"@type\":\"SearchAction\",\"target\":{\"@type\":\"EntryPoint\",\"urlTemplate\":\"https:\\\/\\\/www.wbtoitconcept.fr\\\/?s={search_term_string}\"},\"query-input\":{\"@type\":\"PropertyValueSpecification\",\"valueRequired\":true,\"valueName\":\"search_term_string\"}}],\"inLanguage\":\"fr-FR\"}]}<\/script>\n<!-- \/ Yoast SEO plugin. -->","yoast_head_json":{"title":"Installation\/remplacement de Velux \u00e0 Perpignan \u2013 WB Toit Concept","description":"Installation de Velux \u00e0 Perpignan avec WB Toit Concept : fen\u00eatres de toit, confort thermique, lumi\u00e8re naturelle et isolation ma\u00eetris\u00e9e.","robots":{"index":"index","follow":"follow","max-snippet":"max-snippet:-1","max-image-preview":"max-image-preview:large","max-video-preview":"max-video-preview:-1"},"canonical":"https:\/\/www.wbtoitconcept.fr\/installation-replacement-de-velux-fenetre-de-toit-perpignan\/","og_locale":"fr_FR","og_type":"article","og_title":"Installation\/remplacement de Velux \u00e0 Perpignan \u2013 WB Toit Concept","og_description":"Installation de Velux \u00e0 Perpignan avec WB Toit Concept : fen\u00eatres de toit, confort thermique, lumi\u00e8re naturelle et isolation ma\u00eetris\u00e9e.","og_url":"https:\/\/www.wbtoitconcept.fr\/installation-replacement-de-velux-fenetre-de-toit-perpignan\/","og_site_name":"WB Toit Concept","article_modified_time":"2025-05-02T16:51:19+00:00","twitter_card":"summary_large_image","twitter_misc":{"Dur\u00e9e de lecture estim\u00e9e":"14 minutes"},"schema":{"@context":"https:\/\/schema.org","@graph":[{"@type":"WebPage","@id":"https:\/\/www.wbtoitconcept.fr\/installation-replacement-de-velux-fenetre-de-toit-perpignan\/","url":"https:\/\/www.wbtoitconcept.fr\/installation-replacement-de-velux-fenetre-de-toit-perpignan\/","name":"Installation\/remplacement de Velux \u00e0 Perpignan \u2013 WB Toit Concept","isPartOf":{"@id":"https:\/\/www.wbtoitconcept.fr\/#website"},"datePublished":"2019-04-01T14:46:13+00:00","dateModified":"2025-05-02T16:51:19+00:00","description":"Installation de Velux \u00e0 Perpignan avec WB Toit Concept : fen\u00eatres de toit, confort thermique, lumi\u00e8re naturelle et isolation ma\u00eetris\u00e9e.","breadcrumb":{"@id":"https:\/\/www.wbtoitconcept.fr\/installation-replacement-de-velux-fenetre-de-toit-perpignan\/#breadcrumb"},"inLanguage":"fr-FR","potentialAction":[{"@type":"ReadAction","target":["https:\/\/www.wbtoitconcept.fr\/installation-replacement-de-velux-fenetre-de-toit-perpignan\/"]}]},{"@type":"BreadcrumbList","@id":"https:\/\/www.wbtoitconcept.fr\/installation-replacement-de-velux-fenetre-de-toit-perpignan\/#breadcrumb","itemListElement":[{"@type":"ListItem","position":1,"name":"Accueil","item":"https:\/\/www.wbtoitconcept.fr\/"},{"@type":"ListItem","position":2,"name":"Installation de velux"}]},{"@type":"WebSite","@id":"https:\/\/www.wbtoitconcept.fr\/#website","url":"https:\/\/www.wbtoitconcept.fr\/","name":"WB Toit Concept","description":"Sp\u00e9cialiste des travaux de toiture et de fa\u00e7ade","potentialAction":[{"@type":"SearchAction","target":{"@type":"EntryPoint","urlTemplate":"https:\/\/www.wbtoitconcept.fr\/?s={search_term_string}"},"query-input":{"@type":"PropertyValueSpecification","valueRequired":true,"valueName":"search_term_string"}}],"inLanguage":"fr-FR"}]}},"_links":{"self":[{"href":"https:\/\/www.wbtoitconcept.fr\/api\/wp\/v2\/pages\/696","targetHints":{"allow":["GET"]}}],"collection":[{"href":"https:\/\/www.wbtoitconcept.fr\/api\/wp\/v2\/pages"}],"about":[{"href":"https:\/\/www.wbtoitconcept.fr\/api\/wp\/v2\/types\/page"}],"author":[{"embeddable":true,"href":"https:\/\/www.wbtoitconcept.fr\/api\/wp\/v2\/users\/1"}],"replies":[{"embeddable":true,"href":"https:\/\/www.wbtoitconcept.fr\/api\/wp\/v2\/comments?post=696"}],"version-history":[{"count":24,"href":"https:\/\/www.wbtoitconcept.fr\/api\/wp\/v2\/pages\/696\/revisions"}],"predecessor-version":[{"id":2101,"href":"https:\/\/www.wbtoitconcept.fr\/api\/wp\/v2\/pages\/696\/revisions\/2101"}],"wp:attachment":[{"href":"https:\/\/www.wbtoitconcept.fr\/api\/wp\/v2\/media?parent=696"}],"curies":[{"name":"wp","href":"https:\/\/api.w.org\/{rel}","templated":true}]}}